{"id":697,"date":"2023-08-21T16:51:12","date_gmt":"2023-08-21T14:51:12","guid":{"rendered":"https:\/\/dev.vooruit.brussels\/?page_id=697"},"modified":"2025-09-29T15:38:19","modified_gmt":"2025-09-29T13:38:19","slug":"onze-realisaties","status":"publish","type":"page","link":"http:\/\/vooruit.brussels\/fr\/onze-realisaties\/","title":{"rendered":"Waarmee we bezig zijn"},"content":{"rendered":"<p>[et_pb_section fb_built=&#8221;1&#8243; _builder_version=&#8221;4.21.0&#8243; _module_preset=&#8221;default&#8221; global_colors_info=&#8221;{}&#8221;][et_pb_row _builder_version=&#8221;4.21.0&#8243; _module_preset=&#8221;default&#8221; custom_margin=&#8221;|auto||178px||&#8221; global_colors_info=&#8221;{}&#8221;][et_pb_column type=&#8221;4_4&#8243; _builder_version=&#8221;4.21.0&#8243; _module_preset=&#8221;default&#8221; global_colors_info=&#8221;{}&#8221;][et_pb_text _builder_version=&#8221;4.25.1&#8243; _module_preset=&#8221;default&#8221; text_font=&#8221;Circular Medium||||||||&#8221; text_line_height=&#8221;24px&#8221; header_font=&#8221;Circular Bold||||||||&#8221; header_font_size=&#8221;50px&#8221; header_line_height=&#8221;60px&#8221; header_2_font=&#8221;Circular Medium||||||||&#8221; header_2_line_height=&#8221;40px&#8221; hover_enabled=&#8221;0&#8243; global_colors_info=&#8221;{}&#8221; sticky_enabled=&#8221;0&#8243;]<\/p>\n<h1 class=\"p1\"><b>Waarmee we bezig zijn in Brussel<\/b><\/h1>\n<div><b><span lang=\"NL\"><\/span><\/b><\/div>\n<div><b><span lang=\"NL\">De afgelopen jaren hebben we keihard gewerkt aan een stad op mensenmaat. Brussels for people. Dat was niet altijd eenvoudig, maar we zijn er van overtuigd dat we \u2013 met veel duwen en trekken \u2013 een fundamentele kentering teweeg hebben gebracht in Brussel die niet kan worden teruggedraaid. <\/span><\/b><\/div>\n<div><\/div>\n<h2 class=\"p3\"><b><\/b><\/h2>\n<h2 class=\"p3\"><b><\/b><\/h2>\n<h2 class=\"p3\"><b><\/b><\/h2>\n<h2 class=\"p3\"><b><\/b><\/h2>\n<h2 class=\"p3\"><b><\/b><\/h2>\n<h2 class=\"p3\"><b><\/b><\/h2>\n<h2 class=\"p3\"><b><\/b><\/h2>\n<h2 class=\"p3\"><b><\/b><\/h2>\n<h2 class=\"p3\"><b><\/b><\/h2>\n<h2 class=\"p3\"><b><\/b><\/h2>\n<h2 class=\"p3\"><b><\/b><\/h2>\n<h2 class=\"p3\"><b><\/b><\/h2>\n<h2 class=\"p3\"><b><\/b><\/h2>\n<h2 class=\"p3\"><b><\/b><\/h2>\n<h2 class=\"p3\"><b><\/b><\/h2>\n<h2 class=\"p3\"><b><\/b><\/h2>\n<h2 class=\"p3\"><b>Prachtige pleinen en parken<\/b><\/h2>\n<p>Onze parken en pleinen zijn <strong>de tuinen en livings van de Brusselaars<\/strong>. Plekken om tot rust te komen, mensen te ontmoeten, te sporten en te spelen. We hebben de afgelopen jaren de stad getransformeerd door plekken waar de auto heerste om te vormen tot levendige parken en buurtpleintjes. En het beste moet nog komen, want er zitten nog heel wat projecten in de pipeline!<\/p>\n<p>[\/et_pb_text][\/et_pb_column][\/et_pb_row][et_pb_row column_structure=&#8221;1_2,1_2&#8243; _builder_version=&#8221;4.25.0&#8243; _module_preset=&#8221;default&#8221; global_colors_info=&#8221;{}&#8221;][et_pb_column type=&#8221;1_2&#8243; _builder_version=&#8221;4.21.0&#8243; _module_preset=&#8221;default&#8221; global_colors_info=&#8221;{}&#8221;][et_pb_slider use_bg_overlay=&#8221;off&#8221; _builder_version=&#8221;4.25.0&#8243; _module_preset=&#8221;default&#8221; background_color=&#8221;RGBA(255,255,255,0)&#8221; border_style_all_image=&#8221;none&#8221; global_colors_info=&#8221;{}&#8221;][et_pb_slide image=&#8221;https:\/\/vooruit.brussels\/wp-content\/uploads\/2024\/04\/7S9A0243.jpg&#8221; _builder_version=&#8221;4.25.0&#8243; _module_preset=&#8221;default&#8221; global_colors_info=&#8221;{}&#8221; sticky_transition=&#8221;on&#8221;][\/et_pb_slide][et_pb_slide image=&#8221;https:\/\/vooruit.brussels\/wp-content\/uploads\/2024\/04\/102621_7S9A7448.jpg&#8221; _builder_version=&#8221;4.25.0&#8243; _module_preset=&#8221;default&#8221; global_colors_info=&#8221;{}&#8221; sticky_transition=&#8221;on&#8221;][\/et_pb_slide][et_pb_slide image=&#8221;https:\/\/vooruit.brussels\/wp-content\/uploads\/2024\/04\/Park-tourtaxis.jpg&#8221; _builder_version=&#8221;4.25.0&#8243; _module_preset=&#8221;default&#8221; global_colors_info=&#8221;{}&#8221; sticky_transition=&#8221;on&#8221;][\/et_pb_slide][\/et_pb_slider][\/et_pb_column][et_pb_column type=&#8221;1_2&#8243; _builder_version=&#8221;4.21.0&#8243; _module_preset=&#8221;default&#8221; global_colors_info=&#8221;{}&#8221;][et_pb_text _builder_version=&#8221;4.21.0&#8243; _module_preset=&#8221;default&#8221; text_font=&#8221;Circular Medium||||||||&#8221; text_line_height=&#8221;24px&#8221; global_colors_info=&#8221;{}&#8221;]<\/p>\n<ul class=\"ul1\">\n<li>De verlaten spoorwegsite \u2018Thurn en Taxis\u2019 is nu een levendig park<\/li>\n<li>Een prachtig park aan de Ninoofsepoort<\/li>\n<li>Beco-park naast het kanaal<\/li>\n<li>Marsupilamiplein in Laken<\/li>\n<li>Fernand Cocqplein in Elsene<\/li>\n<li>Flageyplein in Elsene<\/li>\n<li>Jef Mennekensplein in Molenbeek<\/li>\n<li>Spiegelplein in Jette<\/li>\n<li>Kardinaal Mercierplein in Jette<\/li>\n<li>Voetgangerszone in het centrum<\/li>\n<\/ul>\n<p>[\/et_pb_text][\/et_pb_column][\/et_pb_row][\/et_pb_section][et_pb_section fb_built=&#8221;1&#8243; _builder_version=&#8221;4.21.0&#8243; _module_preset=&#8221;default&#8221; background_color=&#8221;#E7E0D7&#8243; global_colors_info=&#8221;{}&#8221;][et_pb_row _builder_version=&#8221;4.21.0&#8243; _module_preset=&#8221;default&#8221; background_color=&#8221;#E7E0D7&#8243; global_colors_info=&#8221;{}&#8221;][et_pb_column type=&#8221;4_4&#8243; _builder_version=&#8221;4.21.0&#8243; _module_preset=&#8221;default&#8221; global_colors_info=&#8221;{}&#8221;][et_pb_text _builder_version=&#8221;4.21.0&#8243; _module_preset=&#8221;default&#8221; text_font=&#8221;Circular Medium||||||||&#8221; text_line_height=&#8221;24px&#8221; header_font=&#8221;Circular Bold||||||||&#8221; header_line_height=&#8221;32px&#8221; header_2_font=&#8221;Circular Medium||||||||&#8221; header_2_line_height=&#8221;40px&#8221; global_colors_info=&#8221;{}&#8221;]<\/p>\n<h2 class=\"p1\"><b>Stad op maat van elke leeftijd<\/b><\/h2>\n<div><span lang=\"NL\">Zorg dragen voor iedereen betekent plekken cre\u00ebren op maat van alle leeftijden. Dat betekent huisvesting en zorg voorzien zodat onze ouderen waardig oud kunnen worden, en voldoende feest- en fuifplekken voorzien waar onze jongeren \u2026. volop jong kunnen zijn! <\/span><\/div>\n<div><\/div>\n<p>[\/et_pb_text][\/et_pb_column][\/et_pb_row][et_pb_row column_structure=&#8221;1_2,1_2&#8243; _builder_version=&#8221;4.21.0&#8243; _module_preset=&#8221;default&#8221; background_color=&#8221;#E7E0D7&#8243; global_colors_info=&#8221;{}&#8221;][et_pb_column type=&#8221;1_2&#8243; _builder_version=&#8221;4.21.0&#8243; _module_preset=&#8221;default&#8221; global_colors_info=&#8221;{}&#8221;][et_pb_text _builder_version=&#8221;4.21.0&#8243; _module_preset=&#8221;default&#8221; text_font=&#8221;Circular Medium||||||||&#8221; text_line_height=&#8221;24px&#8221; global_colors_info=&#8221;{}&#8221;]<\/p>\n<ul class=\"ul1\">\n<li>In het wzc Jourdan Village van Koekelberg genieten Brusselaars van hun oude dag<\/li>\n<li>CuBe, een plek waar jongeren sporten, muziek maken, feesten, \u2026<\/li>\n<li>Nachtleven met de Fuse en andere discotheken<\/li>\n<li>Jeugdhuizen<\/li>\n<\/ul>\n<p>[\/et_pb_text][\/et_pb_column][et_pb_column type=&#8221;1_2&#8243; _builder_version=&#8221;4.21.0&#8243; _module_preset=&#8221;default&#8221; global_colors_info=&#8221;{}&#8221;][et_pb_slider use_bg_overlay=&#8221;off&#8221; _builder_version=&#8221;4.25.0&#8243; _module_preset=&#8221;default&#8221; background_color=&#8221;RGBA(255,255,255,0)&#8221; border_style_all_image=&#8221;none&#8221; global_colors_info=&#8221;{}&#8221;][et_pb_slide image=&#8221;https:\/\/vooruit.brussels\/wp-content\/uploads\/2024\/04\/Diversiteit-2.jpg&#8221; _builder_version=&#8221;4.25.0&#8243; _module_preset=&#8221;default&#8221; global_colors_info=&#8221;{}&#8221; sticky_transition=&#8221;on&#8221;][\/et_pb_slide][et_pb_slide image=&#8221;https:\/\/vooruit.brussels\/wp-content\/uploads\/2024\/04\/FBP_3553.jpg&#8221; _builder_version=&#8221;4.25.0&#8243; _module_preset=&#8221;default&#8221; global_colors_info=&#8221;{}&#8221; sticky_transition=&#8221;on&#8221;][\/et_pb_slide][et_pb_slide image=&#8221;https:\/\/vooruit.brussels\/wp-content\/uploads\/2024\/04\/FBP_4558.jpg&#8221; _builder_version=&#8221;4.25.0&#8243; _module_preset=&#8221;default&#8221; global_colors_info=&#8221;{}&#8221; sticky_transition=&#8221;on&#8221;][\/et_pb_slide][\/et_pb_slider][\/et_pb_column][\/et_pb_row][\/et_pb_section][et_pb_section fb_built=&#8221;1&#8243; _builder_version=&#8221;4.21.0&#8243; _module_preset=&#8221;default&#8221; global_colors_info=&#8221;{}&#8221;][et_pb_row _builder_version=&#8221;4.21.0&#8243; _module_preset=&#8221;default&#8221; global_colors_info=&#8221;{}&#8221;][et_pb_column type=&#8221;4_4&#8243; _builder_version=&#8221;4.21.0&#8243; _module_preset=&#8221;default&#8221; global_colors_info=&#8221;{}&#8221;][et_pb_text _builder_version=&#8221;4.21.0&#8243; _module_preset=&#8221;default&#8221; text_font=&#8221;Circular Medium||||||||&#8221; text_line_height=&#8221;24px&#8221; header_font=&#8221;Circular Bold||||||||&#8221; header_line_height=&#8221;32px&#8221; header_2_font=&#8221;Circular Medium||||||||&#8221; header_2_line_height=&#8221;40px&#8221; global_colors_info=&#8221;{}&#8221;]<\/p>\n<h2 class=\"p1\"><b> Plekken om te groeien (en open te bloeien)<\/b><\/h2>\n<div><\/div>\n<p>Elk kind verdient een plaats in de cr\u00e8che \u00e9n in de klas. We hebben keihard gewerkt aan nieuwe scholen en cr\u00e8ches, aan kwaliteitsvolle, duurzame infrastructuur om de jongste generatie Brusselaars alle kansen te geven om vrij en veilig te groeien en open te bloeien.<\/p>\n<p>[\/et_pb_text][\/et_pb_column][\/et_pb_row][et_pb_row column_structure=&#8221;1_2,1_2&#8243; _builder_version=&#8221;4.21.0&#8243; _module_preset=&#8221;default&#8221; global_colors_info=&#8221;{}&#8221;][et_pb_column type=&#8221;1_2&#8243; _builder_version=&#8221;4.21.0&#8243; _module_preset=&#8221;default&#8221; global_colors_info=&#8221;{}&#8221;][et_pb_slider use_bg_overlay=&#8221;off&#8221; _builder_version=&#8221;4.25.0&#8243; _module_preset=&#8221;default&#8221; background_color=&#8221;RGBA(255,255,255,0)&#8221; border_style_all_image=&#8221;none&#8221; global_colors_info=&#8221;{}&#8221;][et_pb_slide image=&#8221;https:\/\/vooruit.brussels\/wp-content\/uploads\/2024\/04\/FBP_4532.jpg&#8221; _builder_version=&#8221;4.25.0&#8243; _module_preset=&#8221;default&#8221; global_colors_info=&#8221;{}&#8221; sticky_transition=&#8221;on&#8221;][\/et_pb_slide][et_pb_slide image=&#8221;https:\/\/vooruit.brussels\/wp-content\/uploads\/2024\/04\/FBP_9252.jpg&#8221; _builder_version=&#8221;4.25.0&#8243; _module_preset=&#8221;default&#8221; global_colors_info=&#8221;{}&#8221; sticky_transition=&#8221;on&#8221;][\/et_pb_slide][\/et_pb_slider][\/et_pb_column][et_pb_column type=&#8221;1_2&#8243; _builder_version=&#8221;4.21.0&#8243; _module_preset=&#8221;default&#8221; global_colors_info=&#8221;{}&#8221;][et_pb_text _builder_version=&#8221;4.21.0&#8243; _module_preset=&#8221;default&#8221; text_font=&#8221;Circular Medium||||||||&#8221; text_line_height=&#8221;24px&#8221; global_colors_info=&#8221;{}&#8221;]<\/p>\n<ul class=\"ul1\">\n<li>Basisschool Sint-Joost-aan-Zee in Sint-Joost-ten-Node<\/li>\n<li>Basisschool De Zennestraal in de Vijfhoek, voor 240 jonge Brusselaars<\/li>\n<li>Cr\u00e8che Madeliefje<\/li>\n<li>Cr\u00e8che Joost-e-Fien in Sint-Joost-ten-Node<\/li>\n<li>Cr\u00e8che Het huis van het Kind in Anderlecht<\/li>\n<\/ul>\n<p>[\/et_pb_text][\/et_pb_column][\/et_pb_row][\/et_pb_section][et_pb_section fb_built=&#8221;1&#8243; _builder_version=&#8221;4.21.0&#8243; _module_preset=&#8221;default&#8221; background_color=&#8221;#E7E0D7&#8243; global_colors_info=&#8221;{}&#8221;][et_pb_row _builder_version=&#8221;4.21.0&#8243; _module_preset=&#8221;default&#8221; background_color=&#8221;#E7E0D7&#8243; global_colors_info=&#8221;{}&#8221;][et_pb_column type=&#8221;4_4&#8243; _builder_version=&#8221;4.21.0&#8243; _module_preset=&#8221;default&#8221; global_colors_info=&#8221;{}&#8221;][et_pb_text _builder_version=&#8221;4.21.0&#8243; _module_preset=&#8221;default&#8221; text_font=&#8221;Circular Medium||||||||&#8221; text_line_height=&#8221;24px&#8221; header_font=&#8221;Circular Bold||||||||&#8221; header_line_height=&#8221;32px&#8221; header_2_font=&#8221;Circular Medium||||||||&#8221; header_2_line_height=&#8221;40px&#8221; global_colors_info=&#8221;{}&#8221;]<\/p>\n<h2 class=\"p1\"><b> Vlot en veilig de stad verkennen<\/b><\/h2>\n<p>Snel en <strong>betaalbaar openbaar vervoer<\/strong> is van onschatbare waarde. Alleen zo kunnen we mensen overtuigen om de auto aan de kant te laten staan. Daarom cre\u00eberden we nieuwe tram- en<span>\u00a0 <\/span>buslijnen, kochten we comfortabele nieuwe metro- en tramstellen en maakten we de switch naar elektrische bussen. En door <strong>de aanleg van kilometers afgescheiden fietspaden<\/strong> sprongen de Brusselaars massaal op de fiets.<\/p>\n<p>[\/et_pb_text][\/et_pb_column][\/et_pb_row][et_pb_row column_structure=&#8221;1_2,1_2&#8243; _builder_version=&#8221;4.21.0&#8243; _module_preset=&#8221;default&#8221; background_color=&#8221;#E7E0D7&#8243; global_colors_info=&#8221;{}&#8221;][et_pb_column type=&#8221;1_2&#8243; _builder_version=&#8221;4.21.0&#8243; _module_preset=&#8221;default&#8221; global_colors_info=&#8221;{}&#8221;][et_pb_text _builder_version=&#8221;4.21.0&#8243; _module_preset=&#8221;default&#8221; text_font=&#8221;Circular Medium||||||||&#8221; text_line_height=&#8221;24px&#8221; global_colors_info=&#8221;{}&#8221;]<\/p>\n<ul class=\"ul1\">\n<li>Afgescheiden fietspaden langs de Kleine Ring<\/li>\n<li>Veilig fietsen op de Vilvoordsesteenweg<\/li>\n<li>Fietsroutes op de Rooseveltlaan<\/li>\n<\/ul>\n<p>[\/et_pb_text][\/et_pb_column][et_pb_column type=&#8221;1_2&#8243; _builder_version=&#8221;4.21.0&#8243; _module_preset=&#8221;default&#8221; global_colors_info=&#8221;{}&#8221;][et_pb_slider use_bg_overlay=&#8221;off&#8221; _builder_version=&#8221;4.25.0&#8243; _module_preset=&#8221;default&#8221; background_color=&#8221;RGBA(255,255,255,0)&#8221; border_style_all_image=&#8221;none&#8221; global_colors_info=&#8221;{}&#8221;][et_pb_slide image=&#8221;https:\/\/vooruit.brussels\/wp-content\/uploads\/2024\/04\/7S9A1482.jpg&#8221; _builder_version=&#8221;4.25.0&#8243; _module_preset=&#8221;default&#8221; global_colors_info=&#8221;{}&#8221; sticky_transition=&#8221;on&#8221;][\/et_pb_slide][et_pb_slide image=&#8221;https:\/\/vooruit.brussels\/wp-content\/uploads\/2024\/04\/FBP_6182.jpg&#8221; _builder_version=&#8221;4.25.0&#8243; _module_preset=&#8221;default&#8221; global_colors_info=&#8221;{}&#8221; sticky_transition=&#8221;on&#8221;][\/et_pb_slide][et_pb_slide image=&#8221;https:\/\/vooruit.brussels\/wp-content\/uploads\/2024\/04\/FBP_9164.jpg&#8221; _builder_version=&#8221;4.25.0&#8243; _module_preset=&#8221;default&#8221; global_colors_info=&#8221;{}&#8221; sticky_transition=&#8221;on&#8221;][\/et_pb_slide][\/et_pb_slider][\/et_pb_column][\/et_pb_row][\/et_pb_section]<\/p>\n","protected":false},"excerpt":{"rendered":"<p>Waarmee we bezig zijn in Brussel De afgelopen jaren hebben we keihard gewerkt aan een stad op mensenmaat. Brussels for people. Dat was niet altijd eenvoudig, maar we zijn er van overtuigd dat we \u2013 met veel duwen en trekken \u2013 een fundamentele kentering teweeg hebben gebracht in Brussel die niet kan worden teruggedraaid. Prachtige [&hellip;]<\/p>\n","protected":false},"author":9,"featured_media":0,"parent":0,"menu_order":0,"comment_status":"closed","ping_status":"closed","template":"","meta":{"_acf_changed":false,"_et_pb_use_builder":"on","_et_pb_old_content":"","_et_gb_content_width":"","footnotes":""},"class_list":["post-697","page","type-page","status-publish","hentry"],"acf":[],"yoast_head":"<!-- This site is optimized with the Yoast SEO plugin v27.5 - https:\/\/yoast.com\/product\/yoast-seo-wordpress\/ -->\n<title>Waarmee we bezig zijn - Vooruit.brussels<\/title>\n<meta name=\"description\" content=\"We realiseerden de voorbije jaren al tal van mooie projecten in Brussel.\" \/>\n<meta name=\"robots\" content=\"index, follow, max-snippet:-1, max-image-preview:large, max-video-preview:-1\" \/>\n<link rel=\"canonical\" href=\"https:\/\/vooruit.brussels\/fr\/onze-realisaties\/\" \/>\n<meta property=\"og:locale\" content=\"fr_FR\" \/>\n<meta property=\"og:type\" content=\"article\" \/>\n<meta property=\"og:title\" content=\"Waarmee we bezig zijn - Vooruit.brussels\" \/>\n<meta property=\"og:description\" content=\"We realiseerden de voorbije jaren al tal van mooie projecten in Brussel.\" \/>\n<meta property=\"og:url\" content=\"https:\/\/vooruit.brussels\/fr\/onze-realisaties\/\" \/>\n<meta property=\"og:site_name\" content=\"Vooruit.brussels\" \/>\n<meta property=\"article:modified_time\" content=\"2025-09-29T13:38:19+00:00\" \/>\n<meta name=\"twitter:card\" content=\"summary_large_image\" \/>\n<meta name=\"twitter:label1\" content=\"Dur\u00e9e de lecture est.\" \/>\n\t<meta name=\"twitter:data1\" content=\"4 minutes\" \/>\n<script type=\"application\/ld+json\" class=\"yoast-schema-graph\">{\"@context\":\"https:\\\/\\\/schema.org\",\"@graph\":[{\"@type\":\"WebPage\",\"@id\":\"https:\\\/\\\/vooruit.brussels\\\/onze-realisaties\\\/\",\"url\":\"https:\\\/\\\/vooruit.brussels\\\/onze-realisaties\\\/\",\"name\":\"Waarmee we bezig zijn - Vooruit.brussels\",\"isPartOf\":{\"@id\":\"https:\\\/\\\/vooruit.brussels\\\/#website\"},\"datePublished\":\"2023-08-21T14:51:12+00:00\",\"dateModified\":\"2025-09-29T13:38:19+00:00\",\"description\":\"We realiseerden de voorbije jaren al tal van mooie projecten in Brussel.\",\"breadcrumb\":{\"@id\":\"https:\\\/\\\/vooruit.brussels\\\/onze-realisaties\\\/#breadcrumb\"},\"inLanguage\":\"fr-BE\",\"potentialAction\":[{\"@type\":\"ReadAction\",\"target\":[\"https:\\\/\\\/vooruit.brussels\\\/onze-realisaties\\\/\"]}]},{\"@type\":\"BreadcrumbList\",\"@id\":\"https:\\\/\\\/vooruit.brussels\\\/onze-realisaties\\\/#breadcrumb\",\"itemListElement\":[{\"@type\":\"ListItem\",\"position\":1,\"name\":\"Accueil\",\"item\":\"https:\\\/\\\/vooruit.brussels\\\/\"},{\"@type\":\"ListItem\",\"position\":2,\"name\":\"Waarmee we bezig zijn\"}]},{\"@type\":\"WebSite\",\"@id\":\"https:\\\/\\\/vooruit.brussels\\\/#website\",\"url\":\"https:\\\/\\\/vooruit.brussels\\\/\",\"name\":\"Vooruit.brussels\",\"description\":\"\",\"potentialAction\":[{\"@type\":\"SearchAction\",\"target\":{\"@type\":\"EntryPoint\",\"urlTemplate\":\"https:\\\/\\\/vooruit.brussels\\\/?s={search_term_string}\"},\"query-input\":{\"@type\":\"PropertyValueSpecification\",\"valueRequired\":true,\"valueName\":\"search_term_string\"}}],\"inLanguage\":\"fr-BE\"}]}<\/script>\n<!-- \/ Yoast SEO plugin. -->","yoast_head_json":{"title":"Waarmee we bezig zijn - Vooruit.brussels","description":"We realiseerden de voorbije jaren al tal van mooie projecten in Brussel.","robots":{"index":"index","follow":"follow","max-snippet":"max-snippet:-1","max-image-preview":"max-image-preview:large","max-video-preview":"max-video-preview:-1"},"canonical":"https:\/\/vooruit.brussels\/fr\/onze-realisaties\/","og_locale":"fr_FR","og_type":"article","og_title":"Waarmee we bezig zijn - Vooruit.brussels","og_description":"We realiseerden de voorbije jaren al tal van mooie projecten in Brussel.","og_url":"https:\/\/vooruit.brussels\/fr\/onze-realisaties\/","og_site_name":"Vooruit.brussels","article_modified_time":"2025-09-29T13:38:19+00:00","twitter_card":"summary_large_image","twitter_misc":{"Dur\u00e9e de lecture est.":"4 minutes"},"schema":{"@context":"https:\/\/schema.org","@graph":[{"@type":"WebPage","@id":"https:\/\/vooruit.brussels\/onze-realisaties\/","url":"https:\/\/vooruit.brussels\/onze-realisaties\/","name":"Waarmee we bezig zijn - Vooruit.brussels","isPartOf":{"@id":"https:\/\/vooruit.brussels\/#website"},"datePublished":"2023-08-21T14:51:12+00:00","dateModified":"2025-09-29T13:38:19+00:00","description":"We realiseerden de voorbije jaren al tal van mooie projecten in Brussel.","breadcrumb":{"@id":"https:\/\/vooruit.brussels\/onze-realisaties\/#breadcrumb"},"inLanguage":"fr-BE","potentialAction":[{"@type":"ReadAction","target":["https:\/\/vooruit.brussels\/onze-realisaties\/"]}]},{"@type":"BreadcrumbList","@id":"https:\/\/vooruit.brussels\/onze-realisaties\/#breadcrumb","itemListElement":[{"@type":"ListItem","position":1,"name":"Accueil","item":"https:\/\/vooruit.brussels\/"},{"@type":"ListItem","position":2,"name":"Waarmee we bezig zijn"}]},{"@type":"WebSite","@id":"https:\/\/vooruit.brussels\/#website","url":"https:\/\/vooruit.brussels\/","name":"Vooruit.brussels","description":"","potentialAction":[{"@type":"SearchAction","target":{"@type":"EntryPoint","urlTemplate":"https:\/\/vooruit.brussels\/?s={search_term_string}"},"query-input":{"@type":"PropertyValueSpecification","valueRequired":true,"valueName":"search_term_string"}}],"inLanguage":"fr-BE"}]}},"_links":{"self":[{"href":"http:\/\/vooruit.brussels\/fr\/wp-json\/wp\/v2\/pages\/697","targetHints":{"allow":["GET"]}}],"collection":[{"href":"http:\/\/vooruit.brussels\/fr\/wp-json\/wp\/v2\/pages"}],"about":[{"href":"http:\/\/vooruit.brussels\/fr\/wp-json\/wp\/v2\/types\/page"}],"author":[{"embeddable":true,"href":"http:\/\/vooruit.brussels\/fr\/wp-json\/wp\/v2\/users\/9"}],"replies":[{"embeddable":true,"href":"http:\/\/vooruit.brussels\/fr\/wp-json\/wp\/v2\/comments?post=697"}],"version-history":[{"count":35,"href":"http:\/\/vooruit.brussels\/fr\/wp-json\/wp\/v2\/pages\/697\/revisions"}],"predecessor-version":[{"id":4357,"href":"http:\/\/vooruit.brussels\/fr\/wp-json\/wp\/v2\/pages\/697\/revisions\/4357"}],"wp:attachment":[{"href":"http:\/\/vooruit.brussels\/fr\/wp-json\/wp\/v2\/media?parent=697"}],"curies":[{"name":"wp","href":"https:\/\/api.w.org\/{rel}","templated":true}]}}