{"id":4554,"date":"2026-03-12T15:03:40","date_gmt":"2026-03-12T14:03:40","guid":{"rendered":"https:\/\/vooruit.comingsoon.site\/?post_type=nieuws&#038;p=4554"},"modified":"2026-03-16T15:36:34","modified_gmt":"2026-03-16T14:36:34","slug":"de-guinguettes-keren-deze-lente-terug-naar-de-brusselse-parken","status":"publish","type":"nieuws","link":"https:\/\/vooruit.brussels\/en\/nieuws\/de-guinguettes-keren-deze-lente-terug-naar-de-brusselse-parken\/","title":{"rendered":"De guinguettes keren deze lente terug naar de Brusselse parken"},"content":{"rendered":"<p><strong>Ans Persoons, Brussel staatssecretaris voor Leefmilieu, Klimaat en Imago van Brussel, is blij dat ze de terugkeer van de guinguettes in de Brusselse parken voor het seizoen 2026 kan kondigen. De guingettes zijn intussen een onmisbaar onderdeel geworden van onze parken in de lente- en zomermaanden en openen tegen eind april.<\/strong><\/p>\n\n\n\n<blockquote class=\"wp-block-quote is-layout-flow wp-block-quote-is-layout-flow\">\n<p><em>\u201cVoor veel Brusselaars zijn onze parken de tuin die ze thuis niet hebben. Het zijn plekken om te ontspannen, te sporten, je kinderen te laten spelen of af te spreken met vrienden. De guinguettes zijn een fijne extra voor wie wil genieten van een drankje en een hapje. Bovendien bieden ze ook speelgoed aan voor kinderen en voorzien ze gratis toiletten. Zo stimuleren ze ontmoeting tussen buurtbewoners en brengen ze mensen dichter bij de natuur. En belangrijk: ze verhogen het veiligheidsgevoel in de parken\u201d, aldus&nbsp;<\/em><em><strong>Ans Persoons<\/strong><\/em><em>.<\/em><\/p>\n<\/blockquote>\n\n\n\n<p>De lente is terug in het land en die trekt opnieuw veel Brusselaars onze parken in. . Ondanks een periode van onzekerheid als gevolg van de lopende zaken, was het een prioriteit om een oplossing te vinden voor de guingettes. En die is er nu, net op tijd voor het warmere weer<\/p>\n\n\n\n<p>De Brusselse Regering heeft op de ministerraad goedkeuring gegeven voor de heropening van de guinguettes in 2026. De aanwezigheid van deze plekken heeft een positief sociaal effect op de inwoners, gebruikers en de buurt. De ginguettes geven de recreatieve functie van de parken die door Leefmilieu Brussel beheerd worden een extra dimentie. De guinguettes zorgen voor leven in de brouwerij.<\/p>\n\n\n\n<h3 class=\"wp-block-heading\">Een tuin voor de Brusselaar<\/h3>\n\n\n\n<p>De resultaten van de Natuurbarometer 2022 van Leefmilieu Brussel bevestigen het belang van de guingettes. Meer dan negen op de tien mensen vinden dat groene ruimtes onmisbaar zijn voor Brusselaars die geen tuin hebben. Het onderzoek toont ook aan dat 95% van de respondenten vindt dat de natuur de stad mooier maakt en hen de mogelijkheid biedt om te ontspannen, terwijl het hen ook energie geeft. Meer dan 90% respondenten benadrukt sociale belang van groene ruimtes als gezellige ontmoetingsplekken, wat ook bijdraagt aan de opwaardering van de omliggende wijken.<\/p>\n\n\n\n<p><strong>Deze guingettes openen binnenkort in de Brusselse parken :<\/strong><\/p>\n\n\n\n<ul class=\"wp-block-list\">\n<li><strong>Henri &#8211; \u200b Georges Henripark<\/strong><\/li>\n\n\n\n<li><strong>Maurice &#8211; Jubelpark<\/strong><\/li>\n\n\n\n<li><strong>Emile &#8211; Dudenpark<\/strong><\/li>\n\n\n\n<li><strong>Fabiola &#8211; Koning Boudewijnpark<\/strong><\/li>\n\n\n\n<li><strong>Andr\u00e9 &#8211; Park van Laken<\/strong><\/li>\n\n\n\n<li><strong>Vincent &#8211; Goede Herderpark<\/strong><\/li>\n<\/ul>\n\n\n\n<p>Elke guinguette draagt een voornaam die gelinkt is aan de ligging van het park. Fabiola, in het Koning Boudewijnpark, verwijst bijvoorbeeld naar koningin Fabiola. Andr\u00e9, in het Park van Laken, eert de twee Andr\u00e9&#8217;s die aan de basis lagen van de Atomium: ingenieur Andr\u00e9 Waterkeyn en architect Andr\u00e9 Polak.<\/p>\n\n\n\n<figure class=\"wp-block-image size-large\"><img loading=\"lazy\" decoding=\"async\" width=\"1024\" height=\"768\" src=\"https:\/\/vooruit.brussels\/wp-content\/uploads\/2026\/03\/Bar_Andre_-_guinguette_1120508-\u00a9_visit.brussels_-_Jean-Paul_Remy-1024x768.jpeg\" alt=\"\" class=\"wp-image-4557\" srcset=\"https:\/\/vooruit.brussels\/wp-content\/uploads\/2026\/03\/Bar_Andre_-_guinguette_1120508-\u00a9_visit.brussels_-_Jean-Paul_Remy-1024x768.jpeg 1024w, https:\/\/vooruit.brussels\/wp-content\/uploads\/2026\/03\/Bar_Andre_-_guinguette_1120508-\u00a9_visit.brussels_-_Jean-Paul_Remy-300x225.jpeg 300w, https:\/\/vooruit.brussels\/wp-content\/uploads\/2026\/03\/Bar_Andre_-_guinguette_1120508-\u00a9_visit.brussels_-_Jean-Paul_Remy-768x576.jpeg 768w, https:\/\/vooruit.brussels\/wp-content\/uploads\/2026\/03\/Bar_Andre_-_guinguette_1120508-\u00a9_visit.brussels_-_Jean-Paul_Remy-1536x1152.jpeg 1536w, https:\/\/vooruit.brussels\/wp-content\/uploads\/2026\/03\/Bar_Andre_-_guinguette_1120508-\u00a9_visit.brussels_-_Jean-Paul_Remy-2048x1536.jpeg 2048w, https:\/\/vooruit.brussels\/wp-content\/uploads\/2026\/03\/Bar_Andre_-_guinguette_1120508-\u00a9_visit.brussels_-_Jean-Paul_Remy-16x12.jpeg 16w, https:\/\/vooruit.brussels\/wp-content\/uploads\/2026\/03\/Bar_Andre_-_guinguette_1120508-\u00a9_visit.brussels_-_Jean-Paul_Remy-510x382.jpeg 510w, https:\/\/vooruit.brussels\/wp-content\/uploads\/2026\/03\/Bar_Andre_-_guinguette_1120508-\u00a9_visit.brussels_-_Jean-Paul_Remy-1080x810.jpeg 1080w, https:\/\/vooruit.brussels\/wp-content\/uploads\/2026\/03\/Bar_Andre_-_guinguette_1120508-\u00a9_visit.brussels_-_Jean-Paul_Remy-1280x960.jpeg 1280w, https:\/\/vooruit.brussels\/wp-content\/uploads\/2026\/03\/Bar_Andre_-_guinguette_1120508-\u00a9_visit.brussels_-_Jean-Paul_Remy-980x735.jpeg 980w, https:\/\/vooruit.brussels\/wp-content\/uploads\/2026\/03\/Bar_Andre_-_guinguette_1120508-\u00a9_visit.brussels_-_Jean-Paul_Remy-480x360.jpeg 480w\" sizes=\"(max-width: 1024px) 100vw, 1024px\" \/><figcaption class=\"wp-element-caption\">Bar Andr\u00e9 &#8211; guinguette<br>Parc de Laeken &#8211; Park van Laken<br>\u00a9 visit.brussels &#8211; Jean-Paul Remy &#8211; 2021<\/figcaption><\/figure>","protected":false},"featured_media":4556,"template":"","categories":[],"class_list":["post-4554","nieuws","type-nieuws","status-publish","has-post-thumbnail","hentry"],"acf":[],"yoast_head":"<!-- This site is optimized with the Yoast SEO plugin v27.5 - https:\/\/yoast.com\/product\/yoast-seo-wordpress\/ -->\n<title>De guinguettes keren deze lente terug naar de Brusselse parken - Vooruit.brussels<\/title>\n<meta name=\"robots\" content=\"index, follow, max-snippet:-1, max-image-preview:large, max-video-preview:-1\" \/>\n<link rel=\"canonical\" href=\"https:\/\/vooruit.brussels\/en\/nieuws\/de-guinguettes-keren-deze-lente-terug-naar-de-brusselse-parken\/\" \/>\n<meta property=\"og:locale\" content=\"en_GB\" \/>\n<meta property=\"og:type\" content=\"article\" \/>\n<meta property=\"og:title\" content=\"De guinguettes keren deze lente terug naar de Brusselse parken - Vooruit.brussels\" \/>\n<meta property=\"og:description\" content=\"Ans Persoons, Brussel staatssecretaris voor Leefmilieu, Klimaat en Imago van Brussel, is blij dat ze de terugkeer van de guinguettes in de Brusselse parken voor het seizoen 2026 kan kondigen. De guingettes zijn intussen een onmisbaar onderdeel geworden van onze parken in de lente- en zomermaanden en openen tegen eind april. \u201cVoor veel Brusselaars zijn [&hellip;]\" \/>\n<meta property=\"og:url\" content=\"https:\/\/vooruit.brussels\/en\/nieuws\/de-guinguettes-keren-deze-lente-terug-naar-de-brusselse-parken\/\" \/>\n<meta property=\"og:site_name\" content=\"Vooruit.brussels\" \/>\n<meta property=\"article:modified_time\" content=\"2026-03-16T14:36:34+00:00\" \/>\n<meta property=\"og:image\" content=\"https:\/\/vooruit.brussels\/wp-content\/uploads\/2026\/03\/Bar_Andre_-_guinguette_1120499-\u00a9_visit.brussels_-_Jean-Paul_Remy-scaled.jpg\" \/>\n\t<meta property=\"og:image:width\" content=\"2560\" \/>\n\t<meta property=\"og:image:height\" content=\"1920\" \/>\n\t<meta property=\"og:image:type\" content=\"image\/jpeg\" \/>\n<meta name=\"twitter:card\" content=\"summary_large_image\" \/>\n<meta name=\"twitter:label1\" content=\"Estimated reading time\" \/>\n\t<meta name=\"twitter:data1\" content=\"2 minutes\" \/>\n<script type=\"application\/ld+json\" class=\"yoast-schema-graph\">{\"@context\":\"https:\\\/\\\/schema.org\",\"@graph\":[{\"@type\":\"WebPage\",\"@id\":\"https:\\\/\\\/vooruit.brussels\\\/nieuws\\\/de-guinguettes-keren-deze-lente-terug-naar-de-brusselse-parken\\\/\",\"url\":\"https:\\\/\\\/vooruit.brussels\\\/nieuws\\\/de-guinguettes-keren-deze-lente-terug-naar-de-brusselse-parken\\\/\",\"name\":\"De guinguettes keren deze lente terug naar de Brusselse parken - Vooruit.brussels\",\"isPartOf\":{\"@id\":\"https:\\\/\\\/vooruit.brussels\\\/#website\"},\"primaryImageOfPage\":{\"@id\":\"https:\\\/\\\/vooruit.brussels\\\/nieuws\\\/de-guinguettes-keren-deze-lente-terug-naar-de-brusselse-parken\\\/#primaryimage\"},\"image\":{\"@id\":\"https:\\\/\\\/vooruit.brussels\\\/nieuws\\\/de-guinguettes-keren-deze-lente-terug-naar-de-brusselse-parken\\\/#primaryimage\"},\"thumbnailUrl\":\"https:\\\/\\\/vooruit.brussels\\\/wp-content\\\/uploads\\\/2026\\\/03\\\/Bar_Andre_-_guinguette_1120499-\u00a9_visit.brussels_-_Jean-Paul_Remy-scaled.jpg\",\"datePublished\":\"2026-03-12T14:03:40+00:00\",\"dateModified\":\"2026-03-16T14:36:34+00:00\",\"breadcrumb\":{\"@id\":\"https:\\\/\\\/vooruit.brussels\\\/nieuws\\\/de-guinguettes-keren-deze-lente-terug-naar-de-brusselse-parken\\\/#breadcrumb\"},\"inLanguage\":\"en-GB\",\"potentialAction\":[{\"@type\":\"ReadAction\",\"target\":[\"https:\\\/\\\/vooruit.brussels\\\/nieuws\\\/de-guinguettes-keren-deze-lente-terug-naar-de-brusselse-parken\\\/\"]}]},{\"@type\":\"ImageObject\",\"inLanguage\":\"en-GB\",\"@id\":\"https:\\\/\\\/vooruit.brussels\\\/nieuws\\\/de-guinguettes-keren-deze-lente-terug-naar-de-brusselse-parken\\\/#primaryimage\",\"url\":\"https:\\\/\\\/vooruit.brussels\\\/wp-content\\\/uploads\\\/2026\\\/03\\\/Bar_Andre_-_guinguette_1120499-\u00a9_visit.brussels_-_Jean-Paul_Remy-scaled.jpg\",\"contentUrl\":\"https:\\\/\\\/vooruit.brussels\\\/wp-content\\\/uploads\\\/2026\\\/03\\\/Bar_Andre_-_guinguette_1120499-\u00a9_visit.brussels_-_Jean-Paul_Remy-scaled.jpg\",\"width\":2560,\"height\":1920,\"caption\":\"Bar Andr\u00e9 - guinguette Parc de Laeken - Park van Laken \u00a9 visit.brussels - Jean-Paul Remy - 2021\"},{\"@type\":\"BreadcrumbList\",\"@id\":\"https:\\\/\\\/vooruit.brussels\\\/nieuws\\\/de-guinguettes-keren-deze-lente-terug-naar-de-brusselse-parken\\\/#breadcrumb\",\"itemListElement\":[{\"@type\":\"ListItem\",\"position\":1,\"name\":\"Accueil\",\"item\":\"https:\\\/\\\/vooruit.brussels\\\/\"},{\"@type\":\"ListItem\",\"position\":2,\"name\":\"Nieuws\",\"item\":\"https:\\\/\\\/vooruit.brussels\\\/en\\\/nieuws\\\/\"},{\"@type\":\"ListItem\",\"position\":3,\"name\":\"De guinguettes keren deze lente terug naar de Brusselse parken\"}]},{\"@type\":\"WebSite\",\"@id\":\"https:\\\/\\\/vooruit.brussels\\\/#website\",\"url\":\"https:\\\/\\\/vooruit.brussels\\\/\",\"name\":\"Vooruit.brussels\",\"description\":\"\",\"potentialAction\":[{\"@type\":\"SearchAction\",\"target\":{\"@type\":\"EntryPoint\",\"urlTemplate\":\"https:\\\/\\\/vooruit.brussels\\\/?s={search_term_string}\"},\"query-input\":{\"@type\":\"PropertyValueSpecification\",\"valueRequired\":true,\"valueName\":\"search_term_string\"}}],\"inLanguage\":\"en-GB\"}]}<\/script>\n<!-- \/ Yoast SEO plugin. -->","yoast_head_json":{"title":"De guinguettes keren deze lente terug naar de Brusselse parken - Vooruit.brussels","robots":{"index":"index","follow":"follow","max-snippet":"max-snippet:-1","max-image-preview":"max-image-preview:large","max-video-preview":"max-video-preview:-1"},"canonical":"https:\/\/vooruit.brussels\/en\/nieuws\/de-guinguettes-keren-deze-lente-terug-naar-de-brusselse-parken\/","og_locale":"en_GB","og_type":"article","og_title":"De guinguettes keren deze lente terug naar de Brusselse parken - Vooruit.brussels","og_description":"Ans Persoons, Brussel staatssecretaris voor Leefmilieu, Klimaat en Imago van Brussel, is blij dat ze de terugkeer van de guinguettes in de Brusselse parken voor het seizoen 2026 kan kondigen. De guingettes zijn intussen een onmisbaar onderdeel geworden van onze parken in de lente- en zomermaanden en openen tegen eind april. \u201cVoor veel Brusselaars zijn [&hellip;]","og_url":"https:\/\/vooruit.brussels\/en\/nieuws\/de-guinguettes-keren-deze-lente-terug-naar-de-brusselse-parken\/","og_site_name":"Vooruit.brussels","article_modified_time":"2026-03-16T14:36:34+00:00","og_image":[{"width":2560,"height":1920,"url":"https:\/\/vooruit.brussels\/wp-content\/uploads\/2026\/03\/Bar_Andre_-_guinguette_1120499-\u00a9_visit.brussels_-_Jean-Paul_Remy-scaled.jpg","type":"image\/jpeg"}],"twitter_card":"summary_large_image","twitter_misc":{"Estimated reading time":"2 minutes"},"schema":{"@context":"https:\/\/schema.org","@graph":[{"@type":"WebPage","@id":"https:\/\/vooruit.brussels\/nieuws\/de-guinguettes-keren-deze-lente-terug-naar-de-brusselse-parken\/","url":"https:\/\/vooruit.brussels\/nieuws\/de-guinguettes-keren-deze-lente-terug-naar-de-brusselse-parken\/","name":"De guinguettes keren deze lente terug naar de Brusselse parken - Vooruit.brussels","isPartOf":{"@id":"https:\/\/vooruit.brussels\/#website"},"primaryImageOfPage":{"@id":"https:\/\/vooruit.brussels\/nieuws\/de-guinguettes-keren-deze-lente-terug-naar-de-brusselse-parken\/#primaryimage"},"image":{"@id":"https:\/\/vooruit.brussels\/nieuws\/de-guinguettes-keren-deze-lente-terug-naar-de-brusselse-parken\/#primaryimage"},"thumbnailUrl":"https:\/\/vooruit.brussels\/wp-content\/uploads\/2026\/03\/Bar_Andre_-_guinguette_1120499-\u00a9_visit.brussels_-_Jean-Paul_Remy-scaled.jpg","datePublished":"2026-03-12T14:03:40+00:00","dateModified":"2026-03-16T14:36:34+00:00","breadcrumb":{"@id":"https:\/\/vooruit.brussels\/nieuws\/de-guinguettes-keren-deze-lente-terug-naar-de-brusselse-parken\/#breadcrumb"},"inLanguage":"en-GB","potentialAction":[{"@type":"ReadAction","target":["https:\/\/vooruit.brussels\/nieuws\/de-guinguettes-keren-deze-lente-terug-naar-de-brusselse-parken\/"]}]},{"@type":"ImageObject","inLanguage":"en-GB","@id":"https:\/\/vooruit.brussels\/nieuws\/de-guinguettes-keren-deze-lente-terug-naar-de-brusselse-parken\/#primaryimage","url":"https:\/\/vooruit.brussels\/wp-content\/uploads\/2026\/03\/Bar_Andre_-_guinguette_1120499-\u00a9_visit.brussels_-_Jean-Paul_Remy-scaled.jpg","contentUrl":"https:\/\/vooruit.brussels\/wp-content\/uploads\/2026\/03\/Bar_Andre_-_guinguette_1120499-\u00a9_visit.brussels_-_Jean-Paul_Remy-scaled.jpg","width":2560,"height":1920,"caption":"Bar Andr\u00e9 - guinguette Parc de Laeken - Park van Laken \u00a9 visit.brussels - Jean-Paul Remy - 2021"},{"@type":"BreadcrumbList","@id":"https:\/\/vooruit.brussels\/nieuws\/de-guinguettes-keren-deze-lente-terug-naar-de-brusselse-parken\/#breadcrumb","itemListElement":[{"@type":"ListItem","position":1,"name":"Accueil","item":"https:\/\/vooruit.brussels\/"},{"@type":"ListItem","position":2,"name":"Nieuws","item":"https:\/\/vooruit.brussels\/en\/nieuws\/"},{"@type":"ListItem","position":3,"name":"De guinguettes keren deze lente terug naar de Brusselse parken"}]},{"@type":"WebSite","@id":"https:\/\/vooruit.brussels\/#website","url":"https:\/\/vooruit.brussels\/","name":"Vooruit.brussels","description":"","potentialAction":[{"@type":"SearchAction","target":{"@type":"EntryPoint","urlTemplate":"https:\/\/vooruit.brussels\/?s={search_term_string}"},"query-input":{"@type":"PropertyValueSpecification","valueRequired":true,"valueName":"search_term_string"}}],"inLanguage":"en-GB"}]}},"_links":{"self":[{"href":"https:\/\/vooruit.brussels\/en\/wp-json\/wp\/v2\/nieuws\/4554","targetHints":{"allow":["GET"]}}],"collection":[{"href":"https:\/\/vooruit.brussels\/en\/wp-json\/wp\/v2\/nieuws"}],"about":[{"href":"https:\/\/vooruit.brussels\/en\/wp-json\/wp\/v2\/types\/nieuws"}],"wp:featuredmedia":[{"embeddable":true,"href":"https:\/\/vooruit.brussels\/en\/wp-json\/wp\/v2\/media\/4556"}],"wp:attachment":[{"href":"https:\/\/vooruit.brussels\/en\/wp-json\/wp\/v2\/media?parent=4554"}],"wp:term":[{"taxonomy":"category","embeddable":true,"href":"https:\/\/vooruit.brussels\/en\/wp-json\/wp\/v2\/categories?post=4554"}],"curies":[{"name":"wp","href":"https:\/\/api.w.org\/{rel}","templated":true}]}}