{"id":2297,"date":"2024-04-19T12:17:48","date_gmt":"2024-04-19T10:17:48","guid":{"rendered":"https:\/\/dev.vooruit.brussels\/?page_id=2297"},"modified":"2024-05-17T09:55:40","modified_gmt":"2024-05-17T07:55:40","slug":"veiligheid","status":"publish","type":"page","link":"https:\/\/vooruit.brussels\/en\/veiligheid\/","title":{"rendered":"Safety"},"content":{"rendered":"<p>[et_pb_section fb_built=&#8221;1&#8243; _builder_version=&#8221;4.24.3&#8243; _module_preset=&#8221;default&#8221; custom_margin=&#8221;0px||||false|false&#8221; custom_padding=&#8221;0px||||false|false&#8221; global_colors_info=&#8221;{}&#8221;][et_pb_row _builder_version=&#8221;4.21.0&#8243; _module_preset=&#8221;default&#8221; global_colors_info=&#8221;{}&#8221;][et_pb_column type=&#8221;4_4&#8243; _builder_version=&#8221;4.21.0&#8243; _module_preset=&#8221;default&#8221; global_colors_info=&#8221;{}&#8221;][et_pb_text _builder_version=&#8221;4.24.3&#8243; _module_preset=&#8221;default&#8221; text_font=&#8221;Circular Medium||||||||&#8221; text_line_height=&#8221;24px&#8221; header_font=&#8221;Circular Bold||||||||&#8221; header_font_size=&#8221;50px&#8221; header_line_height=&#8221;60px&#8221; header_2_font=&#8221;Circular Medium||||||||&#8221; header_2_line_height=&#8221;40px&#8221; global_colors_info=&#8221;{}&#8221;]<\/p>\n<h1 class=\"p1\"><b>Veiligheid<\/b><\/h1>\n<div>\n<p style=\"font-weight: 400;\"><strong>Je thuis voelen begint bij je veilig voelen.<\/strong><\/p>\n<\/div>\n<p>[\/et_pb_text][\/et_pb_column][\/et_pb_row][\/et_pb_section][et_pb_section fb_built=&#8221;1&#8243; _builder_version=&#8221;4.21.0&#8243; _module_preset=&#8221;default&#8221; background_color=&#8221;#E7E0D7&#8243; global_colors_info=&#8221;{}&#8221;][et_pb_row column_structure=&#8221;1_4,3_4&#8243; _builder_version=&#8221;4.21.0&#8243; _module_preset=&#8221;default&#8221; background_color=&#8221;#E7E0D7&#8243; global_colors_info=&#8221;{}&#8221;][et_pb_column type=&#8221;1_4&#8243; _builder_version=&#8221;4.21.0&#8243; _module_preset=&#8221;default&#8221; global_colors_info=&#8221;{}&#8221;][et_pb_image src=&#8221;https:\/\/vooruit.brussels\/wp-content\/uploads\/2024\/04\/Veiligheid-2.jpg&#8221; title_text=&#8221;Veiligheid 2&#8243; disabled_on=&#8221;on|on|off&#8221; _builder_version=&#8221;4.24.3&#8243; _module_preset=&#8221;default&#8221; global_colors_info=&#8221;{}&#8221;][\/et_pb_image][\/et_pb_column][et_pb_column type=&#8221;3_4&#8243; _builder_version=&#8221;4.21.0&#8243; _module_preset=&#8221;default&#8221; global_colors_info=&#8221;{}&#8221;][et_pb_image src=&#8221;https:\/\/vooruit.brussels\/wp-content\/uploads\/2024\/04\/Veiligheid-1.jpg&#8221; title_text=&#8221;Veiligheid 1&#8243; disabled_on=&#8221;off|off|on&#8221; _builder_version=&#8221;4.24.3&#8243; _module_preset=&#8221;default&#8221; global_colors_info=&#8221;{}&#8221;][\/et_pb_image][et_pb_text _builder_version=&#8221;4.25.1&#8243; _module_preset=&#8221;default&#8221; text_font=&#8221;Circular Medium||||||||&#8221; text_text_color=&#8221;#000000&#8243; text_line_height=&#8221;24px&#8221; header_font=&#8221;Circular Bold||||||||&#8221; header_text_color=&#8221;#000000&#8243; header_line_height=&#8221;32px&#8221; header_2_font=&#8221;Circular Medium||||||||&#8221; header_2_text_color=&#8221;#000000&#8243; header_2_line_height=&#8221;40px&#8221; hover_enabled=&#8221;0&#8243; global_colors_info=&#8221;{}&#8221; sticky_enabled=&#8221;0&#8243;]<\/p>\n<h2><strong>Wat wil Vooruit.brussels?<\/strong><\/h2>\n<p style=\"font-weight: 400;\">Een stad \u2018for the many, not the few\u2019. Vooruit.brussels staat voor een allesomvattende aanpak van veiligheid. Met de minister-president van het Brussels Hoofdstedelijke Gewest aan het roer.<\/p>\n<p>[\/et_pb_text][et_pb_text _builder_version=&#8221;4.25.1&#8243; _module_preset=&#8221;default&#8221; text_font=&#8221;Circular Medium||||||||&#8221; text_text_color=&#8221;#000000&#8243; text_line_height=&#8221;24px&#8221; header_font=&#8221;Circular Bold||||||||&#8221; header_text_color=&#8221;#000000&#8243; header_line_height=&#8221;32px&#8221; header_2_font=&#8221;Circular Medium||||||||&#8221; header_2_line_height=&#8221;40px&#8221; custom_margin=&#8221;|||10vw|false|false&#8221; hover_enabled=&#8221;0&#8243; global_colors_info=&#8221;{}&#8221; header_2_text_color=&#8221;#000000&#8243; sticky_enabled=&#8221;0&#8243;]<\/p>\n<p><strong>Leiderschap en centrale sturing<\/strong><\/p>\n<ul>\n<li>Het commando ligt bij de minister-president, die Brussel vertegenwoordigt bij de federale overheid. Dat is onmisbaar als het gaat om vraagstukken die de draagkracht van de lokale politie overstijgen (drugsvraagstuk, wapenhandel, terrorisme, mensenhandel, georganiseerde woninginbraak en andere eigendomsdelicten).<\/li>\n<li>Meer slagkracht voor de gewestelijke veiligheidsdienst brussels onder leiding van de Hoge Ambtenaar alsook verdere uitbouw van het crisiscentrum. Bij ingrijpende crisissen zijn overzicht en centrale aansturing cruciaal. Denk aan de aanslag op drie Zweedse voetbalsupporters van 16\/10\/23, daar heeft het crisiscentrumvan safe.brussels zijn nut bewezen.<\/li>\n<li>Zes politiezones samenbrengen in \u00e9\u00e9n zone, voorgezeten door de minister-president.<\/li>\n<\/ul>\n<p>&nbsp;<\/p>\n<p><strong>Lokale politie dicht bij de burger<\/strong><\/p>\n<ul>\n<li>Om veiligheid te garanderen is repressie nodig. Daders moeten een straf krijgen. Tegelijk is preventie nodig via nabije politiediensten. Zij zijn de ogen en oren van de wijk.<\/li>\n<li>Wijkagenten te voet en op de fiets, LISA\u2019s Lokale politie antennes per wijk (local security antenna\u2019s = laagdrempelige dienstverlening).<\/li>\n<li>Meer diversiteit bij het politiekorps, o.a. door vooropleidingen voor Brusselse jongeren. Daarnaast ook mogelijk maken dat kandidaten hun rijbewijs halen tijdens de opleiding. Het hebben van een rijbewijs is een drempel, veel Brusselse jongeren hebben geen rijbewijs en het is duur om dat rijbewijs te behalen.<\/li>\n<li>Werk maken van professioneel profileren. Tegengaan van etnisch profileren. Wanneer bepaalde groepen telkens weer zonder goede argumenten geviseerd worden daalt het vertrouwen in de ordediensten.<\/li>\n<li>Een duidelijk en uniform protocol om familie te verwittigen als er een slachtoffer valt bij een politie-optreden. \u00c9\u00e9n protocol voor alle politiezones (in afwachting van \u00e9\u00e9n politiezone).<\/li>\n<li>Uniform beleid rond het gebruik van \u2018bodycams\u2019 en een betere opleiding hierover, want momenteel is er te weinig kennis.<\/li>\n<li>Update van de KUL-norm voor meer lokale agenten. De norm dateert van 1999, het aantal inwoners van het Brussels Gewest nam toe met een derde, terwijl het aantal agenten niet mee evolueerde.<\/li>\n<\/ul>\n<p>&nbsp;<\/p>\n<p><strong>Versterking parket en ketenaanpak<\/strong><\/p>\n<ul>\n<li>Versterking parket (want onderbemand) en ketenaanpak: straffen moeten ook worden uitgevoerd, want anders heerst er straffeloosheid.<\/li>\n<li>Criminelen niet ongemoeid laten. We moeten een zinvolle detentie uitbouwen en nazorg voorzien, want ooit komen mensen terug vrij.<\/li>\n<\/ul>\n<p>&nbsp;<\/p>\n<p><strong>Paradigmashift drugs<\/strong><\/p>\n<ul>\n<li>Een gebruiker niet beschouwen als een crimineel, maar als een persoon met een verslaving die gezondheidszorg nodig heeft = besparing werk voor parket en politiediensten.<\/li>\n<li>Meerdererisicobeperkende druggebruikersruimten naar het voorbeeld van GATE (de eerste druggebruikersruimte van Brussel).<\/li>\n<li>We richten eveneens kleinschalige en gedecentraliseerde druggebruikersruimtes in op de plekken waar het publiek druggebruik veelvuldig voorkomt. We starten met een mobiele risicobeperkende druggebruikersruimte die zich kan verplaatsen naar probleemgebieden.<\/li>\n<li>Concentreren op de criminelen die geld verdienen met de drugshandel.<\/li>\n<\/ul>\n<p>&nbsp;<\/p>\n<p><strong>Verkeersveiligheid<\/strong><\/p>\n<ul>\n<li>Zero tolerance straatracers en snelheidsduivels.<\/li>\n<li>Algemene regie voor ANPR-camera\u2019s en andere openbare bewakingscamera\u2019s.<\/li>\n<\/ul>\n<p>&nbsp;<\/p>\n<p><strong>Strijd tegen (seksuele) intimidatie en interfamiliaal geweld<\/strong><\/p>\n<ul>\n<li>E\u00e9n sterk initiatief rond veiligheid in het nachtleven in plaats van de aparte en versnipperde systemen van vandaag.<\/li>\n<li>Meer woonoplossingen voor slachtoffers geweld in huis (vrouwen, jongeren LGBTQIA+ die thuis niet veilig zijn).<\/li>\n<li>Veilige inrichting van publieke ruimte als een plek voor iedereen voor meer sociale veiligheid.<\/li>\n<li>Voldoende aandacht en zorg voor slachtoffers vanaf het moment dat ze bij de politie klacht indienen.<\/li>\n<li>Apothekers inschakelen voor melding van intrafamiliaal geweld (zoals tijdens de coronapandemie).<\/li>\n<\/ul>\n<p>[\/et_pb_text][\/et_pb_column][\/et_pb_row][\/et_pb_section][et_pb_section fb_built=&#8221;1&#8243; _builder_version=&#8221;4.25.1&#8243; _module_preset=&#8221;default&#8221; background_color=&#8221;RGBA(255,255,255,0)&#8221; hover_enabled=&#8221;0&#8243; global_colors_info=&#8221;{}&#8221; sticky_enabled=&#8221;0&#8243;][et_pb_row _builder_version=&#8221;4.24.3&#8243; _module_preset=&#8221;default&#8221; background_color=&#8221;RGBA(255,255,255,0)&#8221; hover_enabled=&#8221;0&#8243; global_colors_info=&#8221;{}&#8221; sticky_enabled=&#8221;0&#8243;][et_pb_column type=&#8221;4_4&#8243; _builder_version=&#8221;4.21.0&#8243; _module_preset=&#8221;default&#8221; global_colors_info=&#8221;{}&#8221;][et_pb_text _builder_version=&#8221;4.25.1&#8243; _module_preset=&#8221;default&#8221; text_font=&#8221;Circular Medium||||||||&#8221; text_text_color=&#8221;#222222&#8243; text_line_height=&#8221;24px&#8221; header_font=&#8221;Circular Bold||||||||&#8221; header_text_color=&#8221;#222222&#8243; header_line_height=&#8221;32px&#8221; header_2_font=&#8221;Circular Medium||||||||&#8221; header_2_text_color=&#8221;#222222&#8243; header_2_line_height=&#8221;40px&#8221; global_colors_info=&#8221;{}&#8221;]<\/p>\n<h2><strong>Meer weten<\/strong><\/h2>\n<p style=\"font-weight: 400;\"><a href=\"https:\/\/vooruit.brussels\/wp-content\/uploads\/2024\/04\/veiligheid_netheid-NL.pdf\" target=\"_blank\" rel=\"noopener\">Ontdek hier ons volledige programma veiligheid &amp; netheid.<\/a><\/p>\n<p>[\/et_pb_text][\/et_pb_column][\/et_pb_row][\/et_pb_section]<\/p>\n","protected":false},"excerpt":{"rendered":"<p>Veiligheid Je thuis voelen begint bij je veilig voelen. Wat wil Vooruit.brussels? Een stad \u2018for the many, not the few\u2019. Vooruit.brussels staat voor een allesomvattende aanpak van veiligheid. Met de minister-president van het Brussels Hoofdstedelijke Gewest aan het roer.Leiderschap en centrale sturing Het commando ligt bij de minister-president, die Brussel vertegenwoordigt bij de federale overheid. [&hellip;]<\/p>\n","protected":false},"author":9,"featured_media":0,"parent":0,"menu_order":0,"comment_status":"closed","ping_status":"closed","template":"","meta":{"_acf_changed":false,"_et_pb_use_builder":"on","_et_pb_old_content":"","_et_gb_content_width":"","footnotes":""},"class_list":["post-2297","page","type-page","status-publish","hentry"],"acf":[],"yoast_head":"<!-- This site is optimized with the Yoast SEO plugin v27.5 - https:\/\/yoast.com\/product\/yoast-seo-wordpress\/ -->\n<title>Veiligheid - Vooruit.brussels<\/title>\n<meta name=\"description\" content=\"We realiseerden de voorbije jaren al tal van mooie projecten in Brussel.\" \/>\n<meta name=\"robots\" content=\"index, follow, max-snippet:-1, max-image-preview:large, max-video-preview:-1\" \/>\n<link rel=\"canonical\" href=\"https:\/\/vooruit.brussels\/en\/veiligheid\/\" \/>\n<meta property=\"og:locale\" content=\"en_GB\" \/>\n<meta property=\"og:type\" content=\"article\" \/>\n<meta property=\"og:title\" content=\"Veiligheid - Vooruit.brussels\" \/>\n<meta property=\"og:description\" content=\"We realiseerden de voorbije jaren al tal van mooie projecten in Brussel.\" \/>\n<meta property=\"og:url\" content=\"https:\/\/vooruit.brussels\/en\/veiligheid\/\" \/>\n<meta property=\"og:site_name\" content=\"Vooruit.brussels\" \/>\n<meta property=\"article:modified_time\" content=\"2024-05-17T07:55:40+00:00\" \/>\n<meta name=\"twitter:card\" content=\"summary_large_image\" \/>\n<meta name=\"twitter:label1\" content=\"Estimated reading time\" \/>\n\t<meta name=\"twitter:data1\" content=\"3 minutes\" \/>\n<script type=\"application\/ld+json\" class=\"yoast-schema-graph\">{\"@context\":\"https:\\\/\\\/schema.org\",\"@graph\":[{\"@type\":\"WebPage\",\"@id\":\"https:\\\/\\\/vooruit.brussels\\\/veiligheid\\\/\",\"url\":\"https:\\\/\\\/vooruit.brussels\\\/veiligheid\\\/\",\"name\":\"Veiligheid - Vooruit.brussels\",\"isPartOf\":{\"@id\":\"https:\\\/\\\/vooruit.brussels\\\/#website\"},\"datePublished\":\"2024-04-19T10:17:48+00:00\",\"dateModified\":\"2024-05-17T07:55:40+00:00\",\"description\":\"We realiseerden de voorbije jaren al tal van mooie projecten in Brussel.\",\"breadcrumb\":{\"@id\":\"https:\\\/\\\/vooruit.brussels\\\/veiligheid\\\/#breadcrumb\"},\"inLanguage\":\"en-GB\",\"potentialAction\":[{\"@type\":\"ReadAction\",\"target\":[\"https:\\\/\\\/vooruit.brussels\\\/veiligheid\\\/\"]}]},{\"@type\":\"BreadcrumbList\",\"@id\":\"https:\\\/\\\/vooruit.brussels\\\/veiligheid\\\/#breadcrumb\",\"itemListElement\":[{\"@type\":\"ListItem\",\"position\":1,\"name\":\"Accueil\",\"item\":\"https:\\\/\\\/vooruit.brussels\\\/\"},{\"@type\":\"ListItem\",\"position\":2,\"name\":\"Veiligheid\"}]},{\"@type\":\"WebSite\",\"@id\":\"https:\\\/\\\/vooruit.brussels\\\/#website\",\"url\":\"https:\\\/\\\/vooruit.brussels\\\/\",\"name\":\"Vooruit.brussels\",\"description\":\"\",\"potentialAction\":[{\"@type\":\"SearchAction\",\"target\":{\"@type\":\"EntryPoint\",\"urlTemplate\":\"https:\\\/\\\/vooruit.brussels\\\/?s={search_term_string}\"},\"query-input\":{\"@type\":\"PropertyValueSpecification\",\"valueRequired\":true,\"valueName\":\"search_term_string\"}}],\"inLanguage\":\"en-GB\"}]}<\/script>\n<!-- \/ Yoast SEO plugin. -->","yoast_head_json":{"title":"Veiligheid - Vooruit.brussels","description":"We realiseerden de voorbije jaren al tal van mooie projecten in Brussel.","robots":{"index":"index","follow":"follow","max-snippet":"max-snippet:-1","max-image-preview":"max-image-preview:large","max-video-preview":"max-video-preview:-1"},"canonical":"https:\/\/vooruit.brussels\/en\/veiligheid\/","og_locale":"en_GB","og_type":"article","og_title":"Veiligheid - Vooruit.brussels","og_description":"We realiseerden de voorbije jaren al tal van mooie projecten in Brussel.","og_url":"https:\/\/vooruit.brussels\/en\/veiligheid\/","og_site_name":"Vooruit.brussels","article_modified_time":"2024-05-17T07:55:40+00:00","twitter_card":"summary_large_image","twitter_misc":{"Estimated reading time":"3 minutes"},"schema":{"@context":"https:\/\/schema.org","@graph":[{"@type":"WebPage","@id":"https:\/\/vooruit.brussels\/veiligheid\/","url":"https:\/\/vooruit.brussels\/veiligheid\/","name":"Veiligheid - Vooruit.brussels","isPartOf":{"@id":"https:\/\/vooruit.brussels\/#website"},"datePublished":"2024-04-19T10:17:48+00:00","dateModified":"2024-05-17T07:55:40+00:00","description":"We realiseerden de voorbije jaren al tal van mooie projecten in Brussel.","breadcrumb":{"@id":"https:\/\/vooruit.brussels\/veiligheid\/#breadcrumb"},"inLanguage":"en-GB","potentialAction":[{"@type":"ReadAction","target":["https:\/\/vooruit.brussels\/veiligheid\/"]}]},{"@type":"BreadcrumbList","@id":"https:\/\/vooruit.brussels\/veiligheid\/#breadcrumb","itemListElement":[{"@type":"ListItem","position":1,"name":"Accueil","item":"https:\/\/vooruit.brussels\/"},{"@type":"ListItem","position":2,"name":"Veiligheid"}]},{"@type":"WebSite","@id":"https:\/\/vooruit.brussels\/#website","url":"https:\/\/vooruit.brussels\/","name":"Vooruit.brussels","description":"","potentialAction":[{"@type":"SearchAction","target":{"@type":"EntryPoint","urlTemplate":"https:\/\/vooruit.brussels\/?s={search_term_string}"},"query-input":{"@type":"PropertyValueSpecification","valueRequired":true,"valueName":"search_term_string"}}],"inLanguage":"en-GB"}]}},"_links":{"self":[{"href":"https:\/\/vooruit.brussels\/en\/wp-json\/wp\/v2\/pages\/2297","targetHints":{"allow":["GET"]}}],"collection":[{"href":"https:\/\/vooruit.brussels\/en\/wp-json\/wp\/v2\/pages"}],"about":[{"href":"https:\/\/vooruit.brussels\/en\/wp-json\/wp\/v2\/types\/page"}],"author":[{"embeddable":true,"href":"https:\/\/vooruit.brussels\/en\/wp-json\/wp\/v2\/users\/9"}],"replies":[{"embeddable":true,"href":"https:\/\/vooruit.brussels\/en\/wp-json\/wp\/v2\/comments?post=2297"}],"version-history":[{"count":12,"href":"https:\/\/vooruit.brussels\/en\/wp-json\/wp\/v2\/pages\/2297\/revisions"}],"predecessor-version":[{"id":2735,"href":"https:\/\/vooruit.brussels\/en\/wp-json\/wp\/v2\/pages\/2297\/revisions\/2735"}],"wp:attachment":[{"href":"https:\/\/vooruit.brussels\/en\/wp-json\/wp\/v2\/media?parent=2297"}],"curies":[{"name":"wp","href":"https:\/\/api.w.org\/{rel}","templated":true}]}}