{"id":2344,"date":"2024-04-19T13:35:01","date_gmt":"2024-04-19T11:35:01","guid":{"rendered":"https:\/\/dev.vooruit.brussels\/?page_id=2344"},"modified":"2024-06-07T15:53:35","modified_gmt":"2024-06-07T13:53:35","slug":"pact-voor-brussel","status":"publish","type":"page","link":"https:\/\/vooruit.brussels\/en\/pact-voor-brussel\/","title":{"rendered":"Pact for Brussels"},"content":{"rendered":"<p>[et_pb_section fb_built=&#8221;1&#8243; _builder_version=&#8221;4.24.3&#8243; _module_preset=&#8221;default&#8221; custom_margin=&#8221;0px||||false|false&#8221; custom_padding=&#8221;0px||||false|false&#8221; global_colors_info=&#8221;{}&#8221;][et_pb_row _builder_version=&#8221;4.21.0&#8243; _module_preset=&#8221;default&#8221; global_colors_info=&#8221;{}&#8221;][et_pb_column type=&#8221;4_4&#8243; _builder_version=&#8221;4.21.0&#8243; _module_preset=&#8221;default&#8221; global_colors_info=&#8221;{}&#8221;][et_pb_text _builder_version=&#8221;4.24.3&#8243; _module_preset=&#8221;default&#8221; text_font=&#8221;Circular Medium||||||||&#8221; text_line_height=&#8221;24px&#8221; header_font=&#8221;Circular Bold||||||||&#8221; header_font_size=&#8221;50px&#8221; header_line_height=&#8221;60px&#8221; header_2_font=&#8221;Circular Medium||||||||&#8221; header_2_line_height=&#8221;40px&#8221; global_colors_info=&#8221;{}&#8221;]<\/p>\n<h1 style=\"font-weight: 400;\"><strong>Een nieuw pact voor Brussel<\/strong><\/h1>\n<p style=\"font-weight: 400;\">Een meer eenvoudig, meer solidair en beter bestuurd Brussel<\/p>\n<p>[\/et_pb_text][\/et_pb_column][\/et_pb_row][\/et_pb_section][et_pb_section fb_built=&#8221;1&#8243; _builder_version=&#8221;4.21.0&#8243; _module_preset=&#8221;default&#8221; background_color=&#8221;#E7E0D7&#8243; global_colors_info=&#8221;{}&#8221;][et_pb_row column_structure=&#8221;1_4,3_4&#8243; _builder_version=&#8221;4.21.0&#8243; _module_preset=&#8221;default&#8221; background_color=&#8221;#E7E0D7&#8243; global_colors_info=&#8221;{}&#8221;][et_pb_column type=&#8221;1_4&#8243; _builder_version=&#8221;4.21.0&#8243; _module_preset=&#8221;default&#8221; global_colors_info=&#8221;{}&#8221;][et_pb_image src=&#8221;https:\/\/vooruit.brussels\/wp-content\/uploads\/2024\/04\/Toekomst-2.jpg&#8221; title_text=&#8221;Toekomst 2&#8243; disabled_on=&#8221;on|on|off&#8221; _builder_version=&#8221;4.25.0&#8243; _module_preset=&#8221;default&#8221; background_color=&#8221;RGBA(255,255,255,0)&#8221; global_colors_info=&#8221;{}&#8221;][\/et_pb_image][\/et_pb_column][et_pb_column type=&#8221;3_4&#8243; _builder_version=&#8221;4.21.0&#8243; _module_preset=&#8221;default&#8221; global_colors_info=&#8221;{}&#8221;][et_pb_image src=&#8221;https:\/\/vooruit.brussels\/wp-content\/uploads\/2024\/04\/Toekomst-1.jpg&#8221; title_text=&#8221;Toekomst 1&#8243; align=&#8221;center&#8221; disabled_on=&#8221;off|off|on&#8221; _builder_version=&#8221;4.25.0&#8243; _module_preset=&#8221;default&#8221; background_color=&#8221;RGBA(255,255,255,0)&#8221; global_colors_info=&#8221;{}&#8221;][\/et_pb_image][et_pb_text _builder_version=&#8221;4.25.1&#8243; _module_preset=&#8221;default&#8221; text_font=&#8221;Circular Medium||||||||&#8221; text_text_color=&#8221;#000000&#8243; text_line_height=&#8221;24px&#8221; header_font=&#8221;Circular Bold||||||||&#8221; header_text_color=&#8221;#000000&#8243; header_line_height=&#8221;32px&#8221; header_2_font=&#8221;Circular Medium||||||||&#8221; header_2_text_color=&#8221;#000000&#8243; header_2_line_height=&#8221;40px&#8221; global_colors_info=&#8221;{}&#8221;]<\/p>\n<h2><strong>Concreet: dit zijn onze voorstellen voor een hervormd Brussel<\/strong><\/h2>\n<p>[\/et_pb_text][et_pb_text _builder_version=&#8221;4.25.1&#8243; _module_preset=&#8221;default&#8221; text_font=&#8221;Circular Medium||||||||&#8221; text_text_color=&#8221;#000000&#8243; text_line_height=&#8221;24px&#8221; header_font=&#8221;Circular Bold||||||||&#8221; header_text_color=&#8221;#000000&#8243; header_line_height=&#8221;32px&#8221; header_2_font=&#8221;Circular Medium||||||||&#8221; header_2_text_color=&#8221;#000000&#8243; header_2_line_height=&#8221;40px&#8221; custom_margin=&#8221;|||10vw|false|false&#8221; global_colors_info=&#8221;{}&#8221;]<\/p>\n<h2><strong>Een stadshervorming en staatshervorming: \u00e9\u00e9n stadsgewest, vele stadsdelen <\/strong><\/h2>\n<p style=\"font-weight: 400;\">Brussel telt te veel besturen, te veel politici en te veel administraties waardoor iedereen bevoegd is en niemand verantwoordelijk. Het Brussels Gewest is institutioneel een gewest maar sociaal-economisch een stad. De financi\u00eble toestand van ons gewest dwingt ons tot een fundamentele en grondige interne hervorming. Een eengemaakt bestuur is geen institutionele fetisj, maar een middel om het leven van de Brusselaar kwaliteitsvoller en rechtvaardiger te maken.<\/p>\n<ul>\n<li>De gemeenten, OCMW\u2019s en politiezones worden daarom gefusioneerd en worden samen met het gewest, de agglomeratie en de provincie vervangen door \u00e9\u00e9n hoofdstedelijk stadsgewest genaamd Brussel-Hoofdstad.<\/li>\n<li>Parallel maken we werk van beleid dichtbij de mensen en aangepast aan de eigenheid van elke wijk. Er komen daarom districten of stadsdelen die in aantal v\u00e9\u00e9l hoger zijn dan de huidige gemeentes zoals bijv. Laken, Neder-Over-Heembeek of Haren. De stadsdelen volgen logische grenzen en voor aangelegenheden waarbij wijkgrenzen geen rol zouden mogen spelen wordt het beleid overgedragen naar het stadsgewest.<\/li>\n<li>Burgers kunnen terecht bij lokale antennes voor informatie en administratie van zowel het stadsgewest als het stadsdeel. Burgers kunnen een parkeerkaart of identiteitskaart aanvragen, langsgaan bij een sociaal adviseur of deelnemen aan een burgerpanel.<\/li>\n<li>Ook de OCMW\u2019s gefusioneerd tot \u00e9\u00e9n OCMW dat afhangt van de hoofdstedelijke raad. Elke Brusselaar heeft recht op dezelfde sociale bijstand die wordt gefinancierd vanuit de algemene begroting op niveau van het stadsgewest.<\/li>\n<li>De huidige zes politiezones worden gefusioneerd tot 1 politiezone met 1 korpschef onder leiding van de Minister-President\/burgemeester. Om de rol van de nabijheidspolitie te vergroten worden bemande lokale politieantennes<\/li>\n<li>We voeren de Optiris hervormingsoefening uit die de weg moet banen naar een meer strategisch aangestuurde overheidsadminstratie waarbij de wildgroei van agentschappen wordt tegengaan en een tegenbeweging wordt ingezet richting een inkanteling, clustering en, ultiem de fusie, van publieke verschillende administraties, agentschappen en organismes (zoals bijvoorbeeld de verschillende organismes bevoegd voor huisvesting en woningproductie).<\/li>\n<li>Zwembaden, sportcomplexen en stadia worden beheerd door het stadsgewest dat gelijke tarieven garandeert voor alle Brusselaars en openingsuren en renovatie die op elkaar zijn afgestemd.<\/li>\n<li>Aangezien we de gemeenten fuseren tot \u00e9\u00e9n nieuw Brussel-Hoofdstad, wordt het in eenzelfde adem mogelijk om het door ons lang verzuchte stemrecht voor internationale Brusselaars eindelijk toe te kennen.<\/li>\n<\/ul>\n<p>&nbsp;<\/p>\n<h2><strong>Een nieuwe architectuur voor de gemeenschapsbevoegdheden: eenvoudiger, effici\u00ebnter en met respect voor het Nederlands<\/strong><\/h2>\n<p style=\"font-weight: 400;\">Niet enkel de verhouding tussen gemeenten en gewest maakt Brussel vandaag nodeloos complex, ook de uitrol van de gemeenschapsbevoegdheden zoals die historisch heeft vorm gekregen zorgt voor een bestuurlijk kluwen waar Brusselaars in verloren lopen en waar de garantie op Nederlandstalige dienstverlening vaak ver te zoeken is.<\/p>\n<p style=\"font-weight: 400;\">We willen daarom het huidige model inzake de uitoefening van de gemeenschapsbevoegdheden herbekijkenen pleiten voor een nieuwe taakverdeling tussen de verschillende betrokken overheden.<\/p>\n<p style=\"font-weight: 400;\">We streven naar een sterk vereenvoudigde institutionele architectuur m\u00e9t een wettelijk verankerd Nederlandstalig aanbod op vlak van de bestaande gemeenschapsbevoegdheden op Brussels grondgebied: onderwijs, welzijn, cultuur, jeugd en sport. Telkens met twee belangrijke doelen voor ogen: een effici\u00ebnte en laagdrempelige overheid, ten dienste van \u00e0lle Brusselaars, \u00e9n harde garanties op Nederlandstalige dienstverlening voor elke Brusselaar die daarvoor kiest.<\/p>\n<ul>\n<li>Naar analogie met het fuseren van de 19 gemeentes en OCMW\u2019s binnen het stadsgewest Brussel-Hoofdstad worden ook de GGC, de VGC en de COCOF ingekanteld in diezelfde Hoofdstedelijke structuur.<\/li>\n<li>Om een correcte Nederlandstalige dienstverlening te garanderen op elke van deze bevoegdheden, wordt wettelijk vastgelegd dat jaarlijks 30% van de beschikbare Hoofdstedelijke budgetten moet worden uitgegeven aan een \u00e9\u00e9ntalig Nederlandstalig aanbod.<\/li>\n<li>Waarom raken aan wat werkt? In ons model blijft Vlaanderen onverkort bevoegd voor Nederlandstalig onderwijs en kinderopvang in Brussel. Dit geldt evenzeer voor hoger onderwijsinstellingen, inclusief het UZ Brussel<\/li>\n<li>Gezien de fusie van de gemeentes worden alle vroegere Brusselse gemeentescholen en cr\u00e8ches verenigd in een Hoofdstedelijk net met Brussel-Hoofdstad als inrichtende macht.<\/li>\n<li>We stappen af van tweetalige dienstverlening binnen het welzijds- en gezondheidsbeleid zoals die theoretisch bestond binnen de huidige GGC-instellingen. Die blijkt in de praktijk een illusie. We kiezen daarom voor een nieuw Hoofdstedelijk model met een aanbod van zowel \u00e9\u00e9ntalig Nederlandstalige, \u00e9\u00e9ntalig Franstalige als tweetalige zorgvoorzieningen en -diensten, georganiseerd onder bevoegdheid van Brussel-Hoofdstad.<\/li>\n<li>Pati\u00ebnten binnen Brussel moeten z\u00e9lf kunnen vragen om naar het dichtstbijzijnde Nederlandstalige ziekenhuis te worden gebracht (in casu UZ Brussel) in plaats van het dichtstbijzijnde als de tijdsafwijking niet meer dan 12 minuten bedraagt. We leggen ook een meertaligheid op waarbij minstens een tweetaligheid (NL-FR) voor de spoeddiensten van alle openbare, Brusselse ziekenhuizen, en dwingen ze af door er een erkennigsvoorwaardevan te maken.<\/li>\n<li>Brussel-Hoofdstad krijgt de bevoegdheid voor stedelijk\/\u2018lokaal\u2019 cultuur-, jeugd- en sportbeleid en we maken werk van een \u00e9chte Brusselse sportcompetitie tussen (NL- en FR-talige) sportclubs.<\/li>\n<\/ul>\n<p>&nbsp;<\/p>\n<h2 style=\"font-weight: 400;\"><strong>Het is Vooruit met Brussel. Of het is achteruit. Kies maar.<\/strong><\/h2>\n<p style=\"font-weight: 400;\">[\/et_pb_text][\/et_pb_column][\/et_pb_row][\/et_pb_section][et_pb_section fb_built=&#8221;1&#8243; _builder_version=&#8221;4.24.3&#8243; _module_preset=&#8221;default&#8221; background_color=&#8221;#FFFFFF&#8221; global_colors_info=&#8221;{}&#8221;][et_pb_row _builder_version=&#8221;4.24.3&#8243; _module_preset=&#8221;default&#8221; background_color=&#8221;RGBA(255,255,255,0)&#8221; global_colors_info=&#8221;{}&#8221;][et_pb_column type=&#8221;4_4&#8243; _builder_version=&#8221;4.21.0&#8243; _module_preset=&#8221;default&#8221; global_colors_info=&#8221;{}&#8221;][et_pb_text _builder_version=&#8221;4.25.1&#8243; _module_preset=&#8221;default&#8221; text_font=&#8221;Circular Medium||||||||&#8221; text_text_color=&#8221;#222222&#8243; text_line_height=&#8221;24px&#8221; header_font=&#8221;Circular Bold||||||||&#8221; header_text_color=&#8221;#222222&#8243; header_line_height=&#8221;32px&#8221; header_2_font=&#8221;Circular Medium||||||||&#8221; header_2_text_color=&#8221;#222222&#8243; header_2_line_height=&#8221;40px&#8221; global_colors_info=&#8221;{}&#8221;]<\/p>\n<h2><strong>Meer weten?<\/strong><\/h2>\n<p style=\"font-weight: 400;\"><a href=\"https:\/\/vooruit.brussels\/wp-content\/uploads\/2024\/04\/pact-voor-brussels-NL.pdf\" target=\"_blank\" rel=\"noopener\">Ontdek hier ons volledige programma Pact voor Brussel.<\/a><\/p>\n<p style=\"font-weight: 400;\">[\/et_pb_text][\/et_pb_column][\/et_pb_row][\/et_pb_section]<\/p>\n","protected":false},"excerpt":{"rendered":"<p>Een nieuw pact voor Brussel Een meer eenvoudig, meer solidair en beter bestuurd BrusselConcreet: dit zijn onze voorstellen voor een hervormd BrusselEen stadshervorming en staatshervorming: \u00e9\u00e9n stadsgewest, vele stadsdelen Brussel telt te veel besturen, te veel politici en te veel administraties waardoor iedereen bevoegd is en niemand verantwoordelijk. Het Brussels Gewest is institutioneel een gewest [&hellip;]<\/p>\n","protected":false},"author":9,"featured_media":2241,"parent":0,"menu_order":0,"comment_status":"closed","ping_status":"closed","template":"","meta":{"_acf_changed":false,"_et_pb_use_builder":"on","_et_pb_old_content":"","_et_gb_content_width":"","footnotes":""},"class_list":["post-2344","page","type-page","status-publish","has-post-thumbnail","hentry"],"acf":[],"yoast_head":"<!-- This site is optimized with the Yoast SEO plugin v27.5 - https:\/\/yoast.com\/product\/yoast-seo-wordpress\/ -->\n<title>Pact voor Brussel - Vooruit.brussels<\/title>\n<meta name=\"description\" content=\"We realiseerden de voorbije jaren al tal van mooie projecten in Brussel.\" \/>\n<meta name=\"robots\" content=\"index, follow, max-snippet:-1, max-image-preview:large, max-video-preview:-1\" \/>\n<link rel=\"canonical\" href=\"https:\/\/vooruit.brussels\/en\/pact-voor-brussel\/\" \/>\n<meta property=\"og:locale\" content=\"en_GB\" \/>\n<meta property=\"og:type\" content=\"article\" \/>\n<meta property=\"og:title\" content=\"Pact voor Brussel - Vooruit.brussels\" \/>\n<meta property=\"og:description\" content=\"We realiseerden de voorbije jaren al tal van mooie projecten in Brussel.\" \/>\n<meta property=\"og:url\" content=\"https:\/\/vooruit.brussels\/en\/pact-voor-brussel\/\" \/>\n<meta property=\"og:site_name\" content=\"Vooruit.brussels\" \/>\n<meta property=\"article:modified_time\" content=\"2024-06-07T13:53:35+00:00\" \/>\n<meta property=\"og:image\" content=\"https:\/\/vooruit.brussels\/wp-content\/uploads\/2024\/04\/Toekomst-1.jpg\" \/>\n\t<meta property=\"og:image:width\" content=\"1200\" \/>\n\t<meta property=\"og:image:height\" content=\"800\" \/>\n\t<meta property=\"og:image:type\" content=\"image\/jpeg\" \/>\n<meta name=\"twitter:card\" content=\"summary_large_image\" \/>\n<meta name=\"twitter:label1\" content=\"Estimated reading time\" \/>\n\t<meta name=\"twitter:data1\" content=\"5 minutes\" \/>\n<script type=\"application\/ld+json\" class=\"yoast-schema-graph\">{\"@context\":\"https:\\\/\\\/schema.org\",\"@graph\":[{\"@type\":\"WebPage\",\"@id\":\"https:\\\/\\\/vooruit.brussels\\\/pact-voor-brussel\\\/\",\"url\":\"https:\\\/\\\/vooruit.brussels\\\/pact-voor-brussel\\\/\",\"name\":\"Pact voor Brussel - Vooruit.brussels\",\"isPartOf\":{\"@id\":\"https:\\\/\\\/vooruit.brussels\\\/#website\"},\"primaryImageOfPage\":{\"@id\":\"https:\\\/\\\/vooruit.brussels\\\/pact-voor-brussel\\\/#primaryimage\"},\"image\":{\"@id\":\"https:\\\/\\\/vooruit.brussels\\\/pact-voor-brussel\\\/#primaryimage\"},\"thumbnailUrl\":\"https:\\\/\\\/vooruit.brussels\\\/wp-content\\\/uploads\\\/2024\\\/04\\\/Toekomst-1.jpg\",\"datePublished\":\"2024-04-19T11:35:01+00:00\",\"dateModified\":\"2024-06-07T13:53:35+00:00\",\"description\":\"We realiseerden de voorbije jaren al tal van mooie projecten in Brussel.\",\"breadcrumb\":{\"@id\":\"https:\\\/\\\/vooruit.brussels\\\/pact-voor-brussel\\\/#breadcrumb\"},\"inLanguage\":\"en-GB\",\"potentialAction\":[{\"@type\":\"ReadAction\",\"target\":[\"https:\\\/\\\/vooruit.brussels\\\/pact-voor-brussel\\\/\"]}]},{\"@type\":\"ImageObject\",\"inLanguage\":\"en-GB\",\"@id\":\"https:\\\/\\\/vooruit.brussels\\\/pact-voor-brussel\\\/#primaryimage\",\"url\":\"https:\\\/\\\/vooruit.brussels\\\/wp-content\\\/uploads\\\/2024\\\/04\\\/Toekomst-1.jpg\",\"contentUrl\":\"https:\\\/\\\/vooruit.brussels\\\/wp-content\\\/uploads\\\/2024\\\/04\\\/Toekomst-1.jpg\",\"width\":1200,\"height\":800},{\"@type\":\"BreadcrumbList\",\"@id\":\"https:\\\/\\\/vooruit.brussels\\\/pact-voor-brussel\\\/#breadcrumb\",\"itemListElement\":[{\"@type\":\"ListItem\",\"position\":1,\"name\":\"Accueil\",\"item\":\"https:\\\/\\\/vooruit.brussels\\\/\"},{\"@type\":\"ListItem\",\"position\":2,\"name\":\"Pact voor Brussel\"}]},{\"@type\":\"WebSite\",\"@id\":\"https:\\\/\\\/vooruit.brussels\\\/#website\",\"url\":\"https:\\\/\\\/vooruit.brussels\\\/\",\"name\":\"Vooruit.brussels\",\"description\":\"\",\"potentialAction\":[{\"@type\":\"SearchAction\",\"target\":{\"@type\":\"EntryPoint\",\"urlTemplate\":\"https:\\\/\\\/vooruit.brussels\\\/?s={search_term_string}\"},\"query-input\":{\"@type\":\"PropertyValueSpecification\",\"valueRequired\":true,\"valueName\":\"search_term_string\"}}],\"inLanguage\":\"en-GB\"}]}<\/script>\n<!-- \/ Yoast SEO plugin. -->","yoast_head_json":{"title":"Pact voor Brussel - Vooruit.brussels","description":"We realiseerden de voorbije jaren al tal van mooie projecten in Brussel.","robots":{"index":"index","follow":"follow","max-snippet":"max-snippet:-1","max-image-preview":"max-image-preview:large","max-video-preview":"max-video-preview:-1"},"canonical":"https:\/\/vooruit.brussels\/en\/pact-voor-brussel\/","og_locale":"en_GB","og_type":"article","og_title":"Pact voor Brussel - Vooruit.brussels","og_description":"We realiseerden de voorbije jaren al tal van mooie projecten in Brussel.","og_url":"https:\/\/vooruit.brussels\/en\/pact-voor-brussel\/","og_site_name":"Vooruit.brussels","article_modified_time":"2024-06-07T13:53:35+00:00","og_image":[{"width":1200,"height":800,"url":"https:\/\/vooruit.brussels\/wp-content\/uploads\/2024\/04\/Toekomst-1.jpg","type":"image\/jpeg"}],"twitter_card":"summary_large_image","twitter_misc":{"Estimated reading time":"5 minutes"},"schema":{"@context":"https:\/\/schema.org","@graph":[{"@type":"WebPage","@id":"https:\/\/vooruit.brussels\/pact-voor-brussel\/","url":"https:\/\/vooruit.brussels\/pact-voor-brussel\/","name":"Pact voor Brussel - Vooruit.brussels","isPartOf":{"@id":"https:\/\/vooruit.brussels\/#website"},"primaryImageOfPage":{"@id":"https:\/\/vooruit.brussels\/pact-voor-brussel\/#primaryimage"},"image":{"@id":"https:\/\/vooruit.brussels\/pact-voor-brussel\/#primaryimage"},"thumbnailUrl":"https:\/\/vooruit.brussels\/wp-content\/uploads\/2024\/04\/Toekomst-1.jpg","datePublished":"2024-04-19T11:35:01+00:00","dateModified":"2024-06-07T13:53:35+00:00","description":"We realiseerden de voorbije jaren al tal van mooie projecten in Brussel.","breadcrumb":{"@id":"https:\/\/vooruit.brussels\/pact-voor-brussel\/#breadcrumb"},"inLanguage":"en-GB","potentialAction":[{"@type":"ReadAction","target":["https:\/\/vooruit.brussels\/pact-voor-brussel\/"]}]},{"@type":"ImageObject","inLanguage":"en-GB","@id":"https:\/\/vooruit.brussels\/pact-voor-brussel\/#primaryimage","url":"https:\/\/vooruit.brussels\/wp-content\/uploads\/2024\/04\/Toekomst-1.jpg","contentUrl":"https:\/\/vooruit.brussels\/wp-content\/uploads\/2024\/04\/Toekomst-1.jpg","width":1200,"height":800},{"@type":"BreadcrumbList","@id":"https:\/\/vooruit.brussels\/pact-voor-brussel\/#breadcrumb","itemListElement":[{"@type":"ListItem","position":1,"name":"Accueil","item":"https:\/\/vooruit.brussels\/"},{"@type":"ListItem","position":2,"name":"Pact voor Brussel"}]},{"@type":"WebSite","@id":"https:\/\/vooruit.brussels\/#website","url":"https:\/\/vooruit.brussels\/","name":"Vooruit.brussels","description":"","potentialAction":[{"@type":"SearchAction","target":{"@type":"EntryPoint","urlTemplate":"https:\/\/vooruit.brussels\/?s={search_term_string}"},"query-input":{"@type":"PropertyValueSpecification","valueRequired":true,"valueName":"search_term_string"}}],"inLanguage":"en-GB"}]}},"_links":{"self":[{"href":"https:\/\/vooruit.brussels\/en\/wp-json\/wp\/v2\/pages\/2344","targetHints":{"allow":["GET"]}}],"collection":[{"href":"https:\/\/vooruit.brussels\/en\/wp-json\/wp\/v2\/pages"}],"about":[{"href":"https:\/\/vooruit.brussels\/en\/wp-json\/wp\/v2\/types\/page"}],"author":[{"embeddable":true,"href":"https:\/\/vooruit.brussels\/en\/wp-json\/wp\/v2\/users\/9"}],"replies":[{"embeddable":true,"href":"https:\/\/vooruit.brussels\/en\/wp-json\/wp\/v2\/comments?post=2344"}],"version-history":[{"count":11,"href":"https:\/\/vooruit.brussels\/en\/wp-json\/wp\/v2\/pages\/2344\/revisions"}],"predecessor-version":[{"id":2910,"href":"https:\/\/vooruit.brussels\/en\/wp-json\/wp\/v2\/pages\/2344\/revisions\/2910"}],"wp:featuredmedia":[{"embeddable":true,"href":"https:\/\/vooruit.brussels\/en\/wp-json\/wp\/v2\/media\/2241"}],"wp:attachment":[{"href":"https:\/\/vooruit.brussels\/en\/wp-json\/wp\/v2\/media?parent=2344"}],"curies":[{"name":"wp","href":"https:\/\/api.w.org\/{rel}","templated":true}]}}