{"id":2202,"date":"2024-04-18T21:00:39","date_gmt":"2024-04-18T19:00:39","guid":{"rendered":"https:\/\/dev.vooruit.brussels\/?post_type=kandidaat&#038;p=2202"},"modified":"2024-04-26T15:56:24","modified_gmt":"2024-04-26T13:56:24","slug":"jos-vanrillaer","status":"publish","type":"kandidaat","link":"https:\/\/vooruit.brussels\/fr\/onze-kandidaten\/jos-vanrillaer\/","title":{"rendered":"6. Jos Van Rillaer"},"featured_media":1711,"template":"","categories":[],"class_list":["post-2202","kandidaat","type-kandidaat","status-publish","has-post-thumbnail","hentry"],"acf":[],"yoast_head":"<!-- This site is optimized with the Yoast SEO plugin v27.4 - https:\/\/yoast.com\/product\/yoast-seo-wordpress\/ -->\n<title>6. Jos Van Rillaer - Vooruit.brussels<\/title>\n<meta name=\"description\" content=\"\u201cIk wil meebouwen aan een stad waar het voor iedereen goed leven is. Waar er op een open, veilige en duurzame manier kansen worden gecre\u00eberd voor creativiteit en solidariteit. Een Brussel waar het potentieel van elke inwoner gestimuleerd en ontwikkeld wordt, en waar we actief de ongelijkheid bestrijden.\u201d\u00a0\" \/>\n<meta name=\"robots\" content=\"index, follow, max-snippet:-1, max-image-preview:large, max-video-preview:-1\" \/>\n<link rel=\"canonical\" href=\"https:\/\/vooruit.brussels\/fr\/onze-kandidaten\/jos-vanrillaer\/\" \/>\n<meta property=\"og:locale\" content=\"fr_FR\" \/>\n<meta property=\"og:type\" content=\"article\" \/>\n<meta property=\"og:title\" content=\"6. Jos Van Rillaer - Vooruit.brussels\" \/>\n<meta property=\"og:description\" content=\"\u201cIk wil meebouwen aan een stad waar het voor iedereen goed leven is. Waar er op een open, veilige en duurzame manier kansen worden gecre\u00eberd voor creativiteit en solidariteit. Een Brussel waar het potentieel van elke inwoner gestimuleerd en ontwikkeld wordt, en waar we actief de ongelijkheid bestrijden.\u201d\u00a0\" \/>\n<meta property=\"og:url\" content=\"https:\/\/vooruit.brussels\/fr\/onze-kandidaten\/jos-vanrillaer\/\" \/>\n<meta property=\"og:site_name\" content=\"Vooruit.brussels\" \/>\n<meta property=\"article:modified_time\" content=\"2024-04-26T13:56:24+00:00\" \/>\n<meta property=\"og:image\" content=\"https:\/\/vooruit.brussels\/wp-content\/uploads\/2024\/04\/BRU_VLA_OPV_06_VANRILLAER_S.jpg\" \/>\n\t<meta property=\"og:image:width\" content=\"450\" \/>\n\t<meta property=\"og:image:height\" content=\"600\" \/>\n\t<meta property=\"og:image:type\" content=\"image\/jpeg\" \/>\n<meta name=\"twitter:card\" content=\"summary_large_image\" \/>\n<meta name=\"twitter:label1\" content=\"Dur\u00e9e de lecture est.\" \/>\n\t<meta name=\"twitter:data1\" content=\"1 minute\" \/>\n<script type=\"application\/ld+json\" class=\"yoast-schema-graph\">{\"@context\":\"https:\\\/\\\/schema.org\",\"@graph\":[{\"@type\":\"WebPage\",\"@id\":\"https:\\\/\\\/vooruit.brussels\\\/onze-kandidaten\\\/jos-vanrillaer\\\/\",\"url\":\"https:\\\/\\\/vooruit.brussels\\\/onze-kandidaten\\\/jos-vanrillaer\\\/\",\"name\":\"6. Jos Van Rillaer - Vooruit.brussels\",\"isPartOf\":{\"@id\":\"https:\\\/\\\/vooruit.brussels\\\/en\\\/#website\"},\"primaryImageOfPage\":{\"@id\":\"https:\\\/\\\/vooruit.brussels\\\/onze-kandidaten\\\/jos-vanrillaer\\\/#primaryimage\"},\"image\":{\"@id\":\"https:\\\/\\\/vooruit.brussels\\\/onze-kandidaten\\\/jos-vanrillaer\\\/#primaryimage\"},\"thumbnailUrl\":\"https:\\\/\\\/vooruit.brussels\\\/wp-content\\\/uploads\\\/2024\\\/04\\\/BRU_VLA_OPV_06_VANRILLAER_S.jpg\",\"datePublished\":\"2024-04-18T19:00:39+00:00\",\"dateModified\":\"2024-04-26T13:56:24+00:00\",\"description\":\"\u201cIk wil meebouwen aan een stad waar het voor iedereen goed leven is. Waar er op een open, veilige en duurzame manier kansen worden gecre\u00eberd voor creativiteit en solidariteit. Een Brussel waar het potentieel van elke inwoner gestimuleerd en ontwikkeld wordt, en waar we actief de ongelijkheid bestrijden.\u201d\u00a0\",\"breadcrumb\":{\"@id\":\"https:\\\/\\\/vooruit.brussels\\\/onze-kandidaten\\\/jos-vanrillaer\\\/#breadcrumb\"},\"inLanguage\":\"fr-BE\",\"potentialAction\":[{\"@type\":\"ReadAction\",\"target\":[\"https:\\\/\\\/vooruit.brussels\\\/onze-kandidaten\\\/jos-vanrillaer\\\/\"]}]},{\"@type\":\"ImageObject\",\"inLanguage\":\"fr-BE\",\"@id\":\"https:\\\/\\\/vooruit.brussels\\\/onze-kandidaten\\\/jos-vanrillaer\\\/#primaryimage\",\"url\":\"https:\\\/\\\/vooruit.brussels\\\/wp-content\\\/uploads\\\/2024\\\/04\\\/BRU_VLA_OPV_06_VANRILLAER_S.jpg\",\"contentUrl\":\"https:\\\/\\\/vooruit.brussels\\\/wp-content\\\/uploads\\\/2024\\\/04\\\/BRU_VLA_OPV_06_VANRILLAER_S.jpg\",\"width\":450,\"height\":600},{\"@type\":\"BreadcrumbList\",\"@id\":\"https:\\\/\\\/vooruit.brussels\\\/onze-kandidaten\\\/jos-vanrillaer\\\/#breadcrumb\",\"itemListElement\":[{\"@type\":\"ListItem\",\"position\":1,\"name\":\"Accueil\",\"item\":\"https:\\\/\\\/vooruit.brussels\\\/en\\\/\"},{\"@type\":\"ListItem\",\"position\":2,\"name\":\"Kandidaten\",\"item\":\"https:\\\/\\\/vooruit.brussels\\\/en\\\/onze-kandidaten\\\/\"},{\"@type\":\"ListItem\",\"position\":3,\"name\":\"6. Jos Van Rillaer\"}]},{\"@type\":\"WebSite\",\"@id\":\"https:\\\/\\\/vooruit.brussels\\\/en\\\/#website\",\"url\":\"https:\\\/\\\/vooruit.brussels\\\/en\\\/\",\"name\":\"Vooruit.brussels\",\"description\":\"\",\"potentialAction\":[{\"@type\":\"SearchAction\",\"target\":{\"@type\":\"EntryPoint\",\"urlTemplate\":\"https:\\\/\\\/vooruit.brussels\\\/en\\\/?s={search_term_string}\"},\"query-input\":{\"@type\":\"PropertyValueSpecification\",\"valueRequired\":true,\"valueName\":\"search_term_string\"}}],\"inLanguage\":\"fr-BE\"}]}<\/script>\n<!-- \/ Yoast SEO plugin. -->","yoast_head_json":{"title":"6. Jos Van Rillaer - Vooruit.brussels","description":"\u00ab\u202fJe veux contribuer \u00e0 construire une ville o\u00f9 il fait bon vivre pour tous. O\u00f9 les opportunit\u00e9s de cr\u00e9ativit\u00e9 et de solidarit\u00e9 sont cr\u00e9\u00e9es de mani\u00e8re ouverte, s\u00fbre et durable. Une Bruxelles o\u00f9 le potentiel de chaque habitant est encourag\u00e9 et d\u00e9velopp\u00e9, et o\u00f9 nous luttons activement contre les in\u00e9galit\u00e9s.\u202f\u00bb\u00a0","robots":{"index":"index","follow":"follow","max-snippet":"max-snippet:-1","max-image-preview":"max-image-preview:large","max-video-preview":"max-video-preview:-1"},"canonical":"https:\/\/vooruit.brussels\/fr\/onze-kandidaten\/jos-vanrillaer\/","og_locale":"fr_FR","og_type":"article","og_title":"6. Jos Van Rillaer - Vooruit.brussels","og_description":"\u201cIk wil meebouwen aan een stad waar het voor iedereen goed leven is. Waar er op een open, veilige en duurzame manier kansen worden gecre\u00eberd voor creativiteit en solidariteit. Een Brussel waar het potentieel van elke inwoner gestimuleerd en ontwikkeld wordt, en waar we actief de ongelijkheid bestrijden.\u201d\u00a0","og_url":"https:\/\/vooruit.brussels\/fr\/onze-kandidaten\/jos-vanrillaer\/","og_site_name":"Vooruit.brussels","article_modified_time":"2024-04-26T13:56:24+00:00","og_image":[{"width":450,"height":600,"url":"https:\/\/vooruit.brussels\/wp-content\/uploads\/2024\/04\/BRU_VLA_OPV_06_VANRILLAER_S.jpg","type":"image\/jpeg"}],"twitter_card":"summary_large_image","twitter_misc":{"Dur\u00e9e de lecture est.":"1 minute"},"schema":{"@context":"https:\/\/schema.org","@graph":[{"@type":"WebPage","@id":"https:\/\/vooruit.brussels\/onze-kandidaten\/jos-vanrillaer\/","url":"https:\/\/vooruit.brussels\/onze-kandidaten\/jos-vanrillaer\/","name":"6. Jos Van Rillaer - Vooruit.brussels","isPartOf":{"@id":"https:\/\/vooruit.brussels\/en\/#website"},"primaryImageOfPage":{"@id":"https:\/\/vooruit.brussels\/onze-kandidaten\/jos-vanrillaer\/#primaryimage"},"image":{"@id":"https:\/\/vooruit.brussels\/onze-kandidaten\/jos-vanrillaer\/#primaryimage"},"thumbnailUrl":"https:\/\/vooruit.brussels\/wp-content\/uploads\/2024\/04\/BRU_VLA_OPV_06_VANRILLAER_S.jpg","datePublished":"2024-04-18T19:00:39+00:00","dateModified":"2024-04-26T13:56:24+00:00","description":"\u00ab\u202fJe veux contribuer \u00e0 construire une ville o\u00f9 il fait bon vivre pour tous. O\u00f9 les opportunit\u00e9s de cr\u00e9ativit\u00e9 et de solidarit\u00e9 sont cr\u00e9\u00e9es de mani\u00e8re ouverte, s\u00fbre et durable. Une Bruxelles o\u00f9 le potentiel de chaque habitant est encourag\u00e9 et d\u00e9velopp\u00e9, et o\u00f9 nous luttons activement contre les in\u00e9galit\u00e9s.\u202f\u00bb\u00a0","breadcrumb":{"@id":"https:\/\/vooruit.brussels\/onze-kandidaten\/jos-vanrillaer\/#breadcrumb"},"inLanguage":"fr-BE","potentialAction":[{"@type":"ReadAction","target":["https:\/\/vooruit.brussels\/onze-kandidaten\/jos-vanrillaer\/"]}]},{"@type":"ImageObject","inLanguage":"fr-BE","@id":"https:\/\/vooruit.brussels\/onze-kandidaten\/jos-vanrillaer\/#primaryimage","url":"https:\/\/vooruit.brussels\/wp-content\/uploads\/2024\/04\/BRU_VLA_OPV_06_VANRILLAER_S.jpg","contentUrl":"https:\/\/vooruit.brussels\/wp-content\/uploads\/2024\/04\/BRU_VLA_OPV_06_VANRILLAER_S.jpg","width":450,"height":600},{"@type":"BreadcrumbList","@id":"https:\/\/vooruit.brussels\/onze-kandidaten\/jos-vanrillaer\/#breadcrumb","itemListElement":[{"@type":"ListItem","position":1,"name":"Accueil","item":"https:\/\/vooruit.brussels\/en\/"},{"@type":"ListItem","position":2,"name":"Kandidaten","item":"https:\/\/vooruit.brussels\/en\/onze-kandidaten\/"},{"@type":"ListItem","position":3,"name":"6. Jos Van Rillaer"}]},{"@type":"WebSite","@id":"https:\/\/vooruit.brussels\/en\/#website","url":"https:\/\/vooruit.brussels\/en\/","name":"Vooruit.brussels","description":"","potentialAction":[{"@type":"SearchAction","target":{"@type":"EntryPoint","urlTemplate":"https:\/\/vooruit.brussels\/en\/?s={search_term_string}"},"query-input":{"@type":"PropertyValueSpecification","valueRequired":true,"valueName":"search_term_string"}}],"inLanguage":"fr-BE"}]}},"_links":{"self":[{"href":"https:\/\/vooruit.brussels\/fr\/wp-json\/wp\/v2\/kandidaat\/2202","targetHints":{"allow":["GET"]}}],"collection":[{"href":"https:\/\/vooruit.brussels\/fr\/wp-json\/wp\/v2\/kandidaat"}],"about":[{"href":"https:\/\/vooruit.brussels\/fr\/wp-json\/wp\/v2\/types\/kandidaat"}],"wp:featuredmedia":[{"embeddable":true,"href":"https:\/\/vooruit.brussels\/fr\/wp-json\/wp\/v2\/media\/1711"}],"wp:attachment":[{"href":"https:\/\/vooruit.brussels\/fr\/wp-json\/wp\/v2\/media?parent=2202"}],"wp:term":[{"taxonomy":"category","embeddable":true,"href":"https:\/\/vooruit.brussels\/fr\/wp-json\/wp\/v2\/categories?post=2202"}],"curies":[{"name":"wp","href":"https:\/\/api.w.org\/{rel}","templated":true}]}}