{"id":2211,"date":"2024-04-18T22:12:54","date_gmt":"2024-04-18T20:12:54","guid":{"rendered":"https:\/\/dev.vooruit.brussels\/?post_type=kandidaat&#038;p=2211"},"modified":"2024-04-22T15:56:04","modified_gmt":"2024-04-22T13:56:04","slug":"anais-maes","status":"publish","type":"kandidaat","link":"https:\/\/vooruit.brussels\/fr\/onze-kandidaten\/anais-maes\/","title":{"rendered":"4. Ana\u00efs Maes"},"featured_media":1703,"template":"","categories":[],"class_list":["post-2211","kandidaat","type-kandidaat","status-publish","has-post-thumbnail","hentry"],"acf":[],"yoast_head":"<!-- This site is optimized with the Yoast SEO plugin v27.4 - https:\/\/yoast.com\/product\/yoast-seo-wordpress\/ -->\n<title>4. Ana\u00efs Maes - Vooruit.brussels<\/title>\n<meta name=\"description\" content=\"Ik droom van een Brussel waarin we er echt in slagen om te zorgen voor iedereen. Een Brussel dat kansen cre\u00ebert en waar jong en oud zichzelf kan zijn in alle vrijheid en zich kan ontplooien. Dat kan volgens mij het best via onderwijs en een eerlijke start voor elk kind.\u00a0\" \/>\n<meta name=\"robots\" content=\"index, follow, max-snippet:-1, max-image-preview:large, max-video-preview:-1\" \/>\n<link rel=\"canonical\" href=\"https:\/\/vooruit.brussels\/fr\/onze-kandidaten\/anais-maes\/\" \/>\n<meta property=\"og:locale\" content=\"fr_FR\" \/>\n<meta property=\"og:type\" content=\"article\" \/>\n<meta property=\"og:title\" content=\"4. Ana\u00efs Maes - Vooruit.brussels\" \/>\n<meta property=\"og:description\" content=\"Ik droom van een Brussel waarin we er echt in slagen om te zorgen voor iedereen. Een Brussel dat kansen cre\u00ebert en waar jong en oud zichzelf kan zijn in alle vrijheid en zich kan ontplooien. Dat kan volgens mij het best via onderwijs en een eerlijke start voor elk kind.\u00a0\" \/>\n<meta property=\"og:url\" content=\"https:\/\/vooruit.brussels\/fr\/onze-kandidaten\/anais-maes\/\" \/>\n<meta property=\"og:site_name\" content=\"Vooruit.brussels\" \/>\n<meta property=\"article:modified_time\" content=\"2024-04-22T13:56:04+00:00\" \/>\n<meta property=\"og:image\" content=\"https:\/\/vooruit.brussels\/wp-content\/uploads\/2024\/04\/BRU_VLA_EFF_04_MAES_S.jpg\" \/>\n\t<meta property=\"og:image:width\" content=\"450\" \/>\n\t<meta property=\"og:image:height\" content=\"600\" \/>\n\t<meta property=\"og:image:type\" content=\"image\/jpeg\" \/>\n<meta name=\"twitter:card\" content=\"summary_large_image\" \/>\n<meta name=\"twitter:label1\" content=\"Dur\u00e9e de lecture est.\" \/>\n\t<meta name=\"twitter:data1\" content=\"1 minute\" \/>\n<script type=\"application\/ld+json\" class=\"yoast-schema-graph\">{\"@context\":\"https:\\\/\\\/schema.org\",\"@graph\":[{\"@type\":\"WebPage\",\"@id\":\"https:\\\/\\\/vooruit.brussels\\\/fr\\\/onze-kandidaten\\\/anais-maes\\\/\",\"url\":\"https:\\\/\\\/vooruit.brussels\\\/fr\\\/onze-kandidaten\\\/anais-maes\\\/\",\"name\":\"4. Ana\u00efs Maes - Vooruit.brussels\",\"isPartOf\":{\"@id\":\"https:\\\/\\\/vooruit.brussels\\\/en\\\/#website\"},\"primaryImageOfPage\":{\"@id\":\"https:\\\/\\\/vooruit.brussels\\\/fr\\\/onze-kandidaten\\\/anais-maes\\\/#primaryimage\"},\"image\":{\"@id\":\"https:\\\/\\\/vooruit.brussels\\\/fr\\\/onze-kandidaten\\\/anais-maes\\\/#primaryimage\"},\"thumbnailUrl\":\"https:\\\/\\\/vooruit.brussels\\\/wp-content\\\/uploads\\\/2024\\\/04\\\/BRU_VLA_EFF_04_MAES_S.jpg\",\"datePublished\":\"2024-04-18T20:12:54+00:00\",\"dateModified\":\"2024-04-22T13:56:04+00:00\",\"description\":\"Ik droom van een Brussel waarin we er echt in slagen om te zorgen voor iedereen. Een Brussel dat kansen cre\u00ebert en waar jong en oud zichzelf kan zijn in alle vrijheid en zich kan ontplooien. Dat kan volgens mij het best via onderwijs en een eerlijke start voor elk kind.\u00a0\",\"breadcrumb\":{\"@id\":\"https:\\\/\\\/vooruit.brussels\\\/fr\\\/onze-kandidaten\\\/anais-maes\\\/#breadcrumb\"},\"inLanguage\":\"fr-BE\",\"potentialAction\":[{\"@type\":\"ReadAction\",\"target\":[\"https:\\\/\\\/vooruit.brussels\\\/fr\\\/onze-kandidaten\\\/anais-maes\\\/\"]}]},{\"@type\":\"ImageObject\",\"inLanguage\":\"fr-BE\",\"@id\":\"https:\\\/\\\/vooruit.brussels\\\/fr\\\/onze-kandidaten\\\/anais-maes\\\/#primaryimage\",\"url\":\"https:\\\/\\\/vooruit.brussels\\\/wp-content\\\/uploads\\\/2024\\\/04\\\/BRU_VLA_EFF_04_MAES_S.jpg\",\"contentUrl\":\"https:\\\/\\\/vooruit.brussels\\\/wp-content\\\/uploads\\\/2024\\\/04\\\/BRU_VLA_EFF_04_MAES_S.jpg\",\"width\":450,\"height\":600},{\"@type\":\"BreadcrumbList\",\"@id\":\"https:\\\/\\\/vooruit.brussels\\\/fr\\\/onze-kandidaten\\\/anais-maes\\\/#breadcrumb\",\"itemListElement\":[{\"@type\":\"ListItem\",\"position\":1,\"name\":\"Accueil\",\"item\":\"https:\\\/\\\/vooruit.brussels\\\/en\\\/\"},{\"@type\":\"ListItem\",\"position\":2,\"name\":\"Kandidaten\",\"item\":\"https:\\\/\\\/vooruit.brussels\\\/en\\\/onze-kandidaten\\\/\"},{\"@type\":\"ListItem\",\"position\":3,\"name\":\"4. Ana\u00efs Maes\"}]},{\"@type\":\"WebSite\",\"@id\":\"https:\\\/\\\/vooruit.brussels\\\/en\\\/#website\",\"url\":\"https:\\\/\\\/vooruit.brussels\\\/en\\\/\",\"name\":\"Vooruit.brussels\",\"description\":\"\",\"potentialAction\":[{\"@type\":\"SearchAction\",\"target\":{\"@type\":\"EntryPoint\",\"urlTemplate\":\"https:\\\/\\\/vooruit.brussels\\\/en\\\/?s={search_term_string}\"},\"query-input\":{\"@type\":\"PropertyValueSpecification\",\"valueRequired\":true,\"valueName\":\"search_term_string\"}}],\"inLanguage\":\"fr-BE\"}]}<\/script>\n<!-- \/ Yoast SEO plugin. -->","yoast_head_json":{"title":"4. Ana\u00efs Maes - Vooruit.brussels","description":"Je r\u00eave d'une Bruxelles o\u00f9 l'on r\u00e9ussit vraiment \u00e0 s'occuper de tout le monde. Une Bruxelles qui cr\u00e9e des opportunit\u00e9s et o\u00f9 les jeunes et les moins jeunes peuvent \u00eatre eux-m\u00eames en toute libert\u00e9 et s'\u00e9panouir. Je crois que l'enseignement et un d\u00e9part \u00e9quitable pour chaque enfant sont la meilleure solution pour y arriver.\u00a0","robots":{"index":"index","follow":"follow","max-snippet":"max-snippet:-1","max-image-preview":"max-image-preview:large","max-video-preview":"max-video-preview:-1"},"canonical":"https:\/\/vooruit.brussels\/fr\/onze-kandidaten\/anais-maes\/","og_locale":"fr_FR","og_type":"article","og_title":"4. Ana\u00efs Maes - Vooruit.brussels","og_description":"Ik droom van een Brussel waarin we er echt in slagen om te zorgen voor iedereen. Een Brussel dat kansen cre\u00ebert en waar jong en oud zichzelf kan zijn in alle vrijheid en zich kan ontplooien. Dat kan volgens mij het best via onderwijs en een eerlijke start voor elk kind.\u00a0","og_url":"https:\/\/vooruit.brussels\/fr\/onze-kandidaten\/anais-maes\/","og_site_name":"Vooruit.brussels","article_modified_time":"2024-04-22T13:56:04+00:00","og_image":[{"width":450,"height":600,"url":"https:\/\/vooruit.brussels\/wp-content\/uploads\/2024\/04\/BRU_VLA_EFF_04_MAES_S.jpg","type":"image\/jpeg"}],"twitter_card":"summary_large_image","twitter_misc":{"Dur\u00e9e de lecture est.":"1 minute"},"schema":{"@context":"https:\/\/schema.org","@graph":[{"@type":"WebPage","@id":"https:\/\/vooruit.brussels\/fr\/onze-kandidaten\/anais-maes\/","url":"https:\/\/vooruit.brussels\/fr\/onze-kandidaten\/anais-maes\/","name":"4. Ana\u00efs Maes - Vooruit.brussels","isPartOf":{"@id":"https:\/\/vooruit.brussels\/en\/#website"},"primaryImageOfPage":{"@id":"https:\/\/vooruit.brussels\/fr\/onze-kandidaten\/anais-maes\/#primaryimage"},"image":{"@id":"https:\/\/vooruit.brussels\/fr\/onze-kandidaten\/anais-maes\/#primaryimage"},"thumbnailUrl":"https:\/\/vooruit.brussels\/wp-content\/uploads\/2024\/04\/BRU_VLA_EFF_04_MAES_S.jpg","datePublished":"2024-04-18T20:12:54+00:00","dateModified":"2024-04-22T13:56:04+00:00","description":"Je r\u00eave d'une Bruxelles o\u00f9 l'on r\u00e9ussit vraiment \u00e0 s'occuper de tout le monde. Une Bruxelles qui cr\u00e9e des opportunit\u00e9s et o\u00f9 les jeunes et les moins jeunes peuvent \u00eatre eux-m\u00eames en toute libert\u00e9 et s'\u00e9panouir. Je crois que l'enseignement et un d\u00e9part \u00e9quitable pour chaque enfant sont la meilleure solution pour y arriver.\u00a0","breadcrumb":{"@id":"https:\/\/vooruit.brussels\/fr\/onze-kandidaten\/anais-maes\/#breadcrumb"},"inLanguage":"fr-BE","potentialAction":[{"@type":"ReadAction","target":["https:\/\/vooruit.brussels\/fr\/onze-kandidaten\/anais-maes\/"]}]},{"@type":"ImageObject","inLanguage":"fr-BE","@id":"https:\/\/vooruit.brussels\/fr\/onze-kandidaten\/anais-maes\/#primaryimage","url":"https:\/\/vooruit.brussels\/wp-content\/uploads\/2024\/04\/BRU_VLA_EFF_04_MAES_S.jpg","contentUrl":"https:\/\/vooruit.brussels\/wp-content\/uploads\/2024\/04\/BRU_VLA_EFF_04_MAES_S.jpg","width":450,"height":600},{"@type":"BreadcrumbList","@id":"https:\/\/vooruit.brussels\/fr\/onze-kandidaten\/anais-maes\/#breadcrumb","itemListElement":[{"@type":"ListItem","position":1,"name":"Accueil","item":"https:\/\/vooruit.brussels\/en\/"},{"@type":"ListItem","position":2,"name":"Kandidaten","item":"https:\/\/vooruit.brussels\/en\/onze-kandidaten\/"},{"@type":"ListItem","position":3,"name":"4. Ana\u00efs Maes"}]},{"@type":"WebSite","@id":"https:\/\/vooruit.brussels\/en\/#website","url":"https:\/\/vooruit.brussels\/en\/","name":"Vooruit.brussels","description":"","potentialAction":[{"@type":"SearchAction","target":{"@type":"EntryPoint","urlTemplate":"https:\/\/vooruit.brussels\/en\/?s={search_term_string}"},"query-input":{"@type":"PropertyValueSpecification","valueRequired":true,"valueName":"search_term_string"}}],"inLanguage":"fr-BE"}]}},"_links":{"self":[{"href":"https:\/\/vooruit.brussels\/fr\/wp-json\/wp\/v2\/kandidaat\/2211","targetHints":{"allow":["GET"]}}],"collection":[{"href":"https:\/\/vooruit.brussels\/fr\/wp-json\/wp\/v2\/kandidaat"}],"about":[{"href":"https:\/\/vooruit.brussels\/fr\/wp-json\/wp\/v2\/types\/kandidaat"}],"wp:featuredmedia":[{"embeddable":true,"href":"https:\/\/vooruit.brussels\/fr\/wp-json\/wp\/v2\/media\/1703"}],"wp:attachment":[{"href":"https:\/\/vooruit.brussels\/fr\/wp-json\/wp\/v2\/media?parent=2211"}],"wp:term":[{"taxonomy":"category","embeddable":true,"href":"https:\/\/vooruit.brussels\/fr\/wp-json\/wp\/v2\/categories?post=2211"}],"curies":[{"name":"wp","href":"https:\/\/api.w.org\/{rel}","templated":true}]}}