{"id":2216,"date":"2024-04-19T10:15:07","date_gmt":"2024-04-19T08:15:07","guid":{"rendered":"https:\/\/dev.vooruit.brussels\/?post_type=kandidaat&#038;p=2216"},"modified":"2024-04-26T15:56:03","modified_gmt":"2024-04-26T13:56:03","slug":"diellza-blakcori","status":"publish","type":"kandidaat","link":"https:\/\/vooruit.brussels\/fr\/onze-kandidaten\/diellza-blakcori\/","title":{"rendered":"14. Diellza Blak\u00e7ori"},"featured_media":1694,"template":"","categories":[],"class_list":["post-2216","kandidaat","type-kandidaat","status-publish","has-post-thumbnail","hentry"],"acf":[],"yoast_head":"<!-- This site is optimized with the Yoast SEO plugin v27.4 - https:\/\/yoast.com\/product\/yoast-seo-wordpress\/ -->\n<title>14. Diellza Blak\u00e7ori - Vooruit.brussels<\/title>\n<meta name=\"description\" content=\"Brussel moet voor iedereen een veilige stad zijn, een stad waar je op je gemak door de straten kan lopen. Waar we respect hebben voor elkaar en waar iedereen de vrijheid heeft om helemaal zichzelf te zijn.\u00a0\" \/>\n<meta name=\"robots\" content=\"index, follow, max-snippet:-1, max-image-preview:large, max-video-preview:-1\" \/>\n<link rel=\"canonical\" href=\"https:\/\/vooruit.brussels\/fr\/onze-kandidaten\/diellza-blakcori\/\" \/>\n<meta property=\"og:locale\" content=\"fr_FR\" \/>\n<meta property=\"og:type\" content=\"article\" \/>\n<meta property=\"og:title\" content=\"14. Diellza Blak\u00e7ori - Vooruit.brussels\" \/>\n<meta property=\"og:description\" content=\"Brussel moet voor iedereen een veilige stad zijn, een stad waar je op je gemak door de straten kan lopen. Waar we respect hebben voor elkaar en waar iedereen de vrijheid heeft om helemaal zichzelf te zijn.\u00a0\" \/>\n<meta property=\"og:url\" content=\"https:\/\/vooruit.brussels\/fr\/onze-kandidaten\/diellza-blakcori\/\" \/>\n<meta property=\"og:site_name\" content=\"Vooruit.brussels\" \/>\n<meta property=\"article:modified_time\" content=\"2024-04-26T13:56:03+00:00\" \/>\n<meta property=\"og:image\" content=\"https:\/\/vooruit.brussels\/wp-content\/uploads\/2024\/04\/BRU_EFF_14_BLAKCORI_S.jpg\" \/>\n\t<meta property=\"og:image:width\" content=\"450\" \/>\n\t<meta property=\"og:image:height\" content=\"600\" \/>\n\t<meta property=\"og:image:type\" content=\"image\/jpeg\" \/>\n<meta name=\"twitter:card\" content=\"summary_large_image\" \/>\n<meta name=\"twitter:label1\" content=\"Dur\u00e9e de lecture est.\" \/>\n\t<meta name=\"twitter:data1\" content=\"1 minute\" \/>\n<script type=\"application\/ld+json\" class=\"yoast-schema-graph\">{\"@context\":\"https:\\\/\\\/schema.org\",\"@graph\":[{\"@type\":\"WebPage\",\"@id\":\"https:\\\/\\\/vooruit.brussels\\\/onze-kandidaten\\\/diellza-blakcori\\\/\",\"url\":\"https:\\\/\\\/vooruit.brussels\\\/onze-kandidaten\\\/diellza-blakcori\\\/\",\"name\":\"14. Diellza Blak\u00e7ori - Vooruit.brussels\",\"isPartOf\":{\"@id\":\"https:\\\/\\\/vooruit.brussels\\\/en\\\/#website\"},\"primaryImageOfPage\":{\"@id\":\"https:\\\/\\\/vooruit.brussels\\\/onze-kandidaten\\\/diellza-blakcori\\\/#primaryimage\"},\"image\":{\"@id\":\"https:\\\/\\\/vooruit.brussels\\\/onze-kandidaten\\\/diellza-blakcori\\\/#primaryimage\"},\"thumbnailUrl\":\"https:\\\/\\\/vooruit.brussels\\\/wp-content\\\/uploads\\\/2024\\\/04\\\/BRU_EFF_14_BLAKCORI_S.jpg\",\"datePublished\":\"2024-04-19T08:15:07+00:00\",\"dateModified\":\"2024-04-26T13:56:03+00:00\",\"description\":\"Brussel moet voor iedereen een veilige stad zijn, een stad waar je op je gemak door de straten kan lopen. Waar we respect hebben voor elkaar en waar iedereen de vrijheid heeft om helemaal zichzelf te zijn.\u00a0\",\"breadcrumb\":{\"@id\":\"https:\\\/\\\/vooruit.brussels\\\/onze-kandidaten\\\/diellza-blakcori\\\/#breadcrumb\"},\"inLanguage\":\"fr-BE\",\"potentialAction\":[{\"@type\":\"ReadAction\",\"target\":[\"https:\\\/\\\/vooruit.brussels\\\/onze-kandidaten\\\/diellza-blakcori\\\/\"]}]},{\"@type\":\"ImageObject\",\"inLanguage\":\"fr-BE\",\"@id\":\"https:\\\/\\\/vooruit.brussels\\\/onze-kandidaten\\\/diellza-blakcori\\\/#primaryimage\",\"url\":\"https:\\\/\\\/vooruit.brussels\\\/wp-content\\\/uploads\\\/2024\\\/04\\\/BRU_EFF_14_BLAKCORI_S.jpg\",\"contentUrl\":\"https:\\\/\\\/vooruit.brussels\\\/wp-content\\\/uploads\\\/2024\\\/04\\\/BRU_EFF_14_BLAKCORI_S.jpg\",\"width\":450,\"height\":600},{\"@type\":\"BreadcrumbList\",\"@id\":\"https:\\\/\\\/vooruit.brussels\\\/onze-kandidaten\\\/diellza-blakcori\\\/#breadcrumb\",\"itemListElement\":[{\"@type\":\"ListItem\",\"position\":1,\"name\":\"Accueil\",\"item\":\"https:\\\/\\\/vooruit.brussels\\\/en\\\/\"},{\"@type\":\"ListItem\",\"position\":2,\"name\":\"Kandidaten\",\"item\":\"https:\\\/\\\/vooruit.brussels\\\/en\\\/onze-kandidaten\\\/\"},{\"@type\":\"ListItem\",\"position\":3,\"name\":\"14. Diellza Blak\u00e7ori\"}]},{\"@type\":\"WebSite\",\"@id\":\"https:\\\/\\\/vooruit.brussels\\\/en\\\/#website\",\"url\":\"https:\\\/\\\/vooruit.brussels\\\/en\\\/\",\"name\":\"Vooruit.brussels\",\"description\":\"\",\"potentialAction\":[{\"@type\":\"SearchAction\",\"target\":{\"@type\":\"EntryPoint\",\"urlTemplate\":\"https:\\\/\\\/vooruit.brussels\\\/en\\\/?s={search_term_string}\"},\"query-input\":{\"@type\":\"PropertyValueSpecification\",\"valueRequired\":true,\"valueName\":\"search_term_string\"}}],\"inLanguage\":\"fr-BE\"}]}<\/script>\n<!-- \/ Yoast SEO plugin. -->","yoast_head_json":{"title":"14. Diellza Blak\u00e7ori - Vooruit.brussels","description":"Bruxelles doit \u00eatre une ville s\u00fbre pour tous.es, une ville o\u00f9 l\u2019on peut se promener \u00e0 sa guise. Une ville o\u00f9 l\u2019on se respecte et o\u00f9 chacun a la libert\u00e9 d'\u00eatre pleinement lui-m\u00eame.\u00a0","robots":{"index":"index","follow":"follow","max-snippet":"max-snippet:-1","max-image-preview":"max-image-preview:large","max-video-preview":"max-video-preview:-1"},"canonical":"https:\/\/vooruit.brussels\/fr\/onze-kandidaten\/diellza-blakcori\/","og_locale":"fr_FR","og_type":"article","og_title":"14. Diellza Blak\u00e7ori - Vooruit.brussels","og_description":"Brussel moet voor iedereen een veilige stad zijn, een stad waar je op je gemak door de straten kan lopen. Waar we respect hebben voor elkaar en waar iedereen de vrijheid heeft om helemaal zichzelf te zijn.\u00a0","og_url":"https:\/\/vooruit.brussels\/fr\/onze-kandidaten\/diellza-blakcori\/","og_site_name":"Vooruit.brussels","article_modified_time":"2024-04-26T13:56:03+00:00","og_image":[{"width":450,"height":600,"url":"https:\/\/vooruit.brussels\/wp-content\/uploads\/2024\/04\/BRU_EFF_14_BLAKCORI_S.jpg","type":"image\/jpeg"}],"twitter_card":"summary_large_image","twitter_misc":{"Dur\u00e9e de lecture est.":"1 minute"},"schema":{"@context":"https:\/\/schema.org","@graph":[{"@type":"WebPage","@id":"https:\/\/vooruit.brussels\/onze-kandidaten\/diellza-blakcori\/","url":"https:\/\/vooruit.brussels\/onze-kandidaten\/diellza-blakcori\/","name":"14. Diellza Blak\u00e7ori - Vooruit.brussels","isPartOf":{"@id":"https:\/\/vooruit.brussels\/en\/#website"},"primaryImageOfPage":{"@id":"https:\/\/vooruit.brussels\/onze-kandidaten\/diellza-blakcori\/#primaryimage"},"image":{"@id":"https:\/\/vooruit.brussels\/onze-kandidaten\/diellza-blakcori\/#primaryimage"},"thumbnailUrl":"https:\/\/vooruit.brussels\/wp-content\/uploads\/2024\/04\/BRU_EFF_14_BLAKCORI_S.jpg","datePublished":"2024-04-19T08:15:07+00:00","dateModified":"2024-04-26T13:56:03+00:00","description":"Bruxelles doit \u00eatre une ville s\u00fbre pour tous.es, une ville o\u00f9 l\u2019on peut se promener \u00e0 sa guise. Une ville o\u00f9 l\u2019on se respecte et o\u00f9 chacun a la libert\u00e9 d'\u00eatre pleinement lui-m\u00eame.\u00a0","breadcrumb":{"@id":"https:\/\/vooruit.brussels\/onze-kandidaten\/diellza-blakcori\/#breadcrumb"},"inLanguage":"fr-BE","potentialAction":[{"@type":"ReadAction","target":["https:\/\/vooruit.brussels\/onze-kandidaten\/diellza-blakcori\/"]}]},{"@type":"ImageObject","inLanguage":"fr-BE","@id":"https:\/\/vooruit.brussels\/onze-kandidaten\/diellza-blakcori\/#primaryimage","url":"https:\/\/vooruit.brussels\/wp-content\/uploads\/2024\/04\/BRU_EFF_14_BLAKCORI_S.jpg","contentUrl":"https:\/\/vooruit.brussels\/wp-content\/uploads\/2024\/04\/BRU_EFF_14_BLAKCORI_S.jpg","width":450,"height":600},{"@type":"BreadcrumbList","@id":"https:\/\/vooruit.brussels\/onze-kandidaten\/diellza-blakcori\/#breadcrumb","itemListElement":[{"@type":"ListItem","position":1,"name":"Accueil","item":"https:\/\/vooruit.brussels\/en\/"},{"@type":"ListItem","position":2,"name":"Kandidaten","item":"https:\/\/vooruit.brussels\/en\/onze-kandidaten\/"},{"@type":"ListItem","position":3,"name":"14. Diellza Blak\u00e7ori"}]},{"@type":"WebSite","@id":"https:\/\/vooruit.brussels\/en\/#website","url":"https:\/\/vooruit.brussels\/en\/","name":"Vooruit.brussels","description":"","potentialAction":[{"@type":"SearchAction","target":{"@type":"EntryPoint","urlTemplate":"https:\/\/vooruit.brussels\/en\/?s={search_term_string}"},"query-input":{"@type":"PropertyValueSpecification","valueRequired":true,"valueName":"search_term_string"}}],"inLanguage":"fr-BE"}]}},"_links":{"self":[{"href":"https:\/\/vooruit.brussels\/fr\/wp-json\/wp\/v2\/kandidaat\/2216","targetHints":{"allow":["GET"]}}],"collection":[{"href":"https:\/\/vooruit.brussels\/fr\/wp-json\/wp\/v2\/kandidaat"}],"about":[{"href":"https:\/\/vooruit.brussels\/fr\/wp-json\/wp\/v2\/types\/kandidaat"}],"wp:featuredmedia":[{"embeddable":true,"href":"https:\/\/vooruit.brussels\/fr\/wp-json\/wp\/v2\/media\/1694"}],"wp:attachment":[{"href":"https:\/\/vooruit.brussels\/fr\/wp-json\/wp\/v2\/media?parent=2216"}],"wp:term":[{"taxonomy":"category","embeddable":true,"href":"https:\/\/vooruit.brussels\/fr\/wp-json\/wp\/v2\/categories?post=2216"}],"curies":[{"name":"wp","href":"https:\/\/api.w.org\/{rel}","templated":true}]}}