{"id":4104,"date":"2025-05-28T17:13:22","date_gmt":"2025-05-28T15:13:22","guid":{"rendered":"https:\/\/vooruit.comingsoon.site\/?post_type=nieuws&#038;p=4104"},"modified":"2025-05-29T02:06:28","modified_gmt":"2025-05-29T00:06:28","slug":"molendijk","status":"publish","type":"nieuws","link":"https:\/\/vooruit.brussels\/fr\/nieuws\/molendijk\/","title":{"rendered":"MOLENDIJK"},"content":{"rendered":"<blockquote class=\"wp-block-quote is-layout-flow wp-block-quote-is-layout-flow\">\n<p>Saliha Ra\u00efss, \u00e9chevinne des Travaux publics et Mobilit\u00e9 (Vooruit.brussels) \u00e0 Molenbeek, a r\u00e9cemment pr\u00e9sent\u00e9 \u201cMolendigue\u201d : sa vision pour transformer le Quai du Hainaut et le Quai des Charbonnages en un espace public agr\u00e9able, dessin\u00e9 pour les habitants.<\/p>\n<\/blockquote>\n\n\n\n<p>Vooruit.brussels souhaite que les quais deviennent un lieu de rencontre. Tout comme les digues populaires des stations baln\u00e9aires \u00e0 la c\u00f4te, ils pourraient devenir \u00e0 l\u2019avenir une destination de d\u00e9tente et loisir pour les Bruxellois et les visiteurs. La situation actuelle, dans laquelle les quais sont largement ferm\u00e9s \u00e0 la circulation automobile, offre en effet une occasion unique de d\u00e9velopper une vision d'avenir pour l'ensemble de la zone.<\/p>\n\n\n\n<p>\u201cEn Belgique comme \u00e0 l'\u00e9tranger, les digues et les promenades le long de l'eau rassemblent les gens.  Ils s'y prom\u00e8nent \u00e0 pied ou \u00e0 v\u00e9lo, mangent une glace, prennent un verre sur une terrasse ou laissent leurs enfants jouer en toute s\u00e9curit\u00e9.  Cette partie de Molenbeek attend depuis des ann\u00e9es un espace public de qualit\u00e9\u201d, dit Saliha Ra\u00efss.\u00a0<\/p>\n\n\n\n<figure class=\"wp-block-image size-full is-resized\"><img decoding=\"async\" src=\"https:\/\/vooruit.brussels\/wp-content\/uploads\/2025\/05\/WhatsApp-Video-2025-05-28-at-16.54.34-3.mp4\" alt=\"\" class=\"wp-image-4108\" style=\"width:551px;height:auto\"\/><\/figure>\n\n\n\n<p><strong>Les Quais : une promenade anim\u00e9e en faveur de la mobilit\u00e9 douce<\/strong><\/p>\n\n\n\n<p>Le long du Canal de Bruxelles, un vent de renouveau souffle.  L'ancienne zone industrielle de la&nbsp;<a href=\"https:\/\/pascalsmet.prezly.com\/nieuw-ontwerp-park-ninoofsepoort-goedgekeurd\" target=\"_blank\" rel=\"noreferrer noopener\"><strong>Porte de Ninove<\/strong><\/a>a \u00e9t\u00e9 transform\u00e9e en un large parc urbain \u00e0 destination des habitants. Un nouveau parc a \u00e9galement r\u00e9cemment \u00e9t\u00e9 inaugur\u00e9 sur&nbsp;<a href=\"https:\/\/pascalsmet.brussels\/project\/park-becokaai-materialenkaai\/\" target=\"_blank\" rel=\"noreferrer noopener\"><strong>le quai B\u00e9co<\/strong><\/a>&nbsp;et, de l'autre c\u00f4t\u00e9, le centre culturel&nbsp;<a href=\"https:\/\/pascalsmet.prezly.com\/kanal-het-toekomstige-museum-voor-museum-voor-moderne-en-hedendaagse-kunst-heeft-zijn-stedenbouwkundige-vergunning-gekregen\" target=\"_blank\" rel=\"noreferrer noopener\"><strong>Kanal-Centre Pompidou<\/strong><\/a>&nbsp;prend peu \u00e0 peu forme dans l'ancien garage Citro\u00ebn. La place&nbsp;<a href=\"https:\/\/pascalsmet.prezly.com\/stedenbouwkundige-vergunning-voor-heraanleg-sainctelette\" target=\"_blank\" rel=\"noreferrer noopener\"><strong>Sainctelette<\/strong><\/a>&nbsp;se m\u00e9tamorphose \u00e9galement en un lieu vert de rencontre, avec plus d'espace pour les pi\u00e9tons et les cyclistes. En \u00e9t\u00e9 2024, le permis d'urbanisme a \u00e9galement \u00e9t\u00e9 accord\u00e9 pour le r\u00e9am\u00e9nagement du&nbsp;<a href=\"https:\/\/anspersoons.prezly.com\/zenne-in-open-lucht-en-nieuwe-stadsboerderij-in-vernieuwd-maximiliaanpark\" target=\"_blank\" rel=\"noreferrer noopener\"><strong>parc Maximilien<\/strong><\/a>, o\u00f9 la Senne sera remise en plein air.<\/p>\n\n\n\n<p>Parmi tous ces d\u00e9veloppements, les quais du Hainaut et des Charbonnages restent pour l'instant le cha\u00eenon manquant de cette r\u00e9novation urbaine. Il faut d\u00e9sormais combler cette lacune et saisir pleinement l'occasion des travaux n\u00e9cessaires au niveau des murs des quais pour redessiner en profondeur cette zone du canal.<\/p>\n\n\n\n<p>Objectifs et \u00e9l\u00e9ments essentiels<\/p>\n\n\n\n<p><\/p>\n\n\n\n<ul class=\"wp-block-list\">\n<li>Un atout suppl\u00e9mentaire pour les commer\u00e7ants<\/li>\n<\/ul>\n\n\n\n<ul class=\"wp-block-list\">\n<li>Une promenade \u00e0 taille humaine avec plein d\u2019espace pour les pi\u00e9tons<\/li>\n<\/ul>\n\n\n\n<ul class=\"wp-block-list\">\n<li>Une Infrastructure cyclable s\u00e9curis\u00e9e<\/li>\n<\/ul>\n\n\n\n<ul class=\"wp-block-list\">\n<li>Des solutions de stationnement alternatives pour les habitants<\/li>\n<\/ul>\n\n\n\n<ul class=\"wp-block-list\">\n<li>Plus d\u2019arbres pour apporter de la fra\u00eecheur et des bancs pour favoriser les rencontres\u00a0<\/li>\n<\/ul>\n\n\n\n<figure class=\"wp-block-image size-full\"><img loading=\"lazy\" decoding=\"async\" width=\"1600\" height=\"1008\" src=\"https:\/\/vooruit.brussels\/wp-content\/uploads\/2025\/05\/WhatsApp-Image-2025-05-23-at-17.36.33-1.jpeg\" alt=\"\" class=\"wp-image-4103\" srcset=\"https:\/\/vooruit.brussels\/wp-content\/uploads\/2025\/05\/WhatsApp-Image-2025-05-23-at-17.36.33-1.jpeg 1600w, https:\/\/vooruit.brussels\/wp-content\/uploads\/2025\/05\/WhatsApp-Image-2025-05-23-at-17.36.33-1-300x189.jpeg 300w, https:\/\/vooruit.brussels\/wp-content\/uploads\/2025\/05\/WhatsApp-Image-2025-05-23-at-17.36.33-1-1024x645.jpeg 1024w, https:\/\/vooruit.brussels\/wp-content\/uploads\/2025\/05\/WhatsApp-Image-2025-05-23-at-17.36.33-1-768x484.jpeg 768w, https:\/\/vooruit.brussels\/wp-content\/uploads\/2025\/05\/WhatsApp-Image-2025-05-23-at-17.36.33-1-1536x968.jpeg 1536w, https:\/\/vooruit.brussels\/wp-content\/uploads\/2025\/05\/WhatsApp-Image-2025-05-23-at-17.36.33-1-18x12.jpeg 18w, https:\/\/vooruit.brussels\/wp-content\/uploads\/2025\/05\/WhatsApp-Image-2025-05-23-at-17.36.33-1-1080x680.jpeg 1080w, https:\/\/vooruit.brussels\/wp-content\/uploads\/2025\/05\/WhatsApp-Image-2025-05-23-at-17.36.33-1-1280x806.jpeg 1280w, https:\/\/vooruit.brussels\/wp-content\/uploads\/2025\/05\/WhatsApp-Image-2025-05-23-at-17.36.33-1-980x617.jpeg 980w, https:\/\/vooruit.brussels\/wp-content\/uploads\/2025\/05\/WhatsApp-Image-2025-05-23-at-17.36.33-1-480x302.jpeg 480w\" sizes=\"(max-width: 1600px) 100vw, 1600px\" \/><\/figure>","protected":false},"featured_media":4102,"template":"","categories":[],"class_list":["post-4104","nieuws","type-nieuws","status-publish","has-post-thumbnail","hentry"],"acf":[],"yoast_head":"<!-- This site is optimized with the Yoast SEO plugin v27.5 - https:\/\/yoast.com\/product\/yoast-seo-wordpress\/ -->\n<title>MOLENDIJK - Vooruit.brussels<\/title>\n<meta name=\"description\" content=\"Vooruit.brussels wil van de kaaien een echte ontmoetingsplek maken. Net zoals de dijken in populaire badplaatsen, kunnen ook deze kaaien uitgroeien tot een trekpleister voor Brusselaars en bezoekers. De huidige situatie \u2013 waarin de kaaien grotendeels autoluw zijn \u2013 biedt namelijk een unieke kans om een toekomstvisie te ontwikkelen voor de volledige zone.\" \/>\n<meta name=\"robots\" content=\"index, follow, max-snippet:-1, max-image-preview:large, max-video-preview:-1\" \/>\n<link rel=\"canonical\" href=\"http:\/\/vooruit.brussels\/fr\/nieuws\/molendijk\/\" \/>\n<meta property=\"og:locale\" content=\"fr_FR\" \/>\n<meta property=\"og:type\" content=\"article\" \/>\n<meta property=\"og:title\" content=\"MOLENDIJK - Vooruit.brussels\" \/>\n<meta property=\"og:description\" content=\"Vooruit.brussels wil van de kaaien een echte ontmoetingsplek maken. Net zoals de dijken in populaire badplaatsen, kunnen ook deze kaaien uitgroeien tot een trekpleister voor Brusselaars en bezoekers. De huidige situatie \u2013 waarin de kaaien grotendeels autoluw zijn \u2013 biedt namelijk een unieke kans om een toekomstvisie te ontwikkelen voor de volledige zone.\" \/>\n<meta property=\"og:url\" content=\"http:\/\/vooruit.brussels\/fr\/nieuws\/molendijk\/\" \/>\n<meta property=\"og:site_name\" content=\"Vooruit.brussels\" \/>\n<meta property=\"article:modified_time\" content=\"2025-05-29T00:06:28+00:00\" \/>\n<meta property=\"og:image\" content=\"http:\/\/vooruit.brussels\/wp-content\/uploads\/2025\/05\/WhatsApp-Image-2025-05-21-at-16.03.39-1.jpeg\" \/>\n\t<meta property=\"og:image:width\" content=\"1600\" \/>\n\t<meta property=\"og:image:height\" content=\"1200\" \/>\n\t<meta property=\"og:image:type\" content=\"image\/jpeg\" \/>\n<meta name=\"twitter:card\" content=\"summary_large_image\" \/>\n<meta name=\"twitter:label1\" content=\"Dur\u00e9e de lecture est.\" \/>\n\t<meta name=\"twitter:data1\" content=\"2 minutes\" \/>\n<script type=\"application\/ld+json\" class=\"yoast-schema-graph\">{\"@context\":\"https:\\\/\\\/schema.org\",\"@graph\":[{\"@type\":\"WebPage\",\"@id\":\"http:\\\/\\\/vooruit.brussels\\\/fr\\\/nieuws\\\/molendijk\\\/\",\"url\":\"http:\\\/\\\/vooruit.brussels\\\/fr\\\/nieuws\\\/molendijk\\\/\",\"name\":\"MOLENDIJK - Vooruit.brussels\",\"isPartOf\":{\"@id\":\"https:\\\/\\\/vooruit.brussels\\\/#website\"},\"primaryImageOfPage\":{\"@id\":\"http:\\\/\\\/vooruit.brussels\\\/fr\\\/nieuws\\\/molendijk\\\/#primaryimage\"},\"image\":{\"@id\":\"http:\\\/\\\/vooruit.brussels\\\/fr\\\/nieuws\\\/molendijk\\\/#primaryimage\"},\"thumbnailUrl\":\"https:\\\/\\\/vooruit.brussels\\\/wp-content\\\/uploads\\\/2025\\\/05\\\/WhatsApp-Image-2025-05-21-at-16.03.39-1.jpeg\",\"datePublished\":\"2025-05-28T15:13:22+00:00\",\"dateModified\":\"2025-05-29T00:06:28+00:00\",\"description\":\"Vooruit.brussels wil van de kaaien een echte ontmoetingsplek maken. Net zoals de dijken in populaire badplaatsen, kunnen ook deze kaaien uitgroeien tot een trekpleister voor Brusselaars en bezoekers. De huidige situatie \u2013 waarin de kaaien grotendeels autoluw zijn \u2013 biedt namelijk een unieke kans om een toekomstvisie te ontwikkelen voor de volledige zone.\",\"breadcrumb\":{\"@id\":\"http:\\\/\\\/vooruit.brussels\\\/fr\\\/nieuws\\\/molendijk\\\/#breadcrumb\"},\"inLanguage\":\"fr-BE\",\"potentialAction\":[{\"@type\":\"ReadAction\",\"target\":[\"http:\\\/\\\/vooruit.brussels\\\/fr\\\/nieuws\\\/molendijk\\\/\"]}]},{\"@type\":\"ImageObject\",\"inLanguage\":\"fr-BE\",\"@id\":\"http:\\\/\\\/vooruit.brussels\\\/fr\\\/nieuws\\\/molendijk\\\/#primaryimage\",\"url\":\"https:\\\/\\\/vooruit.brussels\\\/wp-content\\\/uploads\\\/2025\\\/05\\\/WhatsApp-Image-2025-05-21-at-16.03.39-1.jpeg\",\"contentUrl\":\"https:\\\/\\\/vooruit.brussels\\\/wp-content\\\/uploads\\\/2025\\\/05\\\/WhatsApp-Image-2025-05-21-at-16.03.39-1.jpeg\",\"width\":1600,\"height\":1200},{\"@type\":\"BreadcrumbList\",\"@id\":\"http:\\\/\\\/vooruit.brussels\\\/fr\\\/nieuws\\\/molendijk\\\/#breadcrumb\",\"itemListElement\":[{\"@type\":\"ListItem\",\"position\":1,\"name\":\"Accueil\",\"item\":\"https:\\\/\\\/vooruit.brussels\\\/\"},{\"@type\":\"ListItem\",\"position\":2,\"name\":\"Nieuws\",\"item\":\"https:\\\/\\\/vooruit.brussels\\\/en\\\/nieuws\\\/\"},{\"@type\":\"ListItem\",\"position\":3,\"name\":\"MOLENDIJK\"}]},{\"@type\":\"WebSite\",\"@id\":\"https:\\\/\\\/vooruit.brussels\\\/#website\",\"url\":\"https:\\\/\\\/vooruit.brussels\\\/\",\"name\":\"Vooruit.brussels\",\"description\":\"\",\"potentialAction\":[{\"@type\":\"SearchAction\",\"target\":{\"@type\":\"EntryPoint\",\"urlTemplate\":\"https:\\\/\\\/vooruit.brussels\\\/?s={search_term_string}\"},\"query-input\":{\"@type\":\"PropertyValueSpecification\",\"valueRequired\":true,\"valueName\":\"search_term_string\"}}],\"inLanguage\":\"fr-BE\"}]}<\/script>\n<!-- \/ Yoast SEO plugin. -->","yoast_head_json":{"title":"MOLENDIJK - Vooruit.brussels","description":"Vooruit.brussels souhaite que les quais deviennent un lieu de rencontre. Tout comme les digues populaires des stations baln\u00e9aires \u00e0 la c\u00f4te, ils pourraient devenir \u00e0 l\u2019avenir une destination de d\u00e9tente et loisir pour les Bruxellois et les visiteurs. La situation actuelle, dans laquelle les quais sont largement ferm\u00e9s \u00e0 la circulation automobile, offre en effet une occasion unique de d\u00e9velopper une vision d'avenir pour l'ensemble de la zone.","robots":{"index":"index","follow":"follow","max-snippet":"max-snippet:-1","max-image-preview":"max-image-preview:large","max-video-preview":"max-video-preview:-1"},"canonical":"http:\/\/vooruit.brussels\/fr\/nieuws\/molendijk\/","og_locale":"fr_FR","og_type":"article","og_title":"MOLENDIJK - Vooruit.brussels","og_description":"Vooruit.brussels wil van de kaaien een echte ontmoetingsplek maken. Net zoals de dijken in populaire badplaatsen, kunnen ook deze kaaien uitgroeien tot een trekpleister voor Brusselaars en bezoekers. De huidige situatie \u2013 waarin de kaaien grotendeels autoluw zijn \u2013 biedt namelijk een unieke kans om een toekomstvisie te ontwikkelen voor de volledige zone.","og_url":"http:\/\/vooruit.brussels\/fr\/nieuws\/molendijk\/","og_site_name":"Vooruit.brussels","article_modified_time":"2025-05-29T00:06:28+00:00","og_image":[{"width":1600,"height":1200,"url":"http:\/\/vooruit.brussels\/wp-content\/uploads\/2025\/05\/WhatsApp-Image-2025-05-21-at-16.03.39-1.jpeg","type":"image\/jpeg"}],"twitter_card":"summary_large_image","twitter_misc":{"Dur\u00e9e de lecture est.":"2 minutes"},"schema":{"@context":"https:\/\/schema.org","@graph":[{"@type":"WebPage","@id":"http:\/\/vooruit.brussels\/fr\/nieuws\/molendijk\/","url":"http:\/\/vooruit.brussels\/fr\/nieuws\/molendijk\/","name":"MOLENDIJK - Vooruit.brussels","isPartOf":{"@id":"https:\/\/vooruit.brussels\/#website"},"primaryImageOfPage":{"@id":"http:\/\/vooruit.brussels\/fr\/nieuws\/molendijk\/#primaryimage"},"image":{"@id":"http:\/\/vooruit.brussels\/fr\/nieuws\/molendijk\/#primaryimage"},"thumbnailUrl":"https:\/\/vooruit.brussels\/wp-content\/uploads\/2025\/05\/WhatsApp-Image-2025-05-21-at-16.03.39-1.jpeg","datePublished":"2025-05-28T15:13:22+00:00","dateModified":"2025-05-29T00:06:28+00:00","description":"Vooruit.brussels souhaite que les quais deviennent un lieu de rencontre. Tout comme les digues populaires des stations baln\u00e9aires \u00e0 la c\u00f4te, ils pourraient devenir \u00e0 l\u2019avenir une destination de d\u00e9tente et loisir pour les Bruxellois et les visiteurs. La situation actuelle, dans laquelle les quais sont largement ferm\u00e9s \u00e0 la circulation automobile, offre en effet une occasion unique de d\u00e9velopper une vision d'avenir pour l'ensemble de la zone.","breadcrumb":{"@id":"http:\/\/vooruit.brussels\/fr\/nieuws\/molendijk\/#breadcrumb"},"inLanguage":"fr-BE","potentialAction":[{"@type":"ReadAction","target":["http:\/\/vooruit.brussels\/fr\/nieuws\/molendijk\/"]}]},{"@type":"ImageObject","inLanguage":"fr-BE","@id":"http:\/\/vooruit.brussels\/fr\/nieuws\/molendijk\/#primaryimage","url":"https:\/\/vooruit.brussels\/wp-content\/uploads\/2025\/05\/WhatsApp-Image-2025-05-21-at-16.03.39-1.jpeg","contentUrl":"https:\/\/vooruit.brussels\/wp-content\/uploads\/2025\/05\/WhatsApp-Image-2025-05-21-at-16.03.39-1.jpeg","width":1600,"height":1200},{"@type":"BreadcrumbList","@id":"http:\/\/vooruit.brussels\/fr\/nieuws\/molendijk\/#breadcrumb","itemListElement":[{"@type":"ListItem","position":1,"name":"Accueil","item":"https:\/\/vooruit.brussels\/"},{"@type":"ListItem","position":2,"name":"Nieuws","item":"https:\/\/vooruit.brussels\/en\/nieuws\/"},{"@type":"ListItem","position":3,"name":"MOLENDIJK"}]},{"@type":"WebSite","@id":"https:\/\/vooruit.brussels\/#website","url":"https:\/\/vooruit.brussels\/","name":"Vooruit.brussels","description":"","potentialAction":[{"@type":"SearchAction","target":{"@type":"EntryPoint","urlTemplate":"https:\/\/vooruit.brussels\/?s={search_term_string}"},"query-input":{"@type":"PropertyValueSpecification","valueRequired":true,"valueName":"search_term_string"}}],"inLanguage":"fr-BE"}]}},"_links":{"self":[{"href":"https:\/\/vooruit.brussels\/fr\/wp-json\/wp\/v2\/nieuws\/4104","targetHints":{"allow":["GET"]}}],"collection":[{"href":"https:\/\/vooruit.brussels\/fr\/wp-json\/wp\/v2\/nieuws"}],"about":[{"href":"https:\/\/vooruit.brussels\/fr\/wp-json\/wp\/v2\/types\/nieuws"}],"wp:featuredmedia":[{"embeddable":true,"href":"https:\/\/vooruit.brussels\/fr\/wp-json\/wp\/v2\/media\/4102"}],"wp:attachment":[{"href":"https:\/\/vooruit.brussels\/fr\/wp-json\/wp\/v2\/media?parent=4104"}],"wp:term":[{"taxonomy":"category","embeddable":true,"href":"https:\/\/vooruit.brussels\/fr\/wp-json\/wp\/v2\/categories?post=4104"}],"curies":[{"name":"wp","href":"https:\/\/api.w.org\/{rel}","templated":true}]}}