{"id":4705,"date":"2026-02-06T14:18:03","date_gmt":"2026-02-06T13:18:03","guid":{"rendered":"https:\/\/vooruit.brussels\/?post_type=nieuws&#038;p=4705"},"modified":"2026-04-27T14:20:45","modified_gmt":"2026-04-27T12:20:45","slug":"vooruit-wil-kinderbijslag-ook-in-brussel-centraliseren","status":"publish","type":"nieuws","link":"https:\/\/vooruit.brussels\/fr\/nieuws\/vooruit-wil-kinderbijslag-ook-in-brussel-centraliseren\/","title":{"rendered":"Vooruit wil kinderbijslag ook in Brussel centraliseren"},"content":{"rendered":"<p><strong>Pascal Smet: \u2018Besparing van 8 miljoen euro per jaar\u2019<\/strong><\/p>\n\n\n\n<p><a href=\"https:\/\/www.linkedin.com\/sharing\/share-offsite?url=https%3A%2F%2Fpress.vooruit.brussels%2Fvooruit-wil-kinderbijslag-ook-in-brussel-centraliseren&amp;text=Vooruit+wil+kinderbijslag+ook+in+Brussel+centraliseren\" rel=\"noreferrer noopener\" target=\"_blank\"><\/a><a href=\"https:\/\/www.facebook.com\/sharer\/sharer.php?u=https%3A%2F%2Fpress.vooruit.brussels%2Fvooruit-wil-kinderbijslag-ook-in-brussel-centraliseren\" rel=\"noreferrer noopener\" target=\"_blank\"><\/a><a href=\"https:\/\/twitter.com\/intent\/tweet?url=https%3A%2F%2Fpress.vooruit.brussels%2Fvooruit-wil-kinderbijslag-ook-in-brussel-centraliseren&amp;text=Vooruit+wil+kinderbijslag+ook+in+Brussel+centraliseren\" rel=\"noreferrer noopener\" target=\"_blank\"><\/a><\/p>\n\n\n\n<p><a href=\"https:\/\/vooruit.brussels\/fr\/\"><strong>Vooruit.brussels<\/strong><\/a><strong>&nbsp;wil dat de kinderbijslag in Brussel door \u00e9\u00e9n enkele overheidsinstantie uitbetaald wordt, net zoals in Vlaanderen. Dat zegt fractieleider in het Brussels parlement Pascal Smet. Vandaag wordt dat nog gedaan door \u00e9\u00e9n publieke en drie private actoren. \u201cDit is een kwestie van goed bestuur: kinderbijslag onderbrengen bij \u00e9\u00e9n enkele overheidsinstelling is niet alleen duidelijker voor ouders, het levert ook een mooie, broodnodige besparing op\u201d, zegt Smet.<\/strong><\/p>\n\n\n\n<p>De Vlaamse regering besloot afgelopen vrijdag, op aangeven van Welzijnsminister Caroline Gennez (Vooruit), om de uitbetaling van de kinderbijslagen in de toekomst te laten uitvoeren door \u00e9\u00e9n publieke actor. Op dit moment zijn er dat in Vlaanderen nog vijf: vier private spelers en \u00e9\u00e9n publieke uitbetalingsinstelling. Ook in Brussel is de huidige situatie vergelijkbaar. Na een recente fusie zijn er vandaag nog drie private en \u00e9\u00e9n publieke actor actief die de kinderbijslag uitbetalen. Vier verschillende spelers dus die allemaal hetzelfde doel hebben.<\/p>\n\n\n\n<blockquote class=\"wp-block-quote is-layout-flow wp-block-quote-is-layout-flow\">\n<p><em>\u201cDe spending review van de Brusselse regering over de kinderbijslag stelde nochtans voor om alle uitbetalingen in de toekomst te laten gebeuren door de publieke actor Famiris\u201d,&nbsp;<\/em><em><strong>zegt Pascal Smet, fractieleider van&nbsp;<\/strong><\/em><a href=\"https:\/\/vooruit.brussels\/fr\/\"><em><strong>Vooruit.brussels<\/strong><\/em><\/a><em><strong>&nbsp;in het Brussels Parlement<\/strong><\/em><em>. \u201cAfhankelijk van de gekozen werkwijze zou dit een jaarlijkse besparing van meer dan 8 miljoen euro kunnen opleveren. E\u00e9n uitbetaler dus en \u00e9\u00e9n aanspreekpunt vanuit de overheid.\u201d<\/em><\/p>\n<\/blockquote>\n\n\n\n<p><strong>Kwestie van goed bestuur<\/strong><\/p>\n\n\n\n<p>Volgens Smet kan Brussel deze hervorming, gezien de financi\u00eble en institutionele situatie van het Gewest, heel goed gebruiken:&nbsp;<\/p>\n\n\n\n<blockquote class=\"wp-block-quote is-layout-flow wp-block-quote-is-layout-flow\">\n<p><em>\u201cDit is simpelweg een kwestie van goed bestuur. De kinderbijslag onderbrengen bij \u00e9\u00e9n enkele overheidsinstelling zou niet alleen duidelijker zijn voor ouders, aangezien zij zich nog maar tot \u00e9\u00e9n instelling zouden hoeven te wenden, het levert ook een mooie en vooral broodnodige besparing op. Gezien de precaire financi\u00eble toestand van het Brussels Hoofdstedelijk Gewest is die m\u00e9\u00e9r dan welkom.\u201d \u200b&nbsp;<\/em><\/p>\n<\/blockquote>\n\n\n\n<p>Smet roept de bevoegde ministers, Dirk De Smedt (Anders) en Bernard Clerfayt (D\u00e9fi), daarom op om niet te talmen. Hij benadrukt ook dat hij bij eerdere hervormingen van de kinderbijslag al pleitte voor een nog eenvoudiger, meer gecentraliseerd systeem. \u201cEr lagen toen al concrete plannen op tafel. Hopelijk zijn de geesten nu wel rijp genoeg om daadkracht te tonen en te kiezen voor meer effici\u00ebntie\u201d, besluit Smet.<\/p>","protected":false},"featured_media":4706,"template":"","categories":[],"class_list":["post-4705","nieuws","type-nieuws","status-publish","has-post-thumbnail","hentry"],"acf":[],"yoast_head":"<!-- This site is optimized with the Yoast SEO plugin v27.5 - https:\/\/yoast.com\/product\/yoast-seo-wordpress\/ -->\n<title>Vooruit wil kinderbijslag ook in Brussel centraliseren - Vooruit.brussels<\/title>\n<meta name=\"robots\" content=\"index, follow, max-snippet:-1, max-image-preview:large, max-video-preview:-1\" \/>\n<link rel=\"canonical\" href=\"https:\/\/vooruit.brussels\/fr\/nieuws\/vooruit-wil-kinderbijslag-ook-in-brussel-centraliseren\/\" \/>\n<meta property=\"og:locale\" content=\"fr_FR\" \/>\n<meta property=\"og:type\" content=\"article\" \/>\n<meta property=\"og:title\" content=\"Vooruit wil kinderbijslag ook in Brussel centraliseren - Vooruit.brussels\" \/>\n<meta property=\"og:description\" content=\"Pascal Smet: \u2018Besparing van 8 miljoen euro per jaar\u2019 Vooruit.brussels&nbsp;wil dat de kinderbijslag in Brussel door \u00e9\u00e9n enkele overheidsinstantie uitbetaald wordt, net zoals in Vlaanderen. Dat zegt fractieleider in het Brussels parlement Pascal Smet. Vandaag wordt dat nog gedaan door \u00e9\u00e9n publieke en drie private actoren. \u201cDit is een kwestie van goed bestuur: kinderbijslag onderbrengen [&hellip;]\" \/>\n<meta property=\"og:url\" content=\"https:\/\/vooruit.brussels\/fr\/nieuws\/vooruit-wil-kinderbijslag-ook-in-brussel-centraliseren\/\" \/>\n<meta property=\"og:site_name\" content=\"Vooruit.brussels\" \/>\n<meta property=\"article:modified_time\" content=\"2026-04-27T12:20:45+00:00\" \/>\n<meta property=\"og:image\" content=\"https:\/\/vooruit.brussels\/wp-content\/uploads\/2026\/04\/20250205_cVooruitBrussels_Portret-Pascal-Smet_14-scaled.jpg\" \/>\n\t<meta property=\"og:image:width\" content=\"2560\" \/>\n\t<meta property=\"og:image:height\" content=\"1707\" \/>\n\t<meta property=\"og:image:type\" content=\"image\/jpeg\" \/>\n<meta name=\"twitter:card\" content=\"summary_large_image\" \/>\n<meta name=\"twitter:label1\" content=\"Dur\u00e9e de lecture est.\" \/>\n\t<meta name=\"twitter:data1\" content=\"2 minutes\" \/>\n<script type=\"application\/ld+json\" class=\"yoast-schema-graph\">{\"@context\":\"https:\\\/\\\/schema.org\",\"@graph\":[{\"@type\":\"WebPage\",\"@id\":\"https:\\\/\\\/vooruit.brussels\\\/nieuws\\\/vooruit-wil-kinderbijslag-ook-in-brussel-centraliseren\\\/\",\"url\":\"https:\\\/\\\/vooruit.brussels\\\/nieuws\\\/vooruit-wil-kinderbijslag-ook-in-brussel-centraliseren\\\/\",\"name\":\"Vooruit wil kinderbijslag ook in Brussel centraliseren - Vooruit.brussels\",\"isPartOf\":{\"@id\":\"https:\\\/\\\/vooruit.brussels\\\/#website\"},\"primaryImageOfPage\":{\"@id\":\"https:\\\/\\\/vooruit.brussels\\\/nieuws\\\/vooruit-wil-kinderbijslag-ook-in-brussel-centraliseren\\\/#primaryimage\"},\"image\":{\"@id\":\"https:\\\/\\\/vooruit.brussels\\\/nieuws\\\/vooruit-wil-kinderbijslag-ook-in-brussel-centraliseren\\\/#primaryimage\"},\"thumbnailUrl\":\"https:\\\/\\\/vooruit.brussels\\\/wp-content\\\/uploads\\\/2026\\\/04\\\/20250205_cVooruitBrussels_Portret-Pascal-Smet_14-scaled.jpg\",\"datePublished\":\"2026-02-06T13:18:03+00:00\",\"dateModified\":\"2026-04-27T12:20:45+00:00\",\"breadcrumb\":{\"@id\":\"https:\\\/\\\/vooruit.brussels\\\/nieuws\\\/vooruit-wil-kinderbijslag-ook-in-brussel-centraliseren\\\/#breadcrumb\"},\"inLanguage\":\"fr-BE\",\"potentialAction\":[{\"@type\":\"ReadAction\",\"target\":[\"https:\\\/\\\/vooruit.brussels\\\/nieuws\\\/vooruit-wil-kinderbijslag-ook-in-brussel-centraliseren\\\/\"]}]},{\"@type\":\"ImageObject\",\"inLanguage\":\"fr-BE\",\"@id\":\"https:\\\/\\\/vooruit.brussels\\\/nieuws\\\/vooruit-wil-kinderbijslag-ook-in-brussel-centraliseren\\\/#primaryimage\",\"url\":\"https:\\\/\\\/vooruit.brussels\\\/wp-content\\\/uploads\\\/2026\\\/04\\\/20250205_cVooruitBrussels_Portret-Pascal-Smet_14-scaled.jpg\",\"contentUrl\":\"https:\\\/\\\/vooruit.brussels\\\/wp-content\\\/uploads\\\/2026\\\/04\\\/20250205_cVooruitBrussels_Portret-Pascal-Smet_14-scaled.jpg\",\"width\":2560,\"height\":1707,\"caption\":\"Pascal Smet\"},{\"@type\":\"BreadcrumbList\",\"@id\":\"https:\\\/\\\/vooruit.brussels\\\/nieuws\\\/vooruit-wil-kinderbijslag-ook-in-brussel-centraliseren\\\/#breadcrumb\",\"itemListElement\":[{\"@type\":\"ListItem\",\"position\":1,\"name\":\"Accueil\",\"item\":\"https:\\\/\\\/vooruit.brussels\\\/\"},{\"@type\":\"ListItem\",\"position\":2,\"name\":\"Nieuws\",\"item\":\"https:\\\/\\\/vooruit.brussels\\\/en\\\/nieuws\\\/\"},{\"@type\":\"ListItem\",\"position\":3,\"name\":\"Vooruit wil kinderbijslag ook in Brussel centraliseren\"}]},{\"@type\":\"WebSite\",\"@id\":\"https:\\\/\\\/vooruit.brussels\\\/#website\",\"url\":\"https:\\\/\\\/vooruit.brussels\\\/\",\"name\":\"Vooruit.brussels\",\"description\":\"\",\"potentialAction\":[{\"@type\":\"SearchAction\",\"target\":{\"@type\":\"EntryPoint\",\"urlTemplate\":\"https:\\\/\\\/vooruit.brussels\\\/?s={search_term_string}\"},\"query-input\":{\"@type\":\"PropertyValueSpecification\",\"valueRequired\":true,\"valueName\":\"search_term_string\"}}],\"inLanguage\":\"fr-BE\"}]}<\/script>\n<!-- \/ Yoast SEO plugin. -->","yoast_head_json":{"title":"Vooruit wil kinderbijslag ook in Brussel centraliseren - Vooruit.brussels","robots":{"index":"index","follow":"follow","max-snippet":"max-snippet:-1","max-image-preview":"max-image-preview:large","max-video-preview":"max-video-preview:-1"},"canonical":"https:\/\/vooruit.brussels\/fr\/nieuws\/vooruit-wil-kinderbijslag-ook-in-brussel-centraliseren\/","og_locale":"fr_FR","og_type":"article","og_title":"Vooruit wil kinderbijslag ook in Brussel centraliseren - Vooruit.brussels","og_description":"Pascal Smet: \u2018Besparing van 8 miljoen euro per jaar\u2019 Vooruit.brussels&nbsp;wil dat de kinderbijslag in Brussel door \u00e9\u00e9n enkele overheidsinstantie uitbetaald wordt, net zoals in Vlaanderen. Dat zegt fractieleider in het Brussels parlement Pascal Smet. Vandaag wordt dat nog gedaan door \u00e9\u00e9n publieke en drie private actoren. \u201cDit is een kwestie van goed bestuur: kinderbijslag onderbrengen [&hellip;]","og_url":"https:\/\/vooruit.brussels\/fr\/nieuws\/vooruit-wil-kinderbijslag-ook-in-brussel-centraliseren\/","og_site_name":"Vooruit.brussels","article_modified_time":"2026-04-27T12:20:45+00:00","og_image":[{"width":2560,"height":1707,"url":"https:\/\/vooruit.brussels\/wp-content\/uploads\/2026\/04\/20250205_cVooruitBrussels_Portret-Pascal-Smet_14-scaled.jpg","type":"image\/jpeg"}],"twitter_card":"summary_large_image","twitter_misc":{"Dur\u00e9e de lecture est.":"2 minutes"},"schema":{"@context":"https:\/\/schema.org","@graph":[{"@type":"WebPage","@id":"https:\/\/vooruit.brussels\/nieuws\/vooruit-wil-kinderbijslag-ook-in-brussel-centraliseren\/","url":"https:\/\/vooruit.brussels\/nieuws\/vooruit-wil-kinderbijslag-ook-in-brussel-centraliseren\/","name":"Vooruit wil kinderbijslag ook in Brussel centraliseren - Vooruit.brussels","isPartOf":{"@id":"https:\/\/vooruit.brussels\/#website"},"primaryImageOfPage":{"@id":"https:\/\/vooruit.brussels\/nieuws\/vooruit-wil-kinderbijslag-ook-in-brussel-centraliseren\/#primaryimage"},"image":{"@id":"https:\/\/vooruit.brussels\/nieuws\/vooruit-wil-kinderbijslag-ook-in-brussel-centraliseren\/#primaryimage"},"thumbnailUrl":"https:\/\/vooruit.brussels\/wp-content\/uploads\/2026\/04\/20250205_cVooruitBrussels_Portret-Pascal-Smet_14-scaled.jpg","datePublished":"2026-02-06T13:18:03+00:00","dateModified":"2026-04-27T12:20:45+00:00","breadcrumb":{"@id":"https:\/\/vooruit.brussels\/nieuws\/vooruit-wil-kinderbijslag-ook-in-brussel-centraliseren\/#breadcrumb"},"inLanguage":"fr-BE","potentialAction":[{"@type":"ReadAction","target":["https:\/\/vooruit.brussels\/nieuws\/vooruit-wil-kinderbijslag-ook-in-brussel-centraliseren\/"]}]},{"@type":"ImageObject","inLanguage":"fr-BE","@id":"https:\/\/vooruit.brussels\/nieuws\/vooruit-wil-kinderbijslag-ook-in-brussel-centraliseren\/#primaryimage","url":"https:\/\/vooruit.brussels\/wp-content\/uploads\/2026\/04\/20250205_cVooruitBrussels_Portret-Pascal-Smet_14-scaled.jpg","contentUrl":"https:\/\/vooruit.brussels\/wp-content\/uploads\/2026\/04\/20250205_cVooruitBrussels_Portret-Pascal-Smet_14-scaled.jpg","width":2560,"height":1707,"caption":"Pascal Smet"},{"@type":"BreadcrumbList","@id":"https:\/\/vooruit.brussels\/nieuws\/vooruit-wil-kinderbijslag-ook-in-brussel-centraliseren\/#breadcrumb","itemListElement":[{"@type":"ListItem","position":1,"name":"Accueil","item":"https:\/\/vooruit.brussels\/"},{"@type":"ListItem","position":2,"name":"Nieuws","item":"https:\/\/vooruit.brussels\/en\/nieuws\/"},{"@type":"ListItem","position":3,"name":"Vooruit wil kinderbijslag ook in Brussel centraliseren"}]},{"@type":"WebSite","@id":"https:\/\/vooruit.brussels\/#website","url":"https:\/\/vooruit.brussels\/","name":"Vooruit.brussels","description":"","potentialAction":[{"@type":"SearchAction","target":{"@type":"EntryPoint","urlTemplate":"https:\/\/vooruit.brussels\/?s={search_term_string}"},"query-input":{"@type":"PropertyValueSpecification","valueRequired":true,"valueName":"search_term_string"}}],"inLanguage":"fr-BE"}]}},"_links":{"self":[{"href":"https:\/\/vooruit.brussels\/fr\/wp-json\/wp\/v2\/nieuws\/4705","targetHints":{"allow":["GET"]}}],"collection":[{"href":"https:\/\/vooruit.brussels\/fr\/wp-json\/wp\/v2\/nieuws"}],"about":[{"href":"https:\/\/vooruit.brussels\/fr\/wp-json\/wp\/v2\/types\/nieuws"}],"wp:featuredmedia":[{"embeddable":true,"href":"https:\/\/vooruit.brussels\/fr\/wp-json\/wp\/v2\/media\/4706"}],"wp:attachment":[{"href":"https:\/\/vooruit.brussels\/fr\/wp-json\/wp\/v2\/media?parent=4705"}],"wp:term":[{"taxonomy":"category","embeddable":true,"href":"https:\/\/vooruit.brussels\/fr\/wp-json\/wp\/v2\/categories?post=4705"}],"curies":[{"name":"wp","href":"https:\/\/api.w.org\/{rel}","templated":true}]}}