{"id":4716,"date":"2026-04-15T14:53:35","date_gmt":"2026-04-15T12:53:35","guid":{"rendered":"https:\/\/vooruit.brussels\/?post_type=nieuws&#038;p=4716"},"modified":"2026-04-27T14:57:39","modified_gmt":"2026-04-27T12:57:39","slug":"restauratie-van-de-gevel-van-de-sint-jozefkerk-in-de-europese-wijk-afgerond","status":"publish","type":"nieuws","link":"https:\/\/vooruit.brussels\/fr\/nieuws\/restauratie-van-de-gevel-van-de-sint-jozefkerk-in-de-europese-wijk-afgerond\/","title":{"rendered":"Restauratie van de gevel van de Sint-Jozefkerk in de Europese Wijk afgerond"},"content":{"rendered":"<p><strong>Woensdag 15 april 2026<\/strong><\/p>\n\n\n\n<p><a href=\"https:\/\/www.linkedin.com\/sharing\/share-offsite?url=http%3A%2F%2Fprez.ly%2FqbCd&amp;text=Restauratie+van+de+gevel+van+de+Sint-Jozefkerk+in+de+Europese+Wijk+afgerond\" rel=\"noreferrer noopener\" target=\"_blank\"><\/a><a href=\"https:\/\/www.facebook.com\/sharer\/sharer.php?u=http%3A%2F%2Fprez.ly%2FqbCd\" rel=\"noreferrer noopener\" target=\"_blank\"><\/a><a href=\"https:\/\/twitter.com\/intent\/tweet?url=http%3A%2F%2Fprez.ly%2FqbCd&amp;text=Restauratie+van+de+gevel+van+de+Sint-Jozefkerk+in+de+Europese+Wijk+afgerond\" rel=\"noreferrer noopener\" target=\"_blank\"><\/a><\/p>\n\n\n\n<p><strong>De renovatiewerken van de gevels van de Sint-Jozefkerk, aan de Fr\u00e8re-Orbansquare, zijn voltooid. Dat maakt Ans Persoons, staatssecretaris voor Stadsvernieuwing en Erfgoed, bekend. Dit grootschalige project in het hart van de Europese wijk werd grotendeels gefinancierd met gewestelijke subsidies van urban.brussels.<\/strong><\/p>\n\n\n\n<blockquote class=\"wp-block-quote is-layout-flow wp-block-quote-is-layout-flow\">\n<p><em>\u201cDe Sint-Jozefkerk, in het hart van de Europese wijk, straalt opnieuw. Beelden, smeedwerk, deuren, schrijnwerk, steen en gevelelementen werden volgens de regels van de kunst gerestaureerd dankzij de steun voor beschermd erfgoed van urban.brussels. \u200b Deze kerk wordt opnieuw een herkenningspunt in de stad en herinnert ons eraan dat deze wijk niet altijd de thuisbasis was van Europese instellingen. De wijk was oorspronkelijk het resultaat van de stedelijke uitbreiding van Brussel na de Belgische Revolutie. Dit project illustreert opnieuw het belang van onze investeringen in erfgoed. Zowel voor de opwaardering ervan als de overdracht aan toekomstige generaties Brusselaars,\u201d benadrukt Ans Persoons.<\/em><\/p>\n<\/blockquote>\n\n\n\n<p><strong>Een voorbeeldige restauratie- en conservatiefilosofie<\/strong><\/p>\n\n\n\n<p>Door de jaren heen hadden verschillende elementen van het gebouw (onder andere de hoofdgevel in blauwe hardsteen uit \u00c9caussinnes, het schrijnwerk en het smeedwerk) aanzienlijke schade opgelopen. \u200b Het restauratieproject ging van start in 2024.<br>\u200b\u200b<br>\u200b<\/p>\n\n\n\n<p>De belangrijkste ingrepen waren:<br>\u200b<\/p>\n\n\n\n<ul class=\"wp-block-list\">\n<li>de restauratie van de stenen gevels, met gerichte ingrepen op verzwakte structurele elementen;<\/li>\n\n\n\n<li>de verwijdering van de torenspitsblokken om het bestaande metalen geraamte te kunnen vervangen;<\/li>\n\n\n\n<li>de restauratie en terugplaatsing van de beelden;<\/li>\n\n\n\n<li>de restauratie van het schrijnwerk, inclusief de toegangspoorten;<\/li>\n\n\n\n<li>het volledig herstellen van het smeedwerk aan de toegangshekken.<\/li>\n<\/ul>\n\n\n\n<p><br>\u200b\u200b<br>\u200bIn totaal werden 17 beelden en een kruis gerestaureerd door een gespecialiseerde beeldhouwer. De houten deuren, de klok en de metalen elementen werden gerestaureerd met respect voor de traditionele ambachten.<br>\u200b\u200b<br>\u200b\u200b<br>\u200bDe werken pasten binnen een strikte benadering van erfgoedzorg: \u201czo veel als nodig, zo weinig als mogelijk\u201d ingrijpen. \u200b De restauratie maakte het mogelijk om beschadigde onderdelen te verstevigen, met behoud van de authenticiteit van het gebouw en de veiligheid van de gebruikers.<br>\u200b\u200b<br>\u200b\u200b<br>\u200bUrban.brussels heeft het project vanaf de voorbereidende fase begeleid, in nauwe samenwerking met de bouwheer en het architectenbureau, en stond vervolgens in voor de opvolging van de werf samen met alle betrokken partijen.<br>\u200b\u200b<br>\u200b<\/p>\n\n\n\n<p><strong>Een belangrijke gewestelijke investering<\/strong><\/p>\n\n\n\n<p>Het Brussels Hoofdstedelijk Gewest ondersteunde dit project met verschillende subsidies, voor een totaalbedrag van meer dan 4 miljoen euro. \u200b Deze investering getuigt van het engagement van het gewest voor de opwaardering en de overdracht van het erfgoed.<\/p>\n\n\n\n<p><strong><br>\u200bEen kerk ge\u00efnspireerd door de Trinit\u00e0 dei Monti in Rome<\/strong><\/p>\n\n\n\n<p>De Sint-Jozefkerk is een opmerkelijk werk van architect Tilman-Fran\u00e7ois Suys en werd sterk ge\u00efnspireerd door de kerk van Trinit\u00e0 dei Monti in Rome. Ze werd gebouwd tussen 1842 en 1849 en vormt een waardevolle getuigenis van de architecturale en spirituele geschiedenis van de hoofdstad.<\/p>\n\n\n\n<p>Gewijd aan de heilige Jozef, de patroonheilige van Belgi\u00eb, kende de kerk doorheen de jaren wisselende bestemmingen. Ze werd o.a. gebruikt door de redemptoristen en de Syrisch-orthodoxe gemeenschap (1989-2001), tot ze opnieuw haar deuren opende voor de traditionele katholieke eredienst.<\/p>\n\n\n\n<p>De gevels en daken van de Sint-Jozefskerk zijn sinds 1981 als monument geklasseerd en hebben een uitzonderlijke erfgoedwaarde.<\/p>","protected":false},"featured_media":4717,"template":"","categories":[],"class_list":["post-4716","nieuws","type-nieuws","status-publish","has-post-thumbnail","hentry"],"acf":[],"yoast_head":"<!-- This site is optimized with the Yoast SEO plugin v27.5 - https:\/\/yoast.com\/product\/yoast-seo-wordpress\/ -->\n<title>Restauratie van de gevel van de Sint-Jozefkerk in de Europese Wijk afgerond - Vooruit.brussels<\/title>\n<meta name=\"robots\" content=\"index, follow, max-snippet:-1, max-image-preview:large, max-video-preview:-1\" \/>\n<link rel=\"canonical\" href=\"https:\/\/vooruit.brussels\/fr\/nieuws\/restauratie-van-de-gevel-van-de-sint-jozefkerk-in-de-europese-wijk-afgerond\/\" \/>\n<meta property=\"og:locale\" content=\"fr_FR\" \/>\n<meta property=\"og:type\" content=\"article\" \/>\n<meta property=\"og:title\" content=\"Restauratie van de gevel van de Sint-Jozefkerk in de Europese Wijk afgerond - Vooruit.brussels\" \/>\n<meta property=\"og:description\" content=\"Woensdag 15 april 2026 De renovatiewerken van de gevels van de Sint-Jozefkerk, aan de Fr\u00e8re-Orbansquare, zijn voltooid. Dat maakt Ans Persoons, staatssecretaris voor Stadsvernieuwing en Erfgoed, bekend. Dit grootschalige project in het hart van de Europese wijk werd grotendeels gefinancierd met gewestelijke subsidies van urban.brussels. \u201cDe Sint-Jozefkerk, in het hart van de Europese wijk, straalt [&hellip;]\" \/>\n<meta property=\"og:url\" content=\"https:\/\/vooruit.brussels\/fr\/nieuws\/restauratie-van-de-gevel-van-de-sint-jozefkerk-in-de-europese-wijk-afgerond\/\" \/>\n<meta property=\"og:site_name\" content=\"Vooruit.brussels\" \/>\n<meta property=\"article:modified_time\" content=\"2026-04-27T12:57:39+00:00\" \/>\n<meta property=\"og:image\" content=\"https:\/\/vooruit.brussels\/wp-content\/uploads\/2026\/04\/IMG_5380-3.webp\" \/>\n\t<meta property=\"og:image:width\" content=\"1200\" \/>\n\t<meta property=\"og:image:height\" content=\"1600\" \/>\n\t<meta property=\"og:image:type\" content=\"image\/webp\" \/>\n<meta name=\"twitter:card\" content=\"summary_large_image\" \/>\n<meta name=\"twitter:label1\" content=\"Dur\u00e9e de lecture est.\" \/>\n\t<meta name=\"twitter:data1\" content=\"2 minutes\" \/>\n<script type=\"application\/ld+json\" class=\"yoast-schema-graph\">{\"@context\":\"https:\\\/\\\/schema.org\",\"@graph\":[{\"@type\":\"WebPage\",\"@id\":\"https:\\\/\\\/vooruit.brussels\\\/nieuws\\\/restauratie-van-de-gevel-van-de-sint-jozefkerk-in-de-europese-wijk-afgerond\\\/\",\"url\":\"https:\\\/\\\/vooruit.brussels\\\/nieuws\\\/restauratie-van-de-gevel-van-de-sint-jozefkerk-in-de-europese-wijk-afgerond\\\/\",\"name\":\"Restauratie van de gevel van de Sint-Jozefkerk in de Europese Wijk afgerond - Vooruit.brussels\",\"isPartOf\":{\"@id\":\"https:\\\/\\\/vooruit.brussels\\\/#website\"},\"primaryImageOfPage\":{\"@id\":\"https:\\\/\\\/vooruit.brussels\\\/nieuws\\\/restauratie-van-de-gevel-van-de-sint-jozefkerk-in-de-europese-wijk-afgerond\\\/#primaryimage\"},\"image\":{\"@id\":\"https:\\\/\\\/vooruit.brussels\\\/nieuws\\\/restauratie-van-de-gevel-van-de-sint-jozefkerk-in-de-europese-wijk-afgerond\\\/#primaryimage\"},\"thumbnailUrl\":\"https:\\\/\\\/vooruit.brussels\\\/wp-content\\\/uploads\\\/2026\\\/04\\\/IMG_5380-3.webp\",\"datePublished\":\"2026-04-15T12:53:35+00:00\",\"dateModified\":\"2026-04-27T12:57:39+00:00\",\"breadcrumb\":{\"@id\":\"https:\\\/\\\/vooruit.brussels\\\/nieuws\\\/restauratie-van-de-gevel-van-de-sint-jozefkerk-in-de-europese-wijk-afgerond\\\/#breadcrumb\"},\"inLanguage\":\"fr-BE\",\"potentialAction\":[{\"@type\":\"ReadAction\",\"target\":[\"https:\\\/\\\/vooruit.brussels\\\/nieuws\\\/restauratie-van-de-gevel-van-de-sint-jozefkerk-in-de-europese-wijk-afgerond\\\/\"]}]},{\"@type\":\"ImageObject\",\"inLanguage\":\"fr-BE\",\"@id\":\"https:\\\/\\\/vooruit.brussels\\\/nieuws\\\/restauratie-van-de-gevel-van-de-sint-jozefkerk-in-de-europese-wijk-afgerond\\\/#primaryimage\",\"url\":\"https:\\\/\\\/vooruit.brussels\\\/wp-content\\\/uploads\\\/2026\\\/04\\\/IMG_5380-3.webp\",\"contentUrl\":\"https:\\\/\\\/vooruit.brussels\\\/wp-content\\\/uploads\\\/2026\\\/04\\\/IMG_5380-3.webp\",\"width\":1200,\"height\":1600},{\"@type\":\"BreadcrumbList\",\"@id\":\"https:\\\/\\\/vooruit.brussels\\\/nieuws\\\/restauratie-van-de-gevel-van-de-sint-jozefkerk-in-de-europese-wijk-afgerond\\\/#breadcrumb\",\"itemListElement\":[{\"@type\":\"ListItem\",\"position\":1,\"name\":\"Accueil\",\"item\":\"https:\\\/\\\/vooruit.brussels\\\/\"},{\"@type\":\"ListItem\",\"position\":2,\"name\":\"Nieuws\",\"item\":\"https:\\\/\\\/vooruit.brussels\\\/en\\\/nieuws\\\/\"},{\"@type\":\"ListItem\",\"position\":3,\"name\":\"Restauratie van de gevel van de Sint-Jozefkerk in de Europese Wijk afgerond\"}]},{\"@type\":\"WebSite\",\"@id\":\"https:\\\/\\\/vooruit.brussels\\\/#website\",\"url\":\"https:\\\/\\\/vooruit.brussels\\\/\",\"name\":\"Vooruit.brussels\",\"description\":\"\",\"potentialAction\":[{\"@type\":\"SearchAction\",\"target\":{\"@type\":\"EntryPoint\",\"urlTemplate\":\"https:\\\/\\\/vooruit.brussels\\\/?s={search_term_string}\"},\"query-input\":{\"@type\":\"PropertyValueSpecification\",\"valueRequired\":true,\"valueName\":\"search_term_string\"}}],\"inLanguage\":\"fr-BE\"}]}<\/script>\n<!-- \/ Yoast SEO plugin. -->","yoast_head_json":{"title":"Restauratie van de gevel van de Sint-Jozefkerk in de Europese Wijk afgerond - Vooruit.brussels","robots":{"index":"index","follow":"follow","max-snippet":"max-snippet:-1","max-image-preview":"max-image-preview:large","max-video-preview":"max-video-preview:-1"},"canonical":"https:\/\/vooruit.brussels\/fr\/nieuws\/restauratie-van-de-gevel-van-de-sint-jozefkerk-in-de-europese-wijk-afgerond\/","og_locale":"fr_FR","og_type":"article","og_title":"Restauratie van de gevel van de Sint-Jozefkerk in de Europese Wijk afgerond - Vooruit.brussels","og_description":"Woensdag 15 april 2026 De renovatiewerken van de gevels van de Sint-Jozefkerk, aan de Fr\u00e8re-Orbansquare, zijn voltooid. Dat maakt Ans Persoons, staatssecretaris voor Stadsvernieuwing en Erfgoed, bekend. Dit grootschalige project in het hart van de Europese wijk werd grotendeels gefinancierd met gewestelijke subsidies van urban.brussels. \u201cDe Sint-Jozefkerk, in het hart van de Europese wijk, straalt [&hellip;]","og_url":"https:\/\/vooruit.brussels\/fr\/nieuws\/restauratie-van-de-gevel-van-de-sint-jozefkerk-in-de-europese-wijk-afgerond\/","og_site_name":"Vooruit.brussels","article_modified_time":"2026-04-27T12:57:39+00:00","og_image":[{"width":1200,"height":1600,"url":"https:\/\/vooruit.brussels\/wp-content\/uploads\/2026\/04\/IMG_5380-3.webp","type":"image\/webp"}],"twitter_card":"summary_large_image","twitter_misc":{"Dur\u00e9e de lecture est.":"2 minutes"},"schema":{"@context":"https:\/\/schema.org","@graph":[{"@type":"WebPage","@id":"https:\/\/vooruit.brussels\/nieuws\/restauratie-van-de-gevel-van-de-sint-jozefkerk-in-de-europese-wijk-afgerond\/","url":"https:\/\/vooruit.brussels\/nieuws\/restauratie-van-de-gevel-van-de-sint-jozefkerk-in-de-europese-wijk-afgerond\/","name":"Restauratie van de gevel van de Sint-Jozefkerk in de Europese Wijk afgerond - Vooruit.brussels","isPartOf":{"@id":"https:\/\/vooruit.brussels\/#website"},"primaryImageOfPage":{"@id":"https:\/\/vooruit.brussels\/nieuws\/restauratie-van-de-gevel-van-de-sint-jozefkerk-in-de-europese-wijk-afgerond\/#primaryimage"},"image":{"@id":"https:\/\/vooruit.brussels\/nieuws\/restauratie-van-de-gevel-van-de-sint-jozefkerk-in-de-europese-wijk-afgerond\/#primaryimage"},"thumbnailUrl":"https:\/\/vooruit.brussels\/wp-content\/uploads\/2026\/04\/IMG_5380-3.webp","datePublished":"2026-04-15T12:53:35+00:00","dateModified":"2026-04-27T12:57:39+00:00","breadcrumb":{"@id":"https:\/\/vooruit.brussels\/nieuws\/restauratie-van-de-gevel-van-de-sint-jozefkerk-in-de-europese-wijk-afgerond\/#breadcrumb"},"inLanguage":"fr-BE","potentialAction":[{"@type":"ReadAction","target":["https:\/\/vooruit.brussels\/nieuws\/restauratie-van-de-gevel-van-de-sint-jozefkerk-in-de-europese-wijk-afgerond\/"]}]},{"@type":"ImageObject","inLanguage":"fr-BE","@id":"https:\/\/vooruit.brussels\/nieuws\/restauratie-van-de-gevel-van-de-sint-jozefkerk-in-de-europese-wijk-afgerond\/#primaryimage","url":"https:\/\/vooruit.brussels\/wp-content\/uploads\/2026\/04\/IMG_5380-3.webp","contentUrl":"https:\/\/vooruit.brussels\/wp-content\/uploads\/2026\/04\/IMG_5380-3.webp","width":1200,"height":1600},{"@type":"BreadcrumbList","@id":"https:\/\/vooruit.brussels\/nieuws\/restauratie-van-de-gevel-van-de-sint-jozefkerk-in-de-europese-wijk-afgerond\/#breadcrumb","itemListElement":[{"@type":"ListItem","position":1,"name":"Accueil","item":"https:\/\/vooruit.brussels\/"},{"@type":"ListItem","position":2,"name":"Nieuws","item":"https:\/\/vooruit.brussels\/en\/nieuws\/"},{"@type":"ListItem","position":3,"name":"Restauratie van de gevel van de Sint-Jozefkerk in de Europese Wijk afgerond"}]},{"@type":"WebSite","@id":"https:\/\/vooruit.brussels\/#website","url":"https:\/\/vooruit.brussels\/","name":"Vooruit.brussels","description":"","potentialAction":[{"@type":"SearchAction","target":{"@type":"EntryPoint","urlTemplate":"https:\/\/vooruit.brussels\/?s={search_term_string}"},"query-input":{"@type":"PropertyValueSpecification","valueRequired":true,"valueName":"search_term_string"}}],"inLanguage":"fr-BE"}]}},"_links":{"self":[{"href":"https:\/\/vooruit.brussels\/fr\/wp-json\/wp\/v2\/nieuws\/4716","targetHints":{"allow":["GET"]}}],"collection":[{"href":"https:\/\/vooruit.brussels\/fr\/wp-json\/wp\/v2\/nieuws"}],"about":[{"href":"https:\/\/vooruit.brussels\/fr\/wp-json\/wp\/v2\/types\/nieuws"}],"wp:featuredmedia":[{"embeddable":true,"href":"https:\/\/vooruit.brussels\/fr\/wp-json\/wp\/v2\/media\/4717"}],"wp:attachment":[{"href":"https:\/\/vooruit.brussels\/fr\/wp-json\/wp\/v2\/media?parent=4716"}],"wp:term":[{"taxonomy":"category","embeddable":true,"href":"https:\/\/vooruit.brussels\/fr\/wp-json\/wp\/v2\/categories?post=4716"}],"curies":[{"name":"wp","href":"https:\/\/api.w.org\/{rel}","templated":true}]}}