{"id":4809,"date":"2026-07-31T14:32:42","date_gmt":"2026-07-31T12:32:42","guid":{"rendered":"https:\/\/vooruit.brussels\/"},"modified":"2026-08-17T14:34:49","modified_gmt":"2026-08-17T12:34:49","slug":"vooruit-brussels-demande-au-gouvernement-de-maintenir-les-velos-partages-a-bruxelles-indispensables-pour-de-nombreux-bruxellois","status":"publish","type":"nieuws","link":"https:\/\/vooruit.brussels\/fr\/nouvelles\/vooruit-brussels-demande-au-gouvernement-de-maintenir-les-velos-partages-a-bruxelles-indispensables-pour-de-nombreux-bruxellois\/","title":{"rendered":"Vooruit.brussels demande au gouvernement de maintenir les v\u00e9los partag\u00e9s \u00e0 Bruxelles : \u201c Indispensables pour de nombreux Bruxellois \u201d"},"content":{"rendered":"<p class=\"wp-block-paragraph\"><strong>Vooruit.brussels demande au gouvernement bruxellois de maintenir les v\u00e9los partag\u00e9s dans la capitale. Jeudi, il a \u00e9t\u00e9 annonc\u00e9 que les permis en cours pour tous les prestataires de micromobilit\u00e9 partag\u00e9e devront \u00eatre r\u00e9sili\u00e9s d'ici le 1er septembre 2026. Cela signifie qu'en plus des trottinettes partag\u00e9es, les v\u00e9los partag\u00e9s dispara\u00eetront \u00e9galement du paysage urbain. \u201cLes v\u00e9los partag\u00e9s sont aujourd'hui un \u00e9l\u00e9ment essentiel de la mobilit\u00e9 bruxelloise\u201d, d\u00e9clare-t-on chez Vooruit.brussels.<\/strong><\/p>\n\n\n\n<p class=\"wp-block-paragraph\">Vooruit.brussels soutient la d\u00e9cision de ne plus autoriser de trottinettes partag\u00e9es dans la capitale. Les probl\u00e8mes li\u00e9s \u00e0 celles-ci sont connus depuis longtemps, mais le fait que tous les v\u00e9los partag\u00e9s risquent \u00e9galement de dispara\u00eetre constitue, selon le parti, un pont trop franchi.&nbsp;<\/p>\n\n\n\n<p class=\"wp-block-paragraph\">\u201c Bruxelles risque de perdre un moyen de transport populaire et accessible que des milliers de Bruxellois utilisent chaque jour \u201d, d\u00e9clare-t-on, \u201c Les v\u00e9los partag\u00e9s rendent la mobilit\u00e9 durable accessible \u00e0 tous et constituent aujourd'hui un \u00e9l\u00e9ment essentiel de l'offre. Cela correspond parfaitement \u00e0 notre vision d'une ville solidaire. \u201d<\/p>\n\n\n\n<p class=\"wp-block-paragraph\">De plus, l'offre bruxelloise de v\u00e9los menace de s'appauvrir encore davantage. Il a d\u00e9j\u00e0 \u00e9t\u00e9 d\u00e9cid\u00e9 auparavant de laisser expirer la concession Villo !, tandis qu'un successeur \u00e0 part enti\u00e8re pourrait se faire attendre encore des ann\u00e9es. Si les v\u00e9los partag\u00e9s priv\u00e9s disparaissent \u00e9galement maintenant, il ne restera plus grand-chose de l'offre de v\u00e9los partag\u00e9s dans notre capitale. C'est difficile \u00e0 comprendre et, pour de nombreux Bruxellois, un constat frustrant.<\/p>\n\n\n\n<p class=\"wp-block-paragraph\"><strong>Sentiment de s\u00e9curit\u00e9 la nuit<\/strong><\/p>\n\n\n\n<p class=\"wp-block-paragraph\">Pour les socialistes, il y a en outre un autre aspect important : les v\u00e9los partag\u00e9s offrent \u00e0 de nombreuses filles et femmes bruxelloises un sentiment de s\u00e9curit\u00e9 lorsqu'elles se d\u00e9placent en ville le soir ou la nuit. Nous savons que le sentiment d'ins\u00e9curit\u00e9 est alors grand et que beaucoup d'entre elles pr\u00e9f\u00e8rent ne pas se d\u00e9placer \u00e0 pied. \u00c0 ces moments-l\u00e0, les v\u00e9los partag\u00e9s constituent souvent un moyen accessible et abordable pour rentrer chez soi en toute s\u00e9curit\u00e9.<\/p>\n\n\n\n<p class=\"wp-block-paragraph\">\u201c Nous continuons \u00e0 nous battre pour une vie nocturne de qualit\u00e9 \u00e0 Bruxelles. Cela implique \u00e9galement que tout le monde puisse rentre chez soi en toute s\u00e9curit\u00e9. Nous ne pouvons pas attendre des filles et des femmes qu'elles doivent \u00e0 chaque fois payer un taxi ou un Uber pour rentrer chez elles en toute s\u00e9curit\u00e9 apr\u00e8s une soir\u00e9e en ville. \u201d<\/p>\n\n\n\n<p class=\"wp-block-paragraph\">Vooruit.brussels esp\u00e8re donc que la ministre de la Mobilit\u00e9 Elke Van den Brandt (Groen) prendra ces pr\u00e9occupations au s\u00e9rieux lorsqu'elle s'entretiendra avec les op\u00e9rateurs dans les semaines \u00e0 venir. Dans ce contexte, Vooruit.brussels est dispos\u00e9 \u00e0 approuver un cadre juridique ou un r\u00e9gime de tol\u00e9rance temporaire permettant aux op\u00e9rateurs de maintenir les v\u00e9los partag\u00e9s.<\/p>","protected":false},"featured_media":4810,"template":"","categories":[],"class_list":["post-4809","nieuws","type-nieuws","status-publish","has-post-thumbnail","hentry"],"acf":[],"yoast_head":"<!-- This site is optimized with the Yoast SEO plugin v28.4 - https:\/\/yoast.com\/product\/yoast-seo-wordpress\/ -->\n<title>Vooruit.brussels\u00a0vraagt regering om deelfietsen in Brussel te behouden: &quot;Onmisbaar voor veel Brusselaars&quot; - Vooruit.brussels<\/title>\n<meta name=\"robots\" content=\"index, follow, max-snippet:-1, max-image-preview:large, max-video-preview:-1\" \/>\n<link rel=\"canonical\" href=\"https:\/\/vooruit.brussels\/fr\/nouvelles\/vooruit-brussels-demande-au-gouvernement-de-maintenir-les-velos-partages-a-bruxelles-indispensables-pour-de-nombreux-bruxellois\/\" \/>\n<meta property=\"og:locale\" content=\"fr_FR\" \/>\n<meta property=\"og:type\" content=\"article\" \/>\n<meta property=\"og:title\" content=\"Vooruit.brussels\u00a0vraagt regering om deelfietsen in Brussel te behouden: &quot;Onmisbaar voor veel Brusselaars&quot; - Vooruit.brussels\" \/>\n<meta property=\"og:description\" content=\"Vooruit.brussels&nbsp;vraagt de Brusselse regering om de deelfietsen in de hoofdstad te behouden. Donderdag werd bekendgemaakt dat de lopende vergunningen voor alle aanbieders van gedeelde micromobiliteit stopgezet moeten worden tegen 1 september 2026. Dat betekent dat naast de deelsteps ook de deelfietsen uit het straatbeeld zullen verdwijnen. &#8220;Deelfietsen zijn vandaag een essentieel onderdeel van de Brusselse [&hellip;]\" \/>\n<meta property=\"og:url\" content=\"https:\/\/vooruit.brussels\/fr\/nouvelles\/vooruit-brussels-demande-au-gouvernement-de-maintenir-les-velos-partages-a-bruxelles-indispensables-pour-de-nombreux-bruxellois\/\" \/>\n<meta property=\"og:site_name\" content=\"Vooruit.brussels\" \/>\n<meta property=\"article:modified_time\" content=\"2026-08-17T12:34:49+00:00\" \/>\n<meta property=\"og:image\" content=\"https:\/\/vooruit.brussels\/wp-content\/uploads\/2026\/08\/michael-myers-JhBq2X697b8-unsplash-scaled.jpg\" \/>\n\t<meta property=\"og:image:width\" content=\"2560\" \/>\n\t<meta property=\"og:image:height\" content=\"1707\" \/>\n\t<meta property=\"og:image:type\" content=\"image\/jpeg\" \/>\n<meta name=\"twitter:card\" content=\"summary_large_image\" \/>\n<meta name=\"twitter:label1\" content=\"Dur\u00e9e de lecture est.\" \/>\n\t<meta name=\"twitter:data1\" content=\"2 minutes\" \/>\n<script type=\"application\/ld+json\" class=\"yoast-schema-graph\">{\"@context\":\"https:\\\/\\\/schema.org\",\"@graph\":[{\"@type\":\"WebPage\",\"@id\":\"https:\\\/\\\/vooruit.brussels\\\/fr\\\/nouvelles\\\/vooruit-brussels-demande-au-gouvernement-de-maintenir-les-velos-partages-a-bruxelles-indispensables-pour-de-nombreux-bruxellois\\\/\",\"url\":\"https:\\\/\\\/vooruit.brussels\\\/fr\\\/nouvelles\\\/vooruit-brussels-demande-au-gouvernement-de-maintenir-les-velos-partages-a-bruxelles-indispensables-pour-de-nombreux-bruxellois\\\/\",\"name\":\"Vooruit.brussels\u00a0vraagt regering om deelfietsen in Brussel te behouden: \\\"Onmisbaar voor veel Brusselaars\\\" - Vooruit.brussels\",\"isPartOf\":{\"@id\":\"https:\\\/\\\/vooruit.brussels\\\/#website\"},\"primaryImageOfPage\":{\"@id\":\"https:\\\/\\\/vooruit.brussels\\\/fr\\\/nouvelles\\\/vooruit-brussels-demande-au-gouvernement-de-maintenir-les-velos-partages-a-bruxelles-indispensables-pour-de-nombreux-bruxellois\\\/#primaryimage\"},\"image\":{\"@id\":\"https:\\\/\\\/vooruit.brussels\\\/fr\\\/nouvelles\\\/vooruit-brussels-demande-au-gouvernement-de-maintenir-les-velos-partages-a-bruxelles-indispensables-pour-de-nombreux-bruxellois\\\/#primaryimage\"},\"thumbnailUrl\":\"https:\\\/\\\/vooruit.brussels\\\/wp-content\\\/uploads\\\/2026\\\/08\\\/michael-myers-JhBq2X697b8-unsplash-scaled.jpg\",\"datePublished\":\"2026-07-31T12:32:42+00:00\",\"dateModified\":\"2026-08-17T12:34:49+00:00\",\"breadcrumb\":{\"@id\":\"https:\\\/\\\/vooruit.brussels\\\/fr\\\/nouvelles\\\/vooruit-brussels-demande-au-gouvernement-de-maintenir-les-velos-partages-a-bruxelles-indispensables-pour-de-nombreux-bruxellois\\\/#breadcrumb\"},\"inLanguage\":\"fr-BE\",\"potentialAction\":[{\"@type\":\"ReadAction\",\"target\":[\"https:\\\/\\\/vooruit.brussels\\\/fr\\\/nouvelles\\\/vooruit-brussels-demande-au-gouvernement-de-maintenir-les-velos-partages-a-bruxelles-indispensables-pour-de-nombreux-bruxellois\\\/\"]}]},{\"@type\":\"ImageObject\",\"inLanguage\":\"fr-BE\",\"@id\":\"https:\\\/\\\/vooruit.brussels\\\/fr\\\/nouvelles\\\/vooruit-brussels-demande-au-gouvernement-de-maintenir-les-velos-partages-a-bruxelles-indispensables-pour-de-nombreux-bruxellois\\\/#primaryimage\",\"url\":\"https:\\\/\\\/vooruit.brussels\\\/wp-content\\\/uploads\\\/2026\\\/08\\\/michael-myers-JhBq2X697b8-unsplash-scaled.jpg\",\"contentUrl\":\"https:\\\/\\\/vooruit.brussels\\\/wp-content\\\/uploads\\\/2026\\\/08\\\/michael-myers-JhBq2X697b8-unsplash-scaled.jpg\",\"width\":2560,\"height\":1707},{\"@type\":\"BreadcrumbList\",\"@id\":\"https:\\\/\\\/vooruit.brussels\\\/fr\\\/nouvelles\\\/vooruit-brussels-demande-au-gouvernement-de-maintenir-les-velos-partages-a-bruxelles-indispensables-pour-de-nombreux-bruxellois\\\/#breadcrumb\",\"itemListElement\":[{\"@type\":\"ListItem\",\"position\":1,\"name\":\"Accueil\",\"item\":\"https:\\\/\\\/vooruit.brussels\\\/\"},{\"@type\":\"ListItem\",\"position\":2,\"name\":\"Nieuws\",\"item\":\"https:\\\/\\\/vooruit.brussels\\\/nieuws\\\/\"},{\"@type\":\"ListItem\",\"position\":3,\"name\":\"Vooruit.brussels\u00a0vraagt regering om deelfietsen in Brussel te behouden: &#8220;Onmisbaar voor veel Brusselaars&#8221;\"}]},{\"@type\":\"WebSite\",\"@id\":\"https:\\\/\\\/vooruit.brussels\\\/#website\",\"url\":\"https:\\\/\\\/vooruit.brussels\\\/\",\"name\":\"Vooruit.brussels\",\"description\":\"\",\"potentialAction\":[{\"@type\":\"SearchAction\",\"target\":{\"@type\":\"EntryPoint\",\"urlTemplate\":\"https:\\\/\\\/vooruit.brussels\\\/?s={search_term_string}\"},\"query-input\":{\"@type\":\"PropertyValueSpecification\",\"valueRequired\":true,\"valueName\":\"search_term_string\"}}],\"inLanguage\":\"fr-BE\"}]}<\/script>\n<!-- \/ Yoast SEO plugin. -->","yoast_head_json":{"title":"Vooruit.brussels demande au gouvernement de maintenir les v\u00e9los partag\u00e9s \u00e0 Bruxelles : \"Indispensables pour de nombreux Bruxellois\" - Vooruit.brussels","robots":{"index":"index","follow":"follow","max-snippet":"max-snippet:-1","max-image-preview":"max-image-preview:large","max-video-preview":"max-video-preview:-1"},"canonical":"https:\/\/vooruit.brussels\/fr\/nouvelles\/vooruit-brussels-demande-au-gouvernement-de-maintenir-les-velos-partages-a-bruxelles-indispensables-pour-de-nombreux-bruxellois\/","og_locale":"fr_FR","og_type":"article","og_title":"Vooruit.brussels\u00a0vraagt regering om deelfietsen in Brussel te behouden: \"Onmisbaar voor veel Brusselaars\" - Vooruit.brussels","og_description":"Vooruit.brussels&nbsp;vraagt de Brusselse regering om de deelfietsen in de hoofdstad te behouden. Donderdag werd bekendgemaakt dat de lopende vergunningen voor alle aanbieders van gedeelde micromobiliteit stopgezet moeten worden tegen 1 september 2026. Dat betekent dat naast de deelsteps ook de deelfietsen uit het straatbeeld zullen verdwijnen. &#8220;Deelfietsen zijn vandaag een essentieel onderdeel van de Brusselse [&hellip;]","og_url":"https:\/\/vooruit.brussels\/fr\/nouvelles\/vooruit-brussels-demande-au-gouvernement-de-maintenir-les-velos-partages-a-bruxelles-indispensables-pour-de-nombreux-bruxellois\/","og_site_name":"Vooruit.brussels","article_modified_time":"2026-08-17T12:34:49+00:00","og_image":[{"width":2560,"height":1707,"url":"https:\/\/vooruit.brussels\/wp-content\/uploads\/2026\/08\/michael-myers-JhBq2X697b8-unsplash-scaled.jpg","type":"image\/jpeg"}],"twitter_card":"summary_large_image","twitter_misc":{"Dur\u00e9e de lecture est.":"2 minutes"},"schema":{"@context":"https:\/\/schema.org","@graph":[{"@type":"WebPage","@id":"https:\/\/vooruit.brussels\/fr\/nouvelles\/vooruit-brussels-demande-au-gouvernement-de-maintenir-les-velos-partages-a-bruxelles-indispensables-pour-de-nombreux-bruxellois\/","url":"https:\/\/vooruit.brussels\/fr\/nouvelles\/vooruit-brussels-demande-au-gouvernement-de-maintenir-les-velos-partages-a-bruxelles-indispensables-pour-de-nombreux-bruxellois\/","name":"Vooruit.brussels demande au gouvernement de maintenir les v\u00e9los partag\u00e9s \u00e0 Bruxelles : \"Indispensables pour de nombreux Bruxellois\" - Vooruit.brussels","isPartOf":{"@id":"https:\/\/vooruit.brussels\/#website"},"primaryImageOfPage":{"@id":"https:\/\/vooruit.brussels\/fr\/nouvelles\/vooruit-brussels-demande-au-gouvernement-de-maintenir-les-velos-partages-a-bruxelles-indispensables-pour-de-nombreux-bruxellois\/#primaryimage"},"image":{"@id":"https:\/\/vooruit.brussels\/fr\/nouvelles\/vooruit-brussels-demande-au-gouvernement-de-maintenir-les-velos-partages-a-bruxelles-indispensables-pour-de-nombreux-bruxellois\/#primaryimage"},"thumbnailUrl":"https:\/\/vooruit.brussels\/wp-content\/uploads\/2026\/08\/michael-myers-JhBq2X697b8-unsplash-scaled.jpg","datePublished":"2026-07-31T12:32:42+00:00","dateModified":"2026-08-17T12:34:49+00:00","breadcrumb":{"@id":"https:\/\/vooruit.brussels\/fr\/nouvelles\/vooruit-brussels-demande-au-gouvernement-de-maintenir-les-velos-partages-a-bruxelles-indispensables-pour-de-nombreux-bruxellois\/#breadcrumb"},"inLanguage":"fr-BE","potentialAction":[{"@type":"ReadAction","target":["https:\/\/vooruit.brussels\/fr\/nouvelles\/vooruit-brussels-demande-au-gouvernement-de-maintenir-les-velos-partages-a-bruxelles-indispensables-pour-de-nombreux-bruxellois\/"]}]},{"@type":"ImageObject","inLanguage":"fr-BE","@id":"https:\/\/vooruit.brussels\/fr\/nouvelles\/vooruit-brussels-demande-au-gouvernement-de-maintenir-les-velos-partages-a-bruxelles-indispensables-pour-de-nombreux-bruxellois\/#primaryimage","url":"https:\/\/vooruit.brussels\/wp-content\/uploads\/2026\/08\/michael-myers-JhBq2X697b8-unsplash-scaled.jpg","contentUrl":"https:\/\/vooruit.brussels\/wp-content\/uploads\/2026\/08\/michael-myers-JhBq2X697b8-unsplash-scaled.jpg","width":2560,"height":1707},{"@type":"BreadcrumbList","@id":"https:\/\/vooruit.brussels\/fr\/nouvelles\/vooruit-brussels-demande-au-gouvernement-de-maintenir-les-velos-partages-a-bruxelles-indispensables-pour-de-nombreux-bruxellois\/#breadcrumb","itemListElement":[{"@type":"ListItem","position":1,"name":"Accueil","item":"https:\/\/vooruit.brussels\/"},{"@type":"ListItem","position":2,"name":"Nieuws","item":"https:\/\/vooruit.brussels\/nieuws\/"},{"@type":"ListItem","position":3,"name":"Vooruit.brussels\u00a0vraagt regering om deelfietsen in Brussel te behouden: &#8220;Onmisbaar voor veel Brusselaars&#8221;"}]},{"@type":"WebSite","@id":"https:\/\/vooruit.brussels\/#website","url":"https:\/\/vooruit.brussels\/","name":"Vooruit.brussels","description":"","potentialAction":[{"@type":"SearchAction","target":{"@type":"EntryPoint","urlTemplate":"https:\/\/vooruit.brussels\/?s={search_term_string}"},"query-input":{"@type":"PropertyValueSpecification","valueRequired":true,"valueName":"search_term_string"}}],"inLanguage":"fr-BE"}]}},"_links":{"self":[{"href":"https:\/\/vooruit.brussels\/fr\/wp-json\/wp\/v2\/nieuws\/4809","targetHints":{"allow":["GET"]}}],"collection":[{"href":"https:\/\/vooruit.brussels\/fr\/wp-json\/wp\/v2\/nieuws"}],"about":[{"href":"https:\/\/vooruit.brussels\/fr\/wp-json\/wp\/v2\/types\/nieuws"}],"wp:featuredmedia":[{"embeddable":true,"href":"https:\/\/vooruit.brussels\/fr\/wp-json\/wp\/v2\/media\/4810"}],"wp:attachment":[{"href":"https:\/\/vooruit.brussels\/fr\/wp-json\/wp\/v2\/media?parent=4809"}],"wp:term":[{"taxonomy":"category","embeddable":true,"href":"https:\/\/vooruit.brussels\/fr\/wp-json\/wp\/v2\/categories?post=4809"}],"curies":[{"name":"wp","href":"https:\/\/api.w.org\/{rel}","templated":true}]}}